{"version":"1.0","provider_name":"Bati Ermenistan Ve Bati Ermenileri Sorunlari Ara\u015ftirmalar Merkezi","provider_url":"https:\/\/akunq.net\/turkish","author_name":"kalem","author_url":"https:\/\/akunq.net\/turkish\/author\/kalem\/","title":"\u2018Affedersiniz Ermeni\u2019 i\u00e7in su\u00e7 duyurusu - Bati Ermenistan Ve Bati Ermenileri Sorunlari Ara\u015ftirmalar Merkezi","type":"rich","width":600,"height":338,"html":"<blockquote class=\"wp-embedded-content\" data-secret=\"gFeuRU4sQ6\"><a href=\"https:\/\/akunq.net\/turkish\/2014\/08\/07\/affedersiniz-ermeni-icin-suc-duyurusu\/\">\u2018Affedersiniz Ermeni\u2019 i\u00e7in su\u00e7 duyurusu<\/a><\/blockquote><iframe sandbox=\"allow-scripts\" security=\"restricted\" src=\"https:\/\/akunq.net\/turkish\/2014\/08\/07\/affedersiniz-ermeni-icin-suc-duyurusu\/embed\/#?secret=gFeuRU4sQ6\" width=\"600\" height=\"338\" title=\"&#8220;\u2018Affedersiniz Ermeni\u2019 i\u00e7in su\u00e7 duyurusu&#8221; &#8212; Bati Ermenistan Ve Bati Ermenileri Sorunlari Ara\u015ftirmalar Merkezi\" data-secret=\"gFeuRU4sQ6\" frameborder=\"0\" marginwidth=\"0\" marginheight=\"0\" scrolling=\"no\" class=\"wp-embedded-content\"><\/iframe><script>\n\/*! This file is auto-generated *\/\n!function(d,l){\"use strict\";l.querySelector&&d.addEventListener&&\"undefined\"!=typeof URL&&(d.wp=d.wp||{},d.wp.receiveEmbedMessage||(d.wp.receiveEmbedMessage=function(e){var t=e.data;if((t||t.secret||t.message||t.value)&&!\/[^a-zA-Z0-9]\/.test(t.secret)){for(var s,r,n,a=l.querySelectorAll('iframe[data-secret=\"'+t.secret+'\"]'),o=l.querySelectorAll('blockquote[data-secret=\"'+t.secret+'\"]'),c=new RegExp(\"^https?:$\",\"i\"),i=0;i<o.length;i++)o[i].style.display=\"none\";for(i=0;i<a.length;i++)s=a[i],e.source===s.contentWindow&&(s.removeAttribute(\"style\"),\"height\"===t.message?(1e3<(r=parseInt(t.value,10))?r=1e3:~~r<200&&(r=200),s.height=r):\"link\"===t.message&&(r=new URL(s.getAttribute(\"src\")),n=new URL(t.value),c.test(n.protocol))&&n.host===r.host&&l.activeElement===s&&(d.top.location.href=t.value))}},d.addEventListener(\"message\",d.wp.receiveEmbedMessage,!1),l.addEventListener(\"DOMContentLoaded\",function(){for(var e,t,s=l.querySelectorAll(\"iframe.wp-embedded-content\"),r=0;r<s.length;r++)(t=(e=s[r]).getAttribute(\"data-secret\"))||(t=Math.random().toString(36).substring(2,12),e.src+=\"#?secret=\"+t,e.setAttribute(\"data-secret\",t)),e.contentWindow.postMessage({message:\"ready\",secret:t},\"*\")},!1)))}(window,document);\n\/\/# sourceURL=https:\/\/akunq.net\/turkish\/wp-includes\/js\/wp-embed.min.js\n<\/script>\n","description":"Ba\u015fbakan Recep Tayyip Erdo\u011fan\u2019\u0131n, \u201cBenim i\u00e7in \u2018G\u00fcrc\u00fc\u2019 diyen oldu, affedersin, \u00e7ok daha \u00e7irkin \u015feylerle \u2018Ermeni\u2019 diyen oldu\u201d s\u00f6zlerine muhalefetten sert tepki geldi. CHP Kocaeli Milletvekili Hur\u015fit G\u00fcne\u015f, Erdo\u011fan\u2019\u0131n bu s\u00f6zleriyle nefret su\u00e7una giren beyanlarda bulundu\u011funu, halk\u0131 kin ve d\u00fc\u015fmanl\u0131\u011fa tahrik etti\u011fini belirterek, su\u00e7 duyurusunda bulundu. G\u00fcne\u015f, d\u00fcn Meclis\u2019te d\u00fczenledi\u011fi bas\u0131n toplant\u0131s\u0131nda, Ba\u015fbakan ve cumhurba\u015fkan\u0131 aday\u0131 [&hellip;]"}