{"version":"1.0","provider_name":"Bati Ermenistan Ve Bati Ermenileri Sorunlari Ara\u015ftirmalar Merkezi","provider_url":"https:\/\/akunq.net\/turkish","author_name":"kalem","author_url":"https:\/\/akunq.net\/turkish\/author\/kalem\/","title":"\u2018G\u00fcrc\u00fc daha \u00e7irkini Ermeni dediler\u2019 - Bati Ermenistan Ve Bati Ermenileri Sorunlari Ara\u015ftirmalar Merkezi","type":"rich","width":600,"height":338,"html":"<blockquote class=\"wp-embedded-content\" data-secret=\"mbKRtq5wbP\"><a href=\"https:\/\/akunq.net\/turkish\/2014\/08\/06\/gurcu-daha-cirkini-ermeni-dediler\/\">\u2018G\u00fcrc\u00fc daha \u00e7irkini Ermeni dediler\u2019<\/a><\/blockquote><iframe sandbox=\"allow-scripts\" security=\"restricted\" src=\"https:\/\/akunq.net\/turkish\/2014\/08\/06\/gurcu-daha-cirkini-ermeni-dediler\/embed\/#?secret=mbKRtq5wbP\" width=\"600\" height=\"338\" title=\"&#8220;\u2018G\u00fcrc\u00fc daha \u00e7irkini Ermeni dediler\u2019&#8221; &#8212; Bati Ermenistan Ve Bati Ermenileri Sorunlari Ara\u015ftirmalar Merkezi\" data-secret=\"mbKRtq5wbP\" frameborder=\"0\" marginwidth=\"0\" marginheight=\"0\" scrolling=\"no\" class=\"wp-embedded-content\"><\/iframe><script>\n\/*! This file is auto-generated *\/\n!function(d,l){\"use strict\";l.querySelector&&d.addEventListener&&\"undefined\"!=typeof URL&&(d.wp=d.wp||{},d.wp.receiveEmbedMessage||(d.wp.receiveEmbedMessage=function(e){var t=e.data;if((t||t.secret||t.message||t.value)&&!\/[^a-zA-Z0-9]\/.test(t.secret)){for(var s,r,n,a=l.querySelectorAll('iframe[data-secret=\"'+t.secret+'\"]'),o=l.querySelectorAll('blockquote[data-secret=\"'+t.secret+'\"]'),c=new RegExp(\"^https?:$\",\"i\"),i=0;i<o.length;i++)o[i].style.display=\"none\";for(i=0;i<a.length;i++)s=a[i],e.source===s.contentWindow&&(s.removeAttribute(\"style\"),\"height\"===t.message?(1e3<(r=parseInt(t.value,10))?r=1e3:~~r<200&&(r=200),s.height=r):\"link\"===t.message&&(r=new URL(s.getAttribute(\"src\")),n=new URL(t.value),c.test(n.protocol))&&n.host===r.host&&l.activeElement===s&&(d.top.location.href=t.value))}},d.addEventListener(\"message\",d.wp.receiveEmbedMessage,!1),l.addEventListener(\"DOMContentLoaded\",function(){for(var e,t,s=l.querySelectorAll(\"iframe.wp-embedded-content\"),r=0;r<s.length;r++)(t=(e=s[r]).getAttribute(\"data-secret\"))||(t=Math.random().toString(36).substring(2,12),e.src+=\"#?secret=\"+t,e.setAttribute(\"data-secret\",t)),e.contentWindow.postMessage({message:\"ready\",secret:t},\"*\")},!1)))}(window,document);\n\/\/# sourceURL=https:\/\/akunq.net\/turkish\/wp-includes\/js\/wp-embed.min.js\n<\/script>\n","description":"Erdo\u011fan canl\u0131 yay\u0131nda sorular\u0131 yan\u0131tl\u0131yor. Ba\u015fbakan Tayyip Erdo\u011fan Star ve NTV\u2019nin ortak yay\u0131n\u0131nda sorular\u0131 yan\u0131tlad\u0131. Ba\u015fbakan Erdo\u011fan bir mitinginde CHP Lideri Kemal K\u0131l\u0131\u00e7daro\u011flu ve HDP\u2019nin Cumhurba\u015fkan\u0131 Aday\u0131 Selahattin Demirta\u015f\u2019a \u201cK\u0131l\u0131\u00e7daro\u011flu sen alevisin ben s\u00fcnni. Bunu s\u00f6yle. Demirta\u015f sen de Zazas\u0131n. Bunu s\u00f6ylemekten korkma.\u201d s\u00f6zlerinin hat\u0131rlat\u0131lmas\u0131 \u00fczerine \u015funlar\u0131 dedi: \u201cB\u0131rak\u0131n T\u00fcrkiye\u2019de T\u00fcrk, T\u00fcrk oldu\u011funu K\u00fcrt K\u00fcrt [&hellip;]"}