{"version":"1.0","provider_name":"Bati Ermenistan Ve Bati Ermenileri Sorunlari Ara\u015ftirmalar Merkezi","provider_url":"https:\/\/akunq.net\/turkish","author_name":"kalem","author_url":"https:\/\/akunq.net\/turkish\/author\/kalem\/","title":"Van\u2019da Gerginlik - Bati Ermenistan Ve Bati Ermenileri Sorunlari Ara\u015ftirmalar Merkezi","type":"rich","width":600,"height":338,"html":"<blockquote class=\"wp-embedded-content\" data-secret=\"oWdnEVeJeD\"><a href=\"https:\/\/akunq.net\/turkish\/2014\/08\/02\/vanda-gerginlik\/\">Van\u2019da Gerginlik<\/a><\/blockquote><iframe sandbox=\"allow-scripts\" security=\"restricted\" src=\"https:\/\/akunq.net\/turkish\/2014\/08\/02\/vanda-gerginlik\/embed\/#?secret=oWdnEVeJeD\" width=\"600\" height=\"338\" title=\"&#8220;Van\u2019da Gerginlik&#8221; &#8212; Bati Ermenistan Ve Bati Ermenileri Sorunlari Ara\u015ftirmalar Merkezi\" data-secret=\"oWdnEVeJeD\" frameborder=\"0\" marginwidth=\"0\" marginheight=\"0\" scrolling=\"no\" class=\"wp-embedded-content\"><\/iframe><script>\n\/*! This file is auto-generated *\/\n!function(d,l){\"use strict\";l.querySelector&&d.addEventListener&&\"undefined\"!=typeof URL&&(d.wp=d.wp||{},d.wp.receiveEmbedMessage||(d.wp.receiveEmbedMessage=function(e){var t=e.data;if((t||t.secret||t.message||t.value)&&!\/[^a-zA-Z0-9]\/.test(t.secret)){for(var s,r,n,a=l.querySelectorAll('iframe[data-secret=\"'+t.secret+'\"]'),o=l.querySelectorAll('blockquote[data-secret=\"'+t.secret+'\"]'),c=new RegExp(\"^https?:$\",\"i\"),i=0;i<o.length;i++)o[i].style.display=\"none\";for(i=0;i<a.length;i++)s=a[i],e.source===s.contentWindow&&(s.removeAttribute(\"style\"),\"height\"===t.message?(1e3<(r=parseInt(t.value,10))?r=1e3:~~r<200&&(r=200),s.height=r):\"link\"===t.message&&(r=new URL(s.getAttribute(\"src\")),n=new URL(t.value),c.test(n.protocol))&&n.host===r.host&&l.activeElement===s&&(d.top.location.href=t.value))}},d.addEventListener(\"message\",d.wp.receiveEmbedMessage,!1),l.addEventListener(\"DOMContentLoaded\",function(){for(var e,t,s=l.querySelectorAll(\"iframe.wp-embedded-content\"),r=0;r<s.length;r++)(t=(e=s[r]).getAttribute(\"data-secret\"))||(t=Math.random().toString(36).substring(2,12),e.src+=\"#?secret=\"+t,e.setAttribute(\"data-secret\",t)),e.contentWindow.postMessage({message:\"ready\",secret:t},\"*\")},!1)))}(window,document);\n\/\/# sourceURL=https:\/\/akunq.net\/turkish\/wp-includes\/js\/wp-embed.min.js\n<\/script>\n","description":"Erdo\u011fan\u2019\u0131n Van\u2019a geli\u015finin ard\u0131ndan Cumhuriyet Caddesi \u00fczerinde gerginlik ya\u015fand\u0131. HDP\u2019nin cumhurba\u015fkan\u0131 aday\u0131 Selahattin Demirta\u015f\u2019\u0131n cadde \u00fczerinde bulunan se\u00e7im b\u00fcrosu \u00f6n\u00fcnde toplanan 600-700 ki\u015filik bir grup slogan atmaya ba\u015flad\u0131. Protestocu kalabal\u0131k, \u00e7evrede geni\u015f g\u00fcvenlik \u00f6nlemi alan polislerin bulundu\u011fu b\u00f6lgeye zaman zaman ta\u015f att\u0131. Polisler sadece kalkan kulanarak gelen ta\u015flardan korunurken, herhangi bir m\u00fcdahale olmad\u0131. Mitingden sonra [&hellip;]"}