{"version":"1.0","provider_name":"Bati Ermenistan Ve Bati Ermenileri Sorunlari Ara\u015ftirmalar Merkezi","provider_url":"https:\/\/akunq.net\/turkish","author_name":"kalem","author_url":"https:\/\/akunq.net\/turkish\/author\/kalem\/","title":"\u2018T\u00fcrkiye Ermeni Soyk\u0131r\u0131m\u0131 ile y\u00fczle\u015fmeden huzura kavu\u015famaz\u2019 - Bati Ermenistan Ve Bati Ermenileri Sorunlari Ara\u015ftirmalar Merkezi","type":"rich","width":600,"height":338,"html":"<blockquote class=\"wp-embedded-content\" data-secret=\"3zd7KQdSRX\"><a href=\"https:\/\/akunq.net\/turkish\/2014\/07\/31\/turkiye-ermeni-soykirimi-ile-yuzlesmeden-huzura-kavusamaz\/\">\u2018T\u00fcrkiye Ermeni Soyk\u0131r\u0131m\u0131 ile y\u00fczle\u015fmeden huzura kavu\u015famaz\u2019<\/a><\/blockquote><iframe sandbox=\"allow-scripts\" security=\"restricted\" src=\"https:\/\/akunq.net\/turkish\/2014\/07\/31\/turkiye-ermeni-soykirimi-ile-yuzlesmeden-huzura-kavusamaz\/embed\/#?secret=3zd7KQdSRX\" width=\"600\" height=\"338\" title=\"&#8220;\u2018T\u00fcrkiye Ermeni Soyk\u0131r\u0131m\u0131 ile y\u00fczle\u015fmeden huzura kavu\u015famaz\u2019&#8221; &#8212; Bati Ermenistan Ve Bati Ermenileri Sorunlari Ara\u015ftirmalar Merkezi\" data-secret=\"3zd7KQdSRX\" frameborder=\"0\" marginwidth=\"0\" marginheight=\"0\" scrolling=\"no\" class=\"wp-embedded-content\"><\/iframe><script>\n\/*! This file is auto-generated *\/\n!function(d,l){\"use strict\";l.querySelector&&d.addEventListener&&\"undefined\"!=typeof URL&&(d.wp=d.wp||{},d.wp.receiveEmbedMessage||(d.wp.receiveEmbedMessage=function(e){var t=e.data;if((t||t.secret||t.message||t.value)&&!\/[^a-zA-Z0-9]\/.test(t.secret)){for(var s,r,n,a=l.querySelectorAll('iframe[data-secret=\"'+t.secret+'\"]'),o=l.querySelectorAll('blockquote[data-secret=\"'+t.secret+'\"]'),c=new RegExp(\"^https?:$\",\"i\"),i=0;i<o.length;i++)o[i].style.display=\"none\";for(i=0;i<a.length;i++)s=a[i],e.source===s.contentWindow&&(s.removeAttribute(\"style\"),\"height\"===t.message?(1e3<(r=parseInt(t.value,10))?r=1e3:~~r<200&&(r=200),s.height=r):\"link\"===t.message&&(r=new URL(s.getAttribute(\"src\")),n=new URL(t.value),c.test(n.protocol))&&n.host===r.host&&l.activeElement===s&&(d.top.location.href=t.value))}},d.addEventListener(\"message\",d.wp.receiveEmbedMessage,!1),l.addEventListener(\"DOMContentLoaded\",function(){for(var e,t,s=l.querySelectorAll(\"iframe.wp-embedded-content\"),r=0;r<s.length;r++)(t=(e=s[r]).getAttribute(\"data-secret\"))||(t=Math.random().toString(36).substring(2,12),e.src+=\"#?secret=\"+t,e.setAttribute(\"data-secret\",t)),e.contentWindow.postMessage({message:\"ready\",secret:t},\"*\")},!1)))}(window,document);\n\/\/# sourceURL=https:\/\/akunq.net\/turkish\/wp-includes\/js\/wp-embed.min.js\n<\/script>\n","description":"FERDA BALANCAR Hayat\u0131n\u0131n son 12 y\u0131l\u0131n\u0131 T\u00fcrkiye, Suriye, Pakistan ve Filistin\u2019de ge\u00e7iren misyoner Sebastian James\u2019in k\u0131sa s\u00fcre \u00f6nce \u2018Beklenen Uyan\u0131\u015f\u2019 ad\u0131yla yay\u0131mlanan kitab\u0131, ba\u015fta Protestan camias\u0131 olmak \u00fczere T\u00fcrkiye\u2019deki H\u0131ristiyan cemaatlerinde tart\u0131\u015fma yaratt\u0131. Sebastian James, ABD Arizona do\u011fumlu, 36 ya\u015f\u0131nda H\u0131ristiyan bir misyoner. Hayat\u0131n\u0131n son 12 y\u0131l\u0131n\u0131 T\u00fcrkiye, Suriye, Pakistan ve Filistin\u2019de kendi deyimiyle \u201c\u0130ncil\u2019i [&hellip;]","thumbnail_url":"https:\/\/akunq.net\/turkish\/wp-content\/uploads\/sites\/5\/2014\/07\/Sebastian-James.jpg","thumbnail_width":550,"thumbnail_height":369}