{"version":"1.0","provider_name":"Bati Ermenistan Ve Bati Ermenileri Sorunlari Ara\u015ftirmalar Merkezi","provider_url":"https:\/\/akunq.net\/turkish","author_name":"kalem","author_url":"https:\/\/akunq.net\/turkish\/author\/kalem\/","title":"Ermenistan\u2019da Komitas M\u00fcze-Enstit\u00fcs\u00fc kurulacakt\u0131r - Bati Ermenistan Ve Bati Ermenileri Sorunlari Ara\u015ftirmalar Merkezi","type":"rich","width":600,"height":338,"html":"<blockquote class=\"wp-embedded-content\" data-secret=\"0wzgcK4G1F\"><a href=\"https:\/\/akunq.net\/turkish\/2014\/07\/26\/ermenistanda-komitas-muze-enstitusu-kurulacaktir\/\">Ermenistan\u2019da Komitas M\u00fcze-Enstit\u00fcs\u00fc kurulacakt\u0131r<\/a><\/blockquote><iframe sandbox=\"allow-scripts\" security=\"restricted\" src=\"https:\/\/akunq.net\/turkish\/2014\/07\/26\/ermenistanda-komitas-muze-enstitusu-kurulacaktir\/embed\/#?secret=0wzgcK4G1F\" width=\"600\" height=\"338\" title=\"&#8220;Ermenistan\u2019da Komitas M\u00fcze-Enstit\u00fcs\u00fc kurulacakt\u0131r&#8221; &#8212; Bati Ermenistan Ve Bati Ermenileri Sorunlari Ara\u015ftirmalar Merkezi\" data-secret=\"0wzgcK4G1F\" frameborder=\"0\" marginwidth=\"0\" marginheight=\"0\" scrolling=\"no\" class=\"wp-embedded-content\"><\/iframe><script>\n\/*! This file is auto-generated *\/\n!function(d,l){\"use strict\";l.querySelector&&d.addEventListener&&\"undefined\"!=typeof URL&&(d.wp=d.wp||{},d.wp.receiveEmbedMessage||(d.wp.receiveEmbedMessage=function(e){var t=e.data;if((t||t.secret||t.message||t.value)&&!\/[^a-zA-Z0-9]\/.test(t.secret)){for(var s,r,n,a=l.querySelectorAll('iframe[data-secret=\"'+t.secret+'\"]'),o=l.querySelectorAll('blockquote[data-secret=\"'+t.secret+'\"]'),c=new RegExp(\"^https?:$\",\"i\"),i=0;i<o.length;i++)o[i].style.display=\"none\";for(i=0;i<a.length;i++)s=a[i],e.source===s.contentWindow&&(s.removeAttribute(\"style\"),\"height\"===t.message?(1e3<(r=parseInt(t.value,10))?r=1e3:~~r<200&&(r=200),s.height=r):\"link\"===t.message&&(r=new URL(s.getAttribute(\"src\")),n=new URL(t.value),c.test(n.protocol))&&n.host===r.host&&l.activeElement===s&&(d.top.location.href=t.value))}},d.addEventListener(\"message\",d.wp.receiveEmbedMessage,!1),l.addEventListener(\"DOMContentLoaded\",function(){for(var e,t,s=l.querySelectorAll(\"iframe.wp-embedded-content\"),r=0;r<s.length;r++)(t=(e=s[r]).getAttribute(\"data-secret\"))||(t=Math.random().toString(36).substring(2,12),e.src+=\"#?secret=\"+t,e.setAttribute(\"data-secret\",t)),e.contentWindow.postMessage({message:\"ready\",secret:t},\"*\")},!1)))}(window,document);\n\/\/# sourceURL=https:\/\/akunq.net\/turkish\/wp-includes\/js\/wp-embed.min.js\n<\/script>\n","description":"\u0130lgili karar Bakanlar Kurulu\u2019nun 24 Temmuz tarihli oturumunda kabul edildi.\u00a0M\u00fcze, \u00fcnl\u00fc Ermeni kompozit\u00f6r\u00fcn yap\u0131tlar\u0131n\u0131n ara\u015ft\u0131r\u0131lmas\u0131 ve tan\u0131t\u0131lmas\u0131yla u\u011fra\u015facak. M\u00fcze ayn\u0131 zamanda gen\u00e7 kompozit\u00f6rler i\u00e7in \u00e7al\u0131\u015fma ko\u015fullar yaratacak.\u00a0Komitas\u2019\u0131n yap\u0131tlar\u0131 ve \u015fahsi e\u015fyalar\u0131n\u0131n bu g\u00fcne dek farkl\u0131 kurulu\u015flar\u0131n ar\u015fiv ve depolar\u0131nda bulundu\u011funu kaydedelim. Komitas\u2019\u0131n eserlerinin b\u00fcy\u00fck k\u0131sm\u0131 \u015fahsi \u2033Royal\u2033 piyanosu da dahil olmak \u00fczere \u00abYeghi\u015fe \u00c7arents\u00bb Edebiyat [&hellip;]","thumbnail_url":"https:\/\/akunq.net\/turkish\/wp-content\/uploads\/sites\/5\/2014\/07\/Komitas.jpg","thumbnail_width":304,"thumbnail_height":229}