{"version":"1.0","provider_name":"Bati Ermenistan Ve Bati Ermenileri Sorunlari Ara\u015ftirmalar Merkezi","provider_url":"https:\/\/akunq.net\/turkish","author_name":"kalem","author_url":"https:\/\/akunq.net\/turkish\/author\/kalem\/","title":"\u00c7ankaya adaylar\u0131n\u0131n g\u00f6z\u00fcyle Ermeniler - Bati Ermenistan Ve Bati Ermenileri Sorunlari Ara\u015ftirmalar Merkezi","type":"rich","width":600,"height":338,"html":"<blockquote class=\"wp-embedded-content\" data-secret=\"nUoloJal3W\"><a href=\"https:\/\/akunq.net\/turkish\/2014\/07\/22\/cankaya-adaylarinin-gozuyle-ermeniler\/\">\u00c7ankaya adaylar\u0131n\u0131n g\u00f6z\u00fcyle Ermeniler<\/a><\/blockquote><iframe sandbox=\"allow-scripts\" security=\"restricted\" src=\"https:\/\/akunq.net\/turkish\/2014\/07\/22\/cankaya-adaylarinin-gozuyle-ermeniler\/embed\/#?secret=nUoloJal3W\" width=\"600\" height=\"338\" title=\"&#8220;\u00c7ankaya adaylar\u0131n\u0131n g\u00f6z\u00fcyle Ermeniler&#8221; &#8212; Bati Ermenistan Ve Bati Ermenileri Sorunlari Ara\u015ftirmalar Merkezi\" data-secret=\"nUoloJal3W\" frameborder=\"0\" marginwidth=\"0\" marginheight=\"0\" scrolling=\"no\" class=\"wp-embedded-content\"><\/iframe><script>\n\/*! This file is auto-generated *\/\n!function(d,l){\"use strict\";l.querySelector&&d.addEventListener&&\"undefined\"!=typeof URL&&(d.wp=d.wp||{},d.wp.receiveEmbedMessage||(d.wp.receiveEmbedMessage=function(e){var t=e.data;if((t||t.secret||t.message||t.value)&&!\/[^a-zA-Z0-9]\/.test(t.secret)){for(var s,r,n,a=l.querySelectorAll('iframe[data-secret=\"'+t.secret+'\"]'),o=l.querySelectorAll('blockquote[data-secret=\"'+t.secret+'\"]'),c=new RegExp(\"^https?:$\",\"i\"),i=0;i<o.length;i++)o[i].style.display=\"none\";for(i=0;i<a.length;i++)s=a[i],e.source===s.contentWindow&&(s.removeAttribute(\"style\"),\"height\"===t.message?(1e3<(r=parseInt(t.value,10))?r=1e3:~~r<200&&(r=200),s.height=r):\"link\"===t.message&&(r=new URL(s.getAttribute(\"src\")),n=new URL(t.value),c.test(n.protocol))&&n.host===r.host&&l.activeElement===s&&(d.top.location.href=t.value))}},d.addEventListener(\"message\",d.wp.receiveEmbedMessage,!1),l.addEventListener(\"DOMContentLoaded\",function(){for(var e,t,s=l.querySelectorAll(\"iframe.wp-embedded-content\"),r=0;r<s.length;r++)(t=(e=s[r]).getAttribute(\"data-secret\"))||(t=Math.random().toString(36).substring(2,12),e.src+=\"#?secret=\"+t,e.setAttribute(\"data-secret\",t)),e.contentWindow.postMessage({message:\"ready\",secret:t},\"*\")},!1)))}(window,document);\n\/\/# sourceURL=https:\/\/akunq.net\/turkish\/wp-includes\/js\/wp-embed.min.js\n<\/script>\n","description":"Cumhurba\u015fkanl\u0131\u011f\u0131 se\u00e7ine g\u00fcnler kala, \u00fc\u00e7 cumhurba\u015fkan\u0131 aday\u0131n\u0131n az\u0131nl\u0131klar ve Ermeni Soyk\u0131r\u0131m\u0131 hakk\u0131ndaki s\u00f6ylemlerinin foto\u011fraf\u0131n\u0131 \u00e7ektik. EL\u0130F ATALAY \u2018M\u00fcsl\u00fcman soyk\u0131r\u0131m yapmaz\u2019dan Taziye\u2019ye giden yolda Erdo\u011fan 12. Cumhurba\u015fkan\u0131 se\u00e7ilmek i\u00e7in aday olan Erdo\u011fan, gayrim\u00fcslim az\u0131nl\u0131klar\u0131n baz\u0131 \u00f6nemli kazan\u0131mlar\u0131n\u0131n alt\u0131nda imzas\u0131 olan bir isim. Bunlar\u0131n ba\u015f\u0131nda, cemaat vak\u0131flar\u0131n\u0131n m\u00fclklerinin k\u0131smi iadesini \u00f6ng\u00f6ren kanun h\u00fckm\u00fcnde kararname var. Cumhurba\u015fkanl\u0131\u011f\u0131 adayl\u0131\u011f\u0131 [&hellip;]"}