{"version":"1.0","provider_name":"Bati Ermenistan Ve Bati Ermenileri Sorunlari Ara\u015ftirmalar Merkezi","provider_url":"https:\/\/akunq.net\/turkish","author_name":"kalem","author_url":"https:\/\/akunq.net\/turkish\/author\/kalem\/","title":"24 Nisan: Ermeni Soyk\u0131r\u0131m\u0131'n\u0131n kurbanlar\u0131n\u0131 binlerce ki\u015fi and\u0131 - Bati Ermenistan Ve Bati Ermenileri Sorunlari Ara\u015ftirmalar Merkezi","type":"rich","width":600,"height":338,"html":"<blockquote class=\"wp-embedded-content\" data-secret=\"bcpXleoblt\"><a href=\"https:\/\/akunq.net\/turkish\/2014\/04\/28\/24-nisan-ermeni-soykiriminin-kurbanlarini-binlerce-kisi-andi\/\">24 Nisan: Ermeni Soyk\u0131r\u0131m\u0131&#8217;n\u0131n kurbanlar\u0131n\u0131 binlerce ki\u015fi and\u0131<\/a><\/blockquote><iframe sandbox=\"allow-scripts\" security=\"restricted\" src=\"https:\/\/akunq.net\/turkish\/2014\/04\/28\/24-nisan-ermeni-soykiriminin-kurbanlarini-binlerce-kisi-andi\/embed\/#?secret=bcpXleoblt\" width=\"600\" height=\"338\" title=\"&#8220;24 Nisan: Ermeni Soyk\u0131r\u0131m\u0131&#8217;n\u0131n kurbanlar\u0131n\u0131 binlerce ki\u015fi and\u0131&#8221; &#8212; Bati Ermenistan Ve Bati Ermenileri Sorunlari Ara\u015ftirmalar Merkezi\" data-secret=\"bcpXleoblt\" frameborder=\"0\" marginwidth=\"0\" marginheight=\"0\" scrolling=\"no\" class=\"wp-embedded-content\"><\/iframe><script>\n\/*! This file is auto-generated *\/\n!function(d,l){\"use strict\";l.querySelector&&d.addEventListener&&\"undefined\"!=typeof URL&&(d.wp=d.wp||{},d.wp.receiveEmbedMessage||(d.wp.receiveEmbedMessage=function(e){var t=e.data;if((t||t.secret||t.message||t.value)&&!\/[^a-zA-Z0-9]\/.test(t.secret)){for(var s,r,n,a=l.querySelectorAll('iframe[data-secret=\"'+t.secret+'\"]'),o=l.querySelectorAll('blockquote[data-secret=\"'+t.secret+'\"]'),c=new RegExp(\"^https?:$\",\"i\"),i=0;i<o.length;i++)o[i].style.display=\"none\";for(i=0;i<a.length;i++)s=a[i],e.source===s.contentWindow&&(s.removeAttribute(\"style\"),\"height\"===t.message?(1e3<(r=parseInt(t.value,10))?r=1e3:~~r<200&&(r=200),s.height=r):\"link\"===t.message&&(r=new URL(s.getAttribute(\"src\")),n=new URL(t.value),c.test(n.protocol))&&n.host===r.host&&l.activeElement===s&&(d.top.location.href=t.value))}},d.addEventListener(\"message\",d.wp.receiveEmbedMessage,!1),l.addEventListener(\"DOMContentLoaded\",function(){for(var e,t,s=l.querySelectorAll(\"iframe.wp-embedded-content\"),r=0;r<s.length;r++)(t=(e=s[r]).getAttribute(\"data-secret\"))||(t=Math.random().toString(36).substring(2,12),e.src+=\"#?secret=\"+t,e.setAttribute(\"data-secret\",t)),e.contentWindow.postMessage({message:\"ready\",secret:t},\"*\")},!1)))}(window,document);\n\/\/# sourceURL=https:\/\/akunq.net\/turkish\/wp-includes\/js\/wp-embed.min.js\n<\/script>\n","description":"1915&#8217;te ger\u00e7ekle\u015ftirilen Ermeni Soyk\u0131r\u0131m\u0131&#8217;n\u0131n ba\u015flang\u0131c\u0131 kabul edilen 24 Nisan&#8217;\u0131n 99. y\u0131l d\u00f6n\u00fcm\u00fcnde, bug\u00fcn \u0130stanbul ba\u015fta olmak \u00fczere bir\u00e7ok yerde yap\u0131lan anmalarla, soyk\u0131r\u0131m kurbanlar\u0131 an\u0131ld\u0131. \u0130stanbul&#8217;daki anmalar\u0131n ilki sabah saat 10:00&#8217;da Haydarpa\u015fa Gar\u0131&#8217;nda, 1915&#8217;te s\u00fcrg\u00fcne g\u00f6nderilen Ermeni ayd\u0131nlar\u0131 i\u00e7in yap\u0131ld\u0131. 13:00&#8217;te ise Sevag \u015eahin Bal\u0131k\u00e7\u0131&#8217;n\u0131n mezar\u0131 ba\u015f\u0131nda bir anma ger\u00e7ekle\u015ftirildi. \u0130stanbul&#8217;da Taksim, Ankara&#8217;da Y\u00fcksel Caddesi ve [&hellip;]"}