{"version":"1.0","provider_name":"Bati Ermenistan Ve Bati Ermenileri Sorunlari Ara\u015ftirmalar Merkezi","provider_url":"https:\/\/akunq.net\/turkish","author_name":"kalem","author_url":"https:\/\/akunq.net\/turkish\/author\/kalem\/","title":"Hollande, Ba\u015fbakan Erdo\u011fan'\u0131n taziye mesaj\u0131n\u0131 ele\u015ftirdi - Bati Ermenistan Ve Bati Ermenileri Sorunlari Ara\u015ftirmalar Merkezi","type":"rich","width":600,"height":338,"html":"<blockquote class=\"wp-embedded-content\" data-secret=\"xiYx484G3X\"><a href=\"https:\/\/akunq.net\/turkish\/2014\/04\/25\/hollande-basbakan-erdoganin-taziye-mesajini-elestirdi\/\">Hollande, Ba\u015fbakan Erdo\u011fan&#8217;\u0131n taziye mesaj\u0131n\u0131 ele\u015ftirdi<\/a><\/blockquote><iframe sandbox=\"allow-scripts\" security=\"restricted\" src=\"https:\/\/akunq.net\/turkish\/2014\/04\/25\/hollande-basbakan-erdoganin-taziye-mesajini-elestirdi\/embed\/#?secret=xiYx484G3X\" width=\"600\" height=\"338\" title=\"&#8220;Hollande, Ba\u015fbakan Erdo\u011fan&#8217;\u0131n taziye mesaj\u0131n\u0131 ele\u015ftirdi&#8221; &#8212; Bati Ermenistan Ve Bati Ermenileri Sorunlari Ara\u015ftirmalar Merkezi\" data-secret=\"xiYx484G3X\" frameborder=\"0\" marginwidth=\"0\" marginheight=\"0\" scrolling=\"no\" class=\"wp-embedded-content\"><\/iframe><script>\n\/*! This file is auto-generated *\/\n!function(d,l){\"use strict\";l.querySelector&&d.addEventListener&&\"undefined\"!=typeof URL&&(d.wp=d.wp||{},d.wp.receiveEmbedMessage||(d.wp.receiveEmbedMessage=function(e){var t=e.data;if((t||t.secret||t.message||t.value)&&!\/[^a-zA-Z0-9]\/.test(t.secret)){for(var s,r,n,a=l.querySelectorAll('iframe[data-secret=\"'+t.secret+'\"]'),o=l.querySelectorAll('blockquote[data-secret=\"'+t.secret+'\"]'),c=new RegExp(\"^https?:$\",\"i\"),i=0;i<o.length;i++)o[i].style.display=\"none\";for(i=0;i<a.length;i++)s=a[i],e.source===s.contentWindow&&(s.removeAttribute(\"style\"),\"height\"===t.message?(1e3<(r=parseInt(t.value,10))?r=1e3:~~r<200&&(r=200),s.height=r):\"link\"===t.message&&(r=new URL(s.getAttribute(\"src\")),n=new URL(t.value),c.test(n.protocol))&&n.host===r.host&&l.activeElement===s&&(d.top.location.href=t.value))}},d.addEventListener(\"message\",d.wp.receiveEmbedMessage,!1),l.addEventListener(\"DOMContentLoaded\",function(){for(var e,t,s=l.querySelectorAll(\"iframe.wp-embedded-content\"),r=0;r<s.length;r++)(t=(e=s[r]).getAttribute(\"data-secret\"))||(t=Math.random().toString(36).substring(2,12),e.src+=\"#?secret=\"+t,e.setAttribute(\"data-secret\",t)),e.contentWindow.postMessage({message:\"ready\",secret:t},\"*\")},!1)))}(window,document);\n\/\/# sourceURL=https:\/\/akunq.net\/turkish\/wp-includes\/js\/wp-embed.min.js\n<\/script>\n","description":"Fransa Cumhurba\u015fkan\u0131 Fran\u00e7ois Hollande, Ba\u015fbakan Recep Tayyip Erdo\u011fan&#8217;\u0131n Ermenilere y\u00f6nelik yay\u0131mlad\u0131\u011f\u0131 taziye mesaj\u0131n\u0131 yetersiz buldu\u011funu s\u00f6yledi. Fransa Cumhurba\u015fkan\u0131 Hollande, Paris\u2019te Ermeni Diasporas\u0131\u2019n\u0131n d\u00fczenledi\u011fi 1915 Ermeni soyk\u0131r\u0131m\u0131 anma t\u00f6renine kat\u0131ld\u0131. Seine Nehri kenar\u0131na 2003 y\u0131l\u0131nda dikilen Komitas An\u0131t\u0131 \u00f6n\u00fcndeki t\u00f6rende k\u0131sa bir konu\u015fma yapan Hollande, Ermeni soyk\u0131r\u0131m\u0131nda hayat\u0131n\u0131 kaybedenlerin akrabalar\u0131na ba\u015fsa\u011fl\u0131\u011f\u0131 dilerken, 100. y\u0131l anma t\u00f6renine [&hellip;]"}