{"version":"1.0","provider_name":"Bati Ermenistan Ve Bati Ermenileri Sorunlari Ara\u015ftirmalar Merkezi","provider_url":"https:\/\/akunq.net\/turkish","author_name":"kalem","author_url":"https:\/\/akunq.net\/turkish\/author\/kalem\/","title":"Karin Karaka\u015fl\u0131 yazd\u0131: Gizli \u00f6zne olarak soyk\u0131r\u0131m - Bati Ermenistan Ve Bati Ermenileri Sorunlari Ara\u015ftirmalar Merkezi","type":"rich","width":600,"height":338,"html":"<blockquote class=\"wp-embedded-content\" data-secret=\"DwScCrgi1h\"><a href=\"https:\/\/akunq.net\/turkish\/2014\/02\/11\/karin-karakasli-yazdi-gizli-ozne-olarak-soykirim\/\">Karin Karaka\u015fl\u0131 yazd\u0131: Gizli \u00f6zne olarak soyk\u0131r\u0131m<\/a><\/blockquote><iframe sandbox=\"allow-scripts\" security=\"restricted\" src=\"https:\/\/akunq.net\/turkish\/2014\/02\/11\/karin-karakasli-yazdi-gizli-ozne-olarak-soykirim\/embed\/#?secret=DwScCrgi1h\" width=\"600\" height=\"338\" title=\"&#8220;Karin Karaka\u015fl\u0131 yazd\u0131: Gizli \u00f6zne olarak soyk\u0131r\u0131m&#8221; &#8212; Bati Ermenistan Ve Bati Ermenileri Sorunlari Ara\u015ftirmalar Merkezi\" data-secret=\"DwScCrgi1h\" frameborder=\"0\" marginwidth=\"0\" marginheight=\"0\" scrolling=\"no\" class=\"wp-embedded-content\"><\/iframe><script>\n\/*! This file is auto-generated *\/\n!function(d,l){\"use strict\";l.querySelector&&d.addEventListener&&\"undefined\"!=typeof URL&&(d.wp=d.wp||{},d.wp.receiveEmbedMessage||(d.wp.receiveEmbedMessage=function(e){var t=e.data;if((t||t.secret||t.message||t.value)&&!\/[^a-zA-Z0-9]\/.test(t.secret)){for(var s,r,n,a=l.querySelectorAll('iframe[data-secret=\"'+t.secret+'\"]'),o=l.querySelectorAll('blockquote[data-secret=\"'+t.secret+'\"]'),c=new RegExp(\"^https?:$\",\"i\"),i=0;i<o.length;i++)o[i].style.display=\"none\";for(i=0;i<a.length;i++)s=a[i],e.source===s.contentWindow&&(s.removeAttribute(\"style\"),\"height\"===t.message?(1e3<(r=parseInt(t.value,10))?r=1e3:~~r<200&&(r=200),s.height=r):\"link\"===t.message&&(r=new URL(s.getAttribute(\"src\")),n=new URL(t.value),c.test(n.protocol))&&n.host===r.host&&l.activeElement===s&&(d.top.location.href=t.value))}},d.addEventListener(\"message\",d.wp.receiveEmbedMessage,!1),l.addEventListener(\"DOMContentLoaded\",function(){for(var e,t,s=l.querySelectorAll(\"iframe.wp-embedded-content\"),r=0;r<s.length;r++)(t=(e=s[r]).getAttribute(\"data-secret\"))||(t=Math.random().toString(36).substring(2,12),e.src+=\"#?secret=\"+t,e.setAttribute(\"data-secret\",t)),e.contentWindow.postMessage({message:\"ready\",secret:t},\"*\")},!1)))}(window,document);\n\/\/# sourceURL=https:\/\/akunq.net\/turkish\/wp-includes\/js\/wp-embed.min.js\n<\/script>\n","description":"Karin Karaka\u015fl\u0131, Agos\u2019taki k\u00f6\u015fesinde Ay\u015fe Kulin\u2019in Ermeni Soyk\u0131r\u0131m\u0131\u2019yla ilgili olarak sarf etti\u011fi skandal s\u00f6zleri de\u011ferlendirdi: Edebiyat \u00f6ncelikle insan hik\u00e2yesidir ve resmi tarihin yalan ile riyaya buland\u0131\u011f\u0131 co\u011frafyalarda, yazar\u0131n hayalg\u00fcc\u00fcn\u00fcn \u00fcr\u00fcn\u00fc olman\u0131n \u00f6tesinde gayr\u0131resmi tarih kayd\u0131 i\u015flevini de \u00fcstlenir. KAR\u0130N KARAKA\u015eLI Edebiyat, do\u011fas\u0131 gere\u011fi muhalif, tan\u0131m\u0131 gere\u011fi kapsay\u0131c\u0131d\u0131r. \u00d6yle ya, bir kitap yazmak ya da okumak [&hellip;]"}