{"version":"1.0","provider_name":"Bati Ermenistan Ve Bati Ermenileri Sorunlari Ara\u015ftirmalar Merkezi","provider_url":"https:\/\/akunq.net\/turkish","author_name":"kalem","author_url":"https:\/\/akunq.net\/turkish\/author\/kalem\/","title":"Otoriterle\u015fen bir T\u00fcrkiye\u2019de K\u00fcrtler \u00f6zg\u00fcr olabilir mi? - Bati Ermenistan Ve Bati Ermenileri Sorunlari Ara\u015ftirmalar Merkezi","type":"rich","width":600,"height":338,"html":"<blockquote class=\"wp-embedded-content\" data-secret=\"9E1Tl5YuhD\"><a href=\"https:\/\/akunq.net\/turkish\/2014\/02\/04\/otoriterlesen-bir-turkiyede-kurtler-ozgur-olabilir-mi\/\">Otoriterle\u015fen bir T\u00fcrkiye\u2019de K\u00fcrtler \u00f6zg\u00fcr olabilir mi?<\/a><\/blockquote><iframe sandbox=\"allow-scripts\" security=\"restricted\" src=\"https:\/\/akunq.net\/turkish\/2014\/02\/04\/otoriterlesen-bir-turkiyede-kurtler-ozgur-olabilir-mi\/embed\/#?secret=9E1Tl5YuhD\" width=\"600\" height=\"338\" title=\"&#8220;Otoriterle\u015fen bir T\u00fcrkiye\u2019de K\u00fcrtler \u00f6zg\u00fcr olabilir mi?&#8221; &#8212; Bati Ermenistan Ve Bati Ermenileri Sorunlari Ara\u015ftirmalar Merkezi\" data-secret=\"9E1Tl5YuhD\" frameborder=\"0\" marginwidth=\"0\" marginheight=\"0\" scrolling=\"no\" class=\"wp-embedded-content\"><\/iframe><script>\n\/*! This file is auto-generated *\/\n!function(d,l){\"use strict\";l.querySelector&&d.addEventListener&&\"undefined\"!=typeof URL&&(d.wp=d.wp||{},d.wp.receiveEmbedMessage||(d.wp.receiveEmbedMessage=function(e){var t=e.data;if((t||t.secret||t.message||t.value)&&!\/[^a-zA-Z0-9]\/.test(t.secret)){for(var s,r,n,a=l.querySelectorAll('iframe[data-secret=\"'+t.secret+'\"]'),o=l.querySelectorAll('blockquote[data-secret=\"'+t.secret+'\"]'),c=new RegExp(\"^https?:$\",\"i\"),i=0;i<o.length;i++)o[i].style.display=\"none\";for(i=0;i<a.length;i++)s=a[i],e.source===s.contentWindow&&(s.removeAttribute(\"style\"),\"height\"===t.message?(1e3<(r=parseInt(t.value,10))?r=1e3:~~r<200&&(r=200),s.height=r):\"link\"===t.message&&(r=new URL(s.getAttribute(\"src\")),n=new URL(t.value),c.test(n.protocol))&&n.host===r.host&&l.activeElement===s&&(d.top.location.href=t.value))}},d.addEventListener(\"message\",d.wp.receiveEmbedMessage,!1),l.addEventListener(\"DOMContentLoaded\",function(){for(var e,t,s=l.querySelectorAll(\"iframe.wp-embedded-content\"),r=0;r<s.length;r++)(t=(e=s[r]).getAttribute(\"data-secret\"))||(t=Math.random().toString(36).substring(2,12),e.src+=\"#?secret=\"+t,e.setAttribute(\"data-secret\",t)),e.contentWindow.postMessage({message:\"ready\",secret:t},\"*\")},!1)))}(window,document);\n\/\/# sourceURL=https:\/\/akunq.net\/turkish\/wp-includes\/js\/wp-embed.min.js\n<\/script>\n","description":"\u0130hsan Da\u011f\u0131 Gezi Park\u0131 olaylar\u0131ndan bu yana K\u00fcrt siyasal hareketinin iktidara verdi\u011fi destek dikkat \u00e7ekiyor. AKP ile PKK-BDP aras\u0131nda ilgin\u00e7 bir \u2018paralel s\u00f6ylem\u2019 geli\u015fmi\u015f durumda. En son BDP milletvekili S\u0131rr\u0131 Sak\u0131k, \u2018B\u00fct\u00fcn yolsuzluklar\u0131n \u00fczerine gidilsin ama \u00e7ok da umurumuzda de\u011fil\u2019 deyiverdi. \u00d6calan da Bay\u0131k da h\u00fck\u00fcmetin dilini konu\u015fuyorlar. KCK\u2019dan Bese Hozat \u2018Ermeni ve Rum lobileri [&hellip;]"}