{"version":"1.0","provider_name":"Bati Ermenistan Ve Bati Ermenileri Sorunlari Ara\u015ftirmalar Merkezi","provider_url":"https:\/\/akunq.net\/turkish","author_name":"kalem","author_url":"https:\/\/akunq.net\/turkish\/author\/kalem\/","title":"\u00d6calan\u2019\u0131 ele\u015ftirirken e\u011fri oturup e\u011fri konu\u015fanlar - Bati Ermenistan Ve Bati Ermenileri Sorunlari Ara\u015ftirmalar Merkezi","type":"rich","width":600,"height":338,"html":"<blockquote class=\"wp-embedded-content\" data-secret=\"VwPeaZwKLi\"><a href=\"https:\/\/akunq.net\/turkish\/2014\/02\/04\/ocalani-elestirirken-egri-oturup-egri-konusanlar\/\">\u00d6calan\u2019\u0131 ele\u015ftirirken e\u011fri oturup e\u011fri konu\u015fanlar<\/a><\/blockquote><iframe sandbox=\"allow-scripts\" security=\"restricted\" src=\"https:\/\/akunq.net\/turkish\/2014\/02\/04\/ocalani-elestirirken-egri-oturup-egri-konusanlar\/embed\/#?secret=VwPeaZwKLi\" width=\"600\" height=\"338\" title=\"&#8220;\u00d6calan\u2019\u0131 ele\u015ftirirken e\u011fri oturup e\u011fri konu\u015fanlar&#8221; &#8212; Bati Ermenistan Ve Bati Ermenileri Sorunlari Ara\u015ftirmalar Merkezi\" data-secret=\"VwPeaZwKLi\" frameborder=\"0\" marginwidth=\"0\" marginheight=\"0\" scrolling=\"no\" class=\"wp-embedded-content\"><\/iframe><script>\n\/*! This file is auto-generated *\/\n!function(d,l){\"use strict\";l.querySelector&&d.addEventListener&&\"undefined\"!=typeof URL&&(d.wp=d.wp||{},d.wp.receiveEmbedMessage||(d.wp.receiveEmbedMessage=function(e){var t=e.data;if((t||t.secret||t.message||t.value)&&!\/[^a-zA-Z0-9]\/.test(t.secret)){for(var s,r,n,a=l.querySelectorAll('iframe[data-secret=\"'+t.secret+'\"]'),o=l.querySelectorAll('blockquote[data-secret=\"'+t.secret+'\"]'),c=new RegExp(\"^https?:$\",\"i\"),i=0;i<o.length;i++)o[i].style.display=\"none\";for(i=0;i<a.length;i++)s=a[i],e.source===s.contentWindow&&(s.removeAttribute(\"style\"),\"height\"===t.message?(1e3<(r=parseInt(t.value,10))?r=1e3:~~r<200&&(r=200),s.height=r):\"link\"===t.message&&(r=new URL(s.getAttribute(\"src\")),n=new URL(t.value),c.test(n.protocol))&&n.host===r.host&&l.activeElement===s&&(d.top.location.href=t.value))}},d.addEventListener(\"message\",d.wp.receiveEmbedMessage,!1),l.addEventListener(\"DOMContentLoaded\",function(){for(var e,t,s=l.querySelectorAll(\"iframe.wp-embedded-content\"),r=0;r<s.length;r++)(t=(e=s[r]).getAttribute(\"data-secret\"))||(t=Math.random().toString(36).substring(2,12),e.src+=\"#?secret=\"+t,e.setAttribute(\"data-secret\",t)),e.contentWindow.postMessage({message:\"ready\",secret:t},\"*\")},!1)))}(window,document);\n\/\/# sourceURL=https:\/\/akunq.net\/turkish\/wp-includes\/js\/wp-embed.min.js\n<\/script>\n","description":"\u00a0Ay\u015fe G\u00dcNAYSU G\u00fcncellenme : 04.02.2014 04 Abdullah \u00d6calan\u2019\u0131 Ermenilere hitap eden mektubunda Bes\u00ea Hozat\u2019\u0131n s\u00f6zlerine sahip \u00e7\u0131kt\u0131\u011f\u0131 i\u00e7in en sert ele\u015ftirenler aras\u0131nda, kendini y\u00f6netmek isteyen K\u00fcrtlere \u201cK\u00fcrt milliyet\u00e7isi\u201d, soyk\u0131r\u0131m\u0131n tan\u0131nmas\u0131nda ve tazmininde \u0131srarc\u0131 olan Ermenilere \u201cErmeni milliyet\u00e7isi\u201d diyen, her iki milliyet\u00e7ili\u011fin de \u201ck\u00f6t\u00fc\u201dl\u00fck a\u00e7\u0131s\u0131ndan T\u00fcrk milliyet\u00e7ili\u011finden farks\u0131z oldu\u011funu savunan bir T\u00fcrk muhalif ayd\u0131n profili de [&hellip;]"}