{"version":"1.0","provider_name":"Bati Ermenistan Ve Bati Ermenileri Sorunlari Ara\u015ftirmalar Merkezi","provider_url":"https:\/\/akunq.net\/turkish","author_name":"kalem","author_url":"https:\/\/akunq.net\/turkish\/author\/kalem\/","title":"Gelecek y\u0131l 2015. Ermeni soyk\u0131r\u0131m\u0131n\u0131n 100. y\u0131ld\u00f6n\u00fcm\u00fc... - Bati Ermenistan Ve Bati Ermenileri Sorunlari Ara\u015ftirmalar Merkezi","type":"rich","width":600,"height":338,"html":"<blockquote class=\"wp-embedded-content\" data-secret=\"fCiXFeT5vc\"><a href=\"https:\/\/akunq.net\/turkish\/2014\/02\/04\/gelecek-yil-2015-ermeni-soykiriminin-100-yildonumu\/\">Gelecek y\u0131l 2015. Ermeni soyk\u0131r\u0131m\u0131n\u0131n 100. y\u0131ld\u00f6n\u00fcm\u00fc&#8230;<\/a><\/blockquote><iframe sandbox=\"allow-scripts\" security=\"restricted\" src=\"https:\/\/akunq.net\/turkish\/2014\/02\/04\/gelecek-yil-2015-ermeni-soykiriminin-100-yildonumu\/embed\/#?secret=fCiXFeT5vc\" width=\"600\" height=\"338\" title=\"&#8220;Gelecek y\u0131l 2015. Ermeni soyk\u0131r\u0131m\u0131n\u0131n 100. y\u0131ld\u00f6n\u00fcm\u00fc&#8230;&#8221; &#8212; Bati Ermenistan Ve Bati Ermenileri Sorunlari Ara\u015ftirmalar Merkezi\" data-secret=\"fCiXFeT5vc\" frameborder=\"0\" marginwidth=\"0\" marginheight=\"0\" scrolling=\"no\" class=\"wp-embedded-content\"><\/iframe><script>\n\/*! This file is auto-generated *\/\n!function(d,l){\"use strict\";l.querySelector&&d.addEventListener&&\"undefined\"!=typeof URL&&(d.wp=d.wp||{},d.wp.receiveEmbedMessage||(d.wp.receiveEmbedMessage=function(e){var t=e.data;if((t||t.secret||t.message||t.value)&&!\/[^a-zA-Z0-9]\/.test(t.secret)){for(var s,r,n,a=l.querySelectorAll('iframe[data-secret=\"'+t.secret+'\"]'),o=l.querySelectorAll('blockquote[data-secret=\"'+t.secret+'\"]'),c=new RegExp(\"^https?:$\",\"i\"),i=0;i<o.length;i++)o[i].style.display=\"none\";for(i=0;i<a.length;i++)s=a[i],e.source===s.contentWindow&&(s.removeAttribute(\"style\"),\"height\"===t.message?(1e3<(r=parseInt(t.value,10))?r=1e3:~~r<200&&(r=200),s.height=r):\"link\"===t.message&&(r=new URL(s.getAttribute(\"src\")),n=new URL(t.value),c.test(n.protocol))&&n.host===r.host&&l.activeElement===s&&(d.top.location.href=t.value))}},d.addEventListener(\"message\",d.wp.receiveEmbedMessage,!1),l.addEventListener(\"DOMContentLoaded\",function(){for(var e,t,s=l.querySelectorAll(\"iframe.wp-embedded-content\"),r=0;r<s.length;r++)(t=(e=s[r]).getAttribute(\"data-secret\"))||(t=Math.random().toString(36).substring(2,12),e.src+=\"#?secret=\"+t,e.setAttribute(\"data-secret\",t)),e.contentWindow.postMessage({message:\"ready\",secret:t},\"*\")},!1)))}(window,document);\n\/\/# sourceURL=https:\/\/akunq.net\/turkish\/wp-includes\/js\/wp-embed.min.js\n<\/script>\n","description":"Mikail Aslan\u00a0 \u00c7ocukluk y\u0131llar\u0131mda Halam Ese\u2019nin Ermeni Soyk\u0131r\u0131m\u0131 ve Dersim Soyk\u0131r\u0131m\u0131 \u00fczerine anlatt\u0131\u011f\u0131 ac\u0131 dolu olaylar\u0131 hi\u00e7 unutamad\u0131m. 10 ya\u015f\u0131ndayken Xozat\u2019daki k\u00f6y\u00fcm\u00fczden kopar\u0131ld\u0131k. Kayseri\u2019de ortaokulu okurken anneme \u201ebir g\u00fcn Xozat\u2019a d\u00f6n\u00fcp Ese\u2019nin anlatt\u0131klar\u0131n\u0131 yazaca\u011f\u0131m\u201c demi\u015ftim. Maalesef bir daha d\u00f6nemedik, ben Ese\u2019yi bir daha g\u00f6rmedim. Nereye gidersem gideyim bu anlat\u0131lar\u0131n a\u011f\u0131r h\u00fczn\u00fc pe\u015fimi b\u0131rakmad\u0131. Almanya\u2019ya m\u00fclteci [&hellip;]","thumbnail_url":"https:\/\/akunq.net\/turkish\/wp-content\/uploads\/sites\/5\/2014\/02\/Mikail-Aslan.jpg","thumbnail_width":640,"thumbnail_height":360}