{"version":"1.0","provider_name":"Bati Ermenistan Ve Bati Ermenileri Sorunlari Ara\u015ftirmalar Merkezi","provider_url":"https:\/\/akunq.net\/turkish","author_name":"kalem","author_url":"https:\/\/akunq.net\/turkish\/author\/kalem\/","title":"\u2018Milliyet\u00e7i Ermeni Lobisi\u2019 Diyarbak\u0131r\u2019dayd\u0131! - Bati Ermenistan Ve Bati Ermenileri Sorunlari Ara\u015ftirmalar Merkezi","type":"rich","width":600,"height":338,"html":"<blockquote class=\"wp-embedded-content\" data-secret=\"7fZWO22OUf\"><a href=\"https:\/\/akunq.net\/turkish\/2014\/01\/15\/milliyetci-ermeni-lobisi-diyarbakirdaydi\/\">\u2018Milliyet\u00e7i Ermeni Lobisi\u2019 Diyarbak\u0131r\u2019dayd\u0131!<\/a><\/blockquote><iframe sandbox=\"allow-scripts\" security=\"restricted\" src=\"https:\/\/akunq.net\/turkish\/2014\/01\/15\/milliyetci-ermeni-lobisi-diyarbakirdaydi\/embed\/#?secret=7fZWO22OUf\" width=\"600\" height=\"338\" title=\"&#8220;\u2018Milliyet\u00e7i Ermeni Lobisi\u2019 Diyarbak\u0131r\u2019dayd\u0131!&#8221; &#8212; Bati Ermenistan Ve Bati Ermenileri Sorunlari Ara\u015ftirmalar Merkezi\" data-secret=\"7fZWO22OUf\" frameborder=\"0\" marginwidth=\"0\" marginheight=\"0\" scrolling=\"no\" class=\"wp-embedded-content\"><\/iframe><script>\n\/*! This file is auto-generated *\/\n!function(d,l){\"use strict\";l.querySelector&&d.addEventListener&&\"undefined\"!=typeof URL&&(d.wp=d.wp||{},d.wp.receiveEmbedMessage||(d.wp.receiveEmbedMessage=function(e){var t=e.data;if((t||t.secret||t.message||t.value)&&!\/[^a-zA-Z0-9]\/.test(t.secret)){for(var s,r,n,a=l.querySelectorAll('iframe[data-secret=\"'+t.secret+'\"]'),o=l.querySelectorAll('blockquote[data-secret=\"'+t.secret+'\"]'),c=new RegExp(\"^https?:$\",\"i\"),i=0;i<o.length;i++)o[i].style.display=\"none\";for(i=0;i<a.length;i++)s=a[i],e.source===s.contentWindow&&(s.removeAttribute(\"style\"),\"height\"===t.message?(1e3<(r=parseInt(t.value,10))?r=1e3:~~r<200&&(r=200),s.height=r):\"link\"===t.message&&(r=new URL(s.getAttribute(\"src\")),n=new URL(t.value),c.test(n.protocol))&&n.host===r.host&&l.activeElement===s&&(d.top.location.href=t.value))}},d.addEventListener(\"message\",d.wp.receiveEmbedMessage,!1),l.addEventListener(\"DOMContentLoaded\",function(){for(var e,t,s=l.querySelectorAll(\"iframe.wp-embedded-content\"),r=0;r<s.length;r++)(t=(e=s[r]).getAttribute(\"data-secret\"))||(t=Math.random().toString(36).substring(2,12),e.src+=\"#?secret=\"+t,e.setAttribute(\"data-secret\",t)),e.contentWindow.postMessage({message:\"ready\",secret:t},\"*\")},!1)))}(window,document);\n\/\/# sourceURL=https:\/\/akunq.net\/turkish\/wp-includes\/js\/wp-embed.min.js\n<\/script>\n","description":"Ay\u015fe G\u00dcNAYSU KCK\u2019nin E\u015fba\u015fkan\u0131 Bes\u00ea Hozat, \u201cparalel devletleri\u201d sayarken, Yahudi lobisini, \u201cmilliyet\u00e7i\u201d Ermeni ve Rum lobilerini de saym\u0131\u015f. \u00a0 Bu s\u00f6zler \u00fczerine s\u00f6ylenecek \u015fey \u00e7ok. H\u0131ristiyan halklar\u0131 ve Yahudileri d\u00fc\u015fman g\u00f6stermenin T\u00fcrkiye Cumhuriyeti\u2019nin resmi politikas\u0131 oldu\u011fu, K\u00fcrt halk\u0131na kar\u015f\u0131 imha ve ink\u00e2r politikalar\u0131n\u0131n da bu b\u00fct\u00fcn\u00fcn bir par\u00e7as\u0131 oldu\u011fu, bizlerin daha adaletli bir \u00fclke i\u00e7in [&hellip;]","thumbnail_url":"https:\/\/akunq.net\/turkish\/wp-content\/uploads\/sites\/5\/2014\/01\/Ayse-Gunaysu.jpg","thumbnail_width":565,"thumbnail_height":727}