{"version":"1.0","provider_name":"Bati Ermenistan Ve Bati Ermenileri Sorunlari Ara\u015ftirmalar Merkezi","provider_url":"https:\/\/akunq.net\/turkish","author_name":"kalem","author_url":"https:\/\/akunq.net\/turkish\/author\/kalem\/","title":"Ruben Heryan ya da bir kurtar\u0131c\u0131n\u0131n \u00f6yk\u00fcs\u00fc - Bati Ermenistan Ve Bati Ermenileri Sorunlari Ara\u015ftirmalar Merkezi","type":"rich","width":600,"height":338,"html":"<blockquote class=\"wp-embedded-content\" data-secret=\"Nw9tG1KgD3\"><a href=\"https:\/\/akunq.net\/turkish\/2013\/12\/27\/ruben-heryan-ya-da-bir-kurtaricinin-oykusu\/\">Ruben Heryan ya da bir kurtar\u0131c\u0131n\u0131n \u00f6yk\u00fcs\u00fc<\/a><\/blockquote><iframe sandbox=\"allow-scripts\" security=\"restricted\" src=\"https:\/\/akunq.net\/turkish\/2013\/12\/27\/ruben-heryan-ya-da-bir-kurtaricinin-oykusu\/embed\/#?secret=Nw9tG1KgD3\" width=\"600\" height=\"338\" title=\"&#8220;Ruben Heryan ya da bir kurtar\u0131c\u0131n\u0131n \u00f6yk\u00fcs\u00fc&#8221; &#8212; Bati Ermenistan Ve Bati Ermenileri Sorunlari Ara\u015ftirmalar Merkezi\" data-secret=\"Nw9tG1KgD3\" frameborder=\"0\" marginwidth=\"0\" marginheight=\"0\" scrolling=\"no\" class=\"wp-embedded-content\"><\/iframe><script>\n\/*! This file is auto-generated *\/\n!function(d,l){\"use strict\";l.querySelector&&d.addEventListener&&\"undefined\"!=typeof URL&&(d.wp=d.wp||{},d.wp.receiveEmbedMessage||(d.wp.receiveEmbedMessage=function(e){var t=e.data;if((t||t.secret||t.message||t.value)&&!\/[^a-zA-Z0-9]\/.test(t.secret)){for(var s,r,n,a=l.querySelectorAll('iframe[data-secret=\"'+t.secret+'\"]'),o=l.querySelectorAll('blockquote[data-secret=\"'+t.secret+'\"]'),c=new RegExp(\"^https?:$\",\"i\"),i=0;i<o.length;i++)o[i].style.display=\"none\";for(i=0;i<a.length;i++)s=a[i],e.source===s.contentWindow&&(s.removeAttribute(\"style\"),\"height\"===t.message?(1e3<(r=parseInt(t.value,10))?r=1e3:~~r<200&&(r=200),s.height=r):\"link\"===t.message&&(r=new URL(s.getAttribute(\"src\")),n=new URL(t.value),c.test(n.protocol))&&n.host===r.host&&l.activeElement===s&&(d.top.location.href=t.value))}},d.addEventListener(\"message\",d.wp.receiveEmbedMessage,!1),l.addEventListener(\"DOMContentLoaded\",function(){for(var e,t,s=l.querySelectorAll(\"iframe.wp-embedded-content\"),r=0;r<s.length;r++)(t=(e=s[r]).getAttribute(\"data-secret\"))||(t=Math.random().toString(36).substring(2,12),e.src+=\"#?secret=\"+t,e.setAttribute(\"data-secret\",t)),e.contentWindow.postMessage({message:\"ready\",secret:t},\"*\")},!1)))}(window,document);\n\/\/# sourceURL=https:\/\/akunq.net\/turkish\/wp-includes\/js\/wp-embed.min.js\n<\/script>\n","description":"LORA SARI Ermeni Soyk\u0131r\u0131m M\u00fczesi\u2019nde uzman olarak g\u00f6rev yapan Anna Aleksanyan, &#8220;Ermeni Kad\u0131nlar\u0131n\u0131n Soyk\u0131r\u0131m Y\u0131llar\u0131ndaki Tecr\u00fcbeleri&#8221; ba\u015fl\u0131kl\u0131 doktora tezi \u00fczerinde \u00e7al\u0131\u015f\u0131yor. Aleksanyan, &#8220;Ruben Heryan: Soyk\u0131r\u0131mdan sonra Ermeni Kad\u0131nlar\u0131n ve \u00c7ocuklar\u0131n M\u00fcsl\u00fcman Ailelerden Kurtaran Adam&#8221; ba\u015fl\u0131kl\u0131 sunumunda soyk\u0131r\u0131mdan sonra \u00f6mr\u00fcn\u00fc yetim \u00e7ocuklar ve esir al\u0131nan Ermeni kad\u0131nlar\u0131 kurtarmaya adayan Ruben Haryan\u2019\u0131n hik\u00e2yesini anlatt\u0131. M\u00fcsl\u00fcmanla\u015f(t\u0131r\u0131l)m\u0131\u015f Ermeniler Konferans\u0131\u2019n\u0131n [&hellip;]","thumbnail_url":"https:\/\/akunq.net\/turkish\/wp-content\/uploads\/sites\/5\/2013\/12\/anna_aleksanyan550_01531.jpg","thumbnail_width":547,"thumbnail_height":400}