{"version":"1.0","provider_name":"Bati Ermenistan Ve Bati Ermenileri Sorunlari Ara\u015ftirmalar Merkezi","provider_url":"https:\/\/akunq.net\/turkish","author_name":"kalem","author_url":"https:\/\/akunq.net\/turkish\/author\/kalem\/","title":"\u201cHer \u00f6l\u00fcml\u00fc cezaevini tadacakt\u0131r!\u201d Denmi\u015f \u00fcst perdeden - Bati Ermenistan Ve Bati Ermenileri Sorunlari Ara\u015ftirmalar Merkezi","type":"rich","width":600,"height":338,"html":"<blockquote class=\"wp-embedded-content\" data-secret=\"qTFKkAvSNV\"><a href=\"https:\/\/akunq.net\/turkish\/2013\/12\/25\/her-olumlu-cezaevini-tadacaktir-denmis-ust-perdeden\/\">\u201cHer \u00f6l\u00fcml\u00fc cezaevini tadacakt\u0131r!\u201d Denmi\u015f \u00fcst perdeden<\/a><\/blockquote><iframe sandbox=\"allow-scripts\" security=\"restricted\" src=\"https:\/\/akunq.net\/turkish\/2013\/12\/25\/her-olumlu-cezaevini-tadacaktir-denmis-ust-perdeden\/embed\/#?secret=qTFKkAvSNV\" width=\"600\" height=\"338\" title=\"&#8220;\u201cHer \u00f6l\u00fcml\u00fc cezaevini tadacakt\u0131r!\u201d Denmi\u015f \u00fcst perdeden&#8221; &#8212; Bati Ermenistan Ve Bati Ermenileri Sorunlari Ara\u015ftirmalar Merkezi\" data-secret=\"qTFKkAvSNV\" frameborder=\"0\" marginwidth=\"0\" marginheight=\"0\" scrolling=\"no\" class=\"wp-embedded-content\"><\/iframe><script>\n\/*! This file is auto-generated *\/\n!function(d,l){\"use strict\";l.querySelector&&d.addEventListener&&\"undefined\"!=typeof URL&&(d.wp=d.wp||{},d.wp.receiveEmbedMessage||(d.wp.receiveEmbedMessage=function(e){var t=e.data;if((t||t.secret||t.message||t.value)&&!\/[^a-zA-Z0-9]\/.test(t.secret)){for(var s,r,n,a=l.querySelectorAll('iframe[data-secret=\"'+t.secret+'\"]'),o=l.querySelectorAll('blockquote[data-secret=\"'+t.secret+'\"]'),c=new RegExp(\"^https?:$\",\"i\"),i=0;i<o.length;i++)o[i].style.display=\"none\";for(i=0;i<a.length;i++)s=a[i],e.source===s.contentWindow&&(s.removeAttribute(\"style\"),\"height\"===t.message?(1e3<(r=parseInt(t.value,10))?r=1e3:~~r<200&&(r=200),s.height=r):\"link\"===t.message&&(r=new URL(s.getAttribute(\"src\")),n=new URL(t.value),c.test(n.protocol))&&n.host===r.host&&l.activeElement===s&&(d.top.location.href=t.value))}},d.addEventListener(\"message\",d.wp.receiveEmbedMessage,!1),l.addEventListener(\"DOMContentLoaded\",function(){for(var e,t,s=l.querySelectorAll(\"iframe.wp-embedded-content\"),r=0;r<s.length;r++)(t=(e=s[r]).getAttribute(\"data-secret\"))||(t=Math.random().toString(36).substring(2,12),e.src+=\"#?secret=\"+t,e.setAttribute(\"data-secret\",t)),e.contentWindow.postMessage({message:\"ready\",secret:t},\"*\")},!1)))}(window,document);\n\/\/# sourceURL=https:\/\/akunq.net\/turkish\/wp-includes\/js\/wp-embed.min.js\n<\/script>\n","description":"Sait \u00c7etino\u011flu Ya\u015fad\u0131\u011f\u0131 co\u011frafyan\u0131n k\u00fclt\u00fcr\u00fcne, diline, tarihine, co\u011frafyas\u0131na ve \u00f6zg\u00fcrl\u00fck m\u00fccadelesine Hodri Meydan Kulesi gibi dik durarak \u00f6nemli katk\u0131larda bulunan d\u00fc\u015f\u00fcn insan\u0131, yazar ve aktivist SevanNi\u015fanyan, devletin tepesindekilerin \u201cbirinci dereceden yak\u0131nlar\u0131n\u0131n\u201d ba\u015f akt\u00f6r oldu\u011fu yolsuzluk skandallar\u0131n\u0131n heng\u00e2mesi aras\u0131nda sessiz sedas\u0131z demir parmakl\u0131klar arkas\u0131na yollan\u0131yor. Sevan Ni\u015fanyan vakas\u0131na birka\u00e7 a\u00e7\u0131dan bakmak m\u00fcmk\u00fcn. \u0130lk olarak D\u00dc\u015e\u00dcNCE \u00d6ZG\u00dcRL\u00dc\u011e\u00dc [&hellip;]","thumbnail_url":"https:\/\/akunq.net\/turkish\/wp-content\/uploads\/sites\/5\/2013\/12\/Sevan-Nisanyan.jpg","thumbnail_width":609,"thumbnail_height":376}