{"version":"1.0","provider_name":"Bati Ermenistan Ve Bati Ermenileri Sorunlari Ara\u015ftirmalar Merkezi","provider_url":"https:\/\/akunq.net\/turkish","author_name":"kalem","author_url":"https:\/\/akunq.net\/turkish\/author\/kalem\/","title":"T\u00fcrkiye\u2019de din \u00f6zg\u00fcrl\u00fc\u011f\u00fc sorunu - Bati Ermenistan Ve Bati Ermenileri Sorunlari Ara\u015ftirmalar Merkezi","type":"rich","width":600,"height":338,"html":"<blockquote class=\"wp-embedded-content\" data-secret=\"Nsd59DHecB\"><a href=\"https:\/\/akunq.net\/turkish\/2013\/12\/23\/turkiyede-din-ozgurlugu-sorunu\/\">T\u00fcrkiye\u2019de din \u00f6zg\u00fcrl\u00fc\u011f\u00fc sorunu<\/a><\/blockquote><iframe sandbox=\"allow-scripts\" security=\"restricted\" src=\"https:\/\/akunq.net\/turkish\/2013\/12\/23\/turkiyede-din-ozgurlugu-sorunu\/embed\/#?secret=Nsd59DHecB\" width=\"600\" height=\"338\" title=\"&#8220;T\u00fcrkiye\u2019de din \u00f6zg\u00fcrl\u00fc\u011f\u00fc sorunu&#8221; &#8212; Bati Ermenistan Ve Bati Ermenileri Sorunlari Ara\u015ftirmalar Merkezi\" data-secret=\"Nsd59DHecB\" frameborder=\"0\" marginwidth=\"0\" marginheight=\"0\" scrolling=\"no\" class=\"wp-embedded-content\"><\/iframe><script>\n\/*! This file is auto-generated *\/\n!function(d,l){\"use strict\";l.querySelector&&d.addEventListener&&\"undefined\"!=typeof URL&&(d.wp=d.wp||{},d.wp.receiveEmbedMessage||(d.wp.receiveEmbedMessage=function(e){var t=e.data;if((t||t.secret||t.message||t.value)&&!\/[^a-zA-Z0-9]\/.test(t.secret)){for(var s,r,n,a=l.querySelectorAll('iframe[data-secret=\"'+t.secret+'\"]'),o=l.querySelectorAll('blockquote[data-secret=\"'+t.secret+'\"]'),c=new RegExp(\"^https?:$\",\"i\"),i=0;i<o.length;i++)o[i].style.display=\"none\";for(i=0;i<a.length;i++)s=a[i],e.source===s.contentWindow&&(s.removeAttribute(\"style\"),\"height\"===t.message?(1e3<(r=parseInt(t.value,10))?r=1e3:~~r<200&&(r=200),s.height=r):\"link\"===t.message&&(r=new URL(s.getAttribute(\"src\")),n=new URL(t.value),c.test(n.protocol))&&n.host===r.host&&l.activeElement===s&&(d.top.location.href=t.value))}},d.addEventListener(\"message\",d.wp.receiveEmbedMessage,!1),l.addEventListener(\"DOMContentLoaded\",function(){for(var e,t,s=l.querySelectorAll(\"iframe.wp-embedded-content\"),r=0;r<s.length;r++)(t=(e=s[r]).getAttribute(\"data-secret\"))||(t=Math.random().toString(36).substring(2,12),e.src+=\"#?secret=\"+t,e.setAttribute(\"data-secret\",t)),e.contentWindow.postMessage({message:\"ready\",secret:t},\"*\")},!1)))}(window,document);\n\/\/# sourceURL=https:\/\/akunq.net\/turkish\/wp-includes\/js\/wp-embed.min.js\n<\/script>\n","description":"LEVENT K\u00d6KER On dokuzuncu y\u00fczy\u0131l pozitivizminin iddi\u00e2s\u0131 hil\u00e2f\u0131na, din toplumsal hay\u00e2t\u0131n en \u00f6nemli bile\u015fenlerinden biri olmay\u0131 s\u00fcrd\u00fcr\u00fcyor. Modernle\u015fme ile birlikte i\u00e7inde dinin merkez\u00ee bir yere s\u00e2hip bulundu\u011fu gelenekselli\u011fin gerileyece\u011fi tezi de epeydir ge\u00e7ersiz. Yirminci y\u00fczy\u0131l\u0131n son \u00e7eyre\u011finde iyiden iyiye g\u00f6r\u00fcn\u00fcr h\u00e2le gelip g\u00fcn\u00fcm\u00fczde etkisini artarak s\u00fcrd\u00fcren din vey\u00e2 inan\u00e7 temelli hayat tarz\u0131 farkl\u0131l\u0131klar\u0131na sayg\u0131 g\u00f6sterilmesi [&hellip;]"}