{"version":"1.0","provider_name":"Bati Ermenistan Ve Bati Ermenileri Sorunlari Ara\u015ftirmalar Merkezi","provider_url":"https:\/\/akunq.net\/turkish","author_name":"kalem","author_url":"https:\/\/akunq.net\/turkish\/author\/kalem\/","title":"Ali Kemal d\u00fcr\u00fcstler bah\u00e7esinde yerini almal\u0131 - Bati Ermenistan Ve Bati Ermenileri Sorunlari Ara\u015ftirmalar Merkezi","type":"rich","width":600,"height":338,"html":"<blockquote class=\"wp-embedded-content\" data-secret=\"e7rGSYW4xn\"><a href=\"https:\/\/akunq.net\/turkish\/2013\/12\/23\/ali-kemal-durustler-bahcesinde-yerini-almali\/\">Ali Kemal d\u00fcr\u00fcstler bah\u00e7esinde yerini almal\u0131<\/a><\/blockquote><iframe sandbox=\"allow-scripts\" security=\"restricted\" src=\"https:\/\/akunq.net\/turkish\/2013\/12\/23\/ali-kemal-durustler-bahcesinde-yerini-almali\/embed\/#?secret=e7rGSYW4xn\" width=\"600\" height=\"338\" title=\"&#8220;Ali Kemal d\u00fcr\u00fcstler bah\u00e7esinde yerini almal\u0131&#8221; &#8212; Bati Ermenistan Ve Bati Ermenileri Sorunlari Ara\u015ftirmalar Merkezi\" data-secret=\"e7rGSYW4xn\" frameborder=\"0\" marginwidth=\"0\" marginheight=\"0\" scrolling=\"no\" class=\"wp-embedded-content\"><\/iframe><script>\n\/*! This file is auto-generated *\/\n!function(d,l){\"use strict\";l.querySelector&&d.addEventListener&&\"undefined\"!=typeof URL&&(d.wp=d.wp||{},d.wp.receiveEmbedMessage||(d.wp.receiveEmbedMessage=function(e){var t=e.data;if((t||t.secret||t.message||t.value)&&!\/[^a-zA-Z0-9]\/.test(t.secret)){for(var s,r,n,a=l.querySelectorAll('iframe[data-secret=\"'+t.secret+'\"]'),o=l.querySelectorAll('blockquote[data-secret=\"'+t.secret+'\"]'),c=new RegExp(\"^https?:$\",\"i\"),i=0;i<o.length;i++)o[i].style.display=\"none\";for(i=0;i<a.length;i++)s=a[i],e.source===s.contentWindow&&(s.removeAttribute(\"style\"),\"height\"===t.message?(1e3<(r=parseInt(t.value,10))?r=1e3:~~r<200&&(r=200),s.height=r):\"link\"===t.message&&(r=new URL(s.getAttribute(\"src\")),n=new URL(t.value),c.test(n.protocol))&&n.host===r.host&&l.activeElement===s&&(d.top.location.href=t.value))}},d.addEventListener(\"message\",d.wp.receiveEmbedMessage,!1),l.addEventListener(\"DOMContentLoaded\",function(){for(var e,t,s=l.querySelectorAll(\"iframe.wp-embedded-content\"),r=0;r<s.length;r++)(t=(e=s[r]).getAttribute(\"data-secret\"))||(t=Math.random().toString(36).substring(2,12),e.src+=\"#?secret=\"+t,e.setAttribute(\"data-secret\",t)),e.contentWindow.postMessage({message:\"ready\",secret:t},\"*\")},!1)))}(window,document);\n\/\/# sourceURL=https:\/\/akunq.net\/turkish\/wp-includes\/js\/wp-embed.min.js\n<\/script>\n","description":"RAGIP ZARAKOLU Kimi liberal tarih\u00e7iler, 1915\u2019te ya\u015fanan olgunun bir soyk\u0131r\u0131m oldu\u011fu noktas\u0131na geldiler sonunda. Kimi liberal tarih\u00e7iler, 1915\u2019te ya\u015fanan olgunun bir soyk\u0131r\u0131m oldu\u011fu noktas\u0131na geldiler sonunda. \u0130nsanl\u0131\u011fa kar\u015f\u0131 i\u015flenen su\u00e7u, bir \u015fekilde Osmanl\u0131\u2019n\u0131n \u00fcst\u00fcne y\u0131karak, su\u00e7un sorumlulu\u011funu ve bu \u201ckirli i\u015f\u201dten modern Cumhuriyeti ar\u0131nd\u0131rmak olarak da anlayabiliriz bunu. Bunu yapmak, asl\u0131nda 1918 M\u00fctarekesi ile 19 [&hellip;]","thumbnail_url":"https:\/\/akunq.net\/turkish\/wp-content\/uploads\/sites\/5\/2013\/12\/Ali-Kemal.jpg","thumbnail_width":320,"thumbnail_height":147}