{"version":"1.0","provider_name":"Bati Ermenistan Ve Bati Ermenileri Sorunlari Ara\u015ftirmalar Merkezi","provider_url":"https:\/\/akunq.net\/turkish","author_name":"kalem","author_url":"https:\/\/akunq.net\/turkish\/author\/kalem\/","title":"\u0130\u00e7 i\u00e7e ge\u00e7mi\u015f i\u00e7 ve d\u0131\u015f politika! - Bati Ermenistan Ve Bati Ermenileri Sorunlari Ara\u015ftirmalar Merkezi","type":"rich","width":600,"height":338,"html":"<blockquote class=\"wp-embedded-content\" data-secret=\"HLTz2QW2ge\"><a href=\"https:\/\/akunq.net\/turkish\/2013\/12\/06\/soz-biterse\/\">\u0130\u00e7 i\u00e7e ge\u00e7mi\u015f i\u00e7 ve d\u0131\u015f politika!<\/a><\/blockquote><iframe sandbox=\"allow-scripts\" security=\"restricted\" src=\"https:\/\/akunq.net\/turkish\/2013\/12\/06\/soz-biterse\/embed\/#?secret=HLTz2QW2ge\" width=\"600\" height=\"338\" title=\"&#8220;\u0130\u00e7 i\u00e7e ge\u00e7mi\u015f i\u00e7 ve d\u0131\u015f politika!&#8221; &#8212; Bati Ermenistan Ve Bati Ermenileri Sorunlari Ara\u015ftirmalar Merkezi\" data-secret=\"HLTz2QW2ge\" frameborder=\"0\" marginwidth=\"0\" marginheight=\"0\" scrolling=\"no\" class=\"wp-embedded-content\"><\/iframe><script>\n\/*! This file is auto-generated *\/\n!function(d,l){\"use strict\";l.querySelector&&d.addEventListener&&\"undefined\"!=typeof URL&&(d.wp=d.wp||{},d.wp.receiveEmbedMessage||(d.wp.receiveEmbedMessage=function(e){var t=e.data;if((t||t.secret||t.message||t.value)&&!\/[^a-zA-Z0-9]\/.test(t.secret)){for(var s,r,n,a=l.querySelectorAll('iframe[data-secret=\"'+t.secret+'\"]'),o=l.querySelectorAll('blockquote[data-secret=\"'+t.secret+'\"]'),c=new RegExp(\"^https?:$\",\"i\"),i=0;i<o.length;i++)o[i].style.display=\"none\";for(i=0;i<a.length;i++)s=a[i],e.source===s.contentWindow&&(s.removeAttribute(\"style\"),\"height\"===t.message?(1e3<(r=parseInt(t.value,10))?r=1e3:~~r<200&&(r=200),s.height=r):\"link\"===t.message&&(r=new URL(s.getAttribute(\"src\")),n=new URL(t.value),c.test(n.protocol))&&n.host===r.host&&l.activeElement===s&&(d.top.location.href=t.value))}},d.addEventListener(\"message\",d.wp.receiveEmbedMessage,!1),l.addEventListener(\"DOMContentLoaded\",function(){for(var e,t,s=l.querySelectorAll(\"iframe.wp-embedded-content\"),r=0;r<s.length;r++)(t=(e=s[r]).getAttribute(\"data-secret\"))||(t=Math.random().toString(36).substring(2,12),e.src+=\"#?secret=\"+t,e.setAttribute(\"data-secret\",t)),e.contentWindow.postMessage({message:\"ready\",secret:t},\"*\")},!1)))}(window,document);\n\/\/# sourceURL=https:\/\/akunq.net\/turkish\/wp-includes\/js\/wp-embed.min.js\n<\/script>\n","description":"Erdal Do\u011fan Devletler, d\u0131\u015f politikalar\u0131nda uluslararas\u0131 hukukun gerektirdi\u011fi hassas denge ve diplomasiyi g\u00f6zeterek \u00e7\u0131karlar\u0131na en uygun politikay\u0131 se\u00e7ip ger\u00e7ekle\u015ftirirler. T\u00fcrkiye ise kurulu\u015fundan beri \u00e7\u00f6z\u00fcmlemeyi bekleyen iki temel meselesini d\u0131\u015f politikada ya yok say\u0131p has\u0131ralt\u0131 etmi\u015f ya da ink\u00e2r edip d\u00fc\u015fmanla\u015ft\u0131r\u0131c\u0131 kampa sokarak s\u00fcrd\u00fcregelmi\u015ftir. Bu iki temel \u00e7\u00f6z\u00fclmeyi bekleyen mesele tahmin edilece\u011fi \u00fczere 24 Nisan 1915 [&hellip;]","thumbnail_url":"http:\/\/www.taraf.com.tr\/fotoraflar\/yazarlar\/erdal-dogan_7442_b.jpg"}