{"version":"1.0","provider_name":"Bati Ermenistan Ve Bati Ermenileri Sorunlari Ara\u015ftirmalar Merkezi","provider_url":"https:\/\/akunq.net\/turkish","author_name":"kalem","author_url":"https:\/\/akunq.net\/turkish\/author\/kalem\/","title":"M. Kemal ve 2015 (2) - Bati Ermenistan Ve Bati Ermenileri Sorunlari Ara\u015ftirmalar Merkezi","type":"rich","width":600,"height":338,"html":"<blockquote class=\"wp-embedded-content\" data-secret=\"o8iVzQMsFV\"><a href=\"https:\/\/akunq.net\/turkish\/2013\/12\/06\/m-kemal-ve-2015-2\/\">M. Kemal ve 2015 (2)<\/a><\/blockquote><iframe sandbox=\"allow-scripts\" security=\"restricted\" src=\"https:\/\/akunq.net\/turkish\/2013\/12\/06\/m-kemal-ve-2015-2\/embed\/#?secret=o8iVzQMsFV\" width=\"600\" height=\"338\" title=\"&#8220;M. Kemal ve 2015 (2)&#8221; &#8212; Bati Ermenistan Ve Bati Ermenileri Sorunlari Ara\u015ftirmalar Merkezi\" data-secret=\"o8iVzQMsFV\" frameborder=\"0\" marginwidth=\"0\" marginheight=\"0\" scrolling=\"no\" class=\"wp-embedded-content\"><\/iframe><script>\n\/*! This file is auto-generated *\/\n!function(d,l){\"use strict\";l.querySelector&&d.addEventListener&&\"undefined\"!=typeof URL&&(d.wp=d.wp||{},d.wp.receiveEmbedMessage||(d.wp.receiveEmbedMessage=function(e){var t=e.data;if((t||t.secret||t.message||t.value)&&!\/[^a-zA-Z0-9]\/.test(t.secret)){for(var s,r,n,a=l.querySelectorAll('iframe[data-secret=\"'+t.secret+'\"]'),o=l.querySelectorAll('blockquote[data-secret=\"'+t.secret+'\"]'),c=new RegExp(\"^https?:$\",\"i\"),i=0;i<o.length;i++)o[i].style.display=\"none\";for(i=0;i<a.length;i++)s=a[i],e.source===s.contentWindow&&(s.removeAttribute(\"style\"),\"height\"===t.message?(1e3<(r=parseInt(t.value,10))?r=1e3:~~r<200&&(r=200),s.height=r):\"link\"===t.message&&(r=new URL(s.getAttribute(\"src\")),n=new URL(t.value),c.test(n.protocol))&&n.host===r.host&&l.activeElement===s&&(d.top.location.href=t.value))}},d.addEventListener(\"message\",d.wp.receiveEmbedMessage,!1),l.addEventListener(\"DOMContentLoaded\",function(){for(var e,t,s=l.querySelectorAll(\"iframe.wp-embedded-content\"),r=0;r<s.length;r++)(t=(e=s[r]).getAttribute(\"data-secret\"))||(t=Math.random().toString(36).substring(2,12),e.src+=\"#?secret=\"+t,e.setAttribute(\"data-secret\",t)),e.contentWindow.postMessage({message:\"ready\",secret:t},\"*\")},!1)))}(window,document);\n\/\/# sourceURL=https:\/\/akunq.net\/turkish\/wp-includes\/js\/wp-embed.min.js\n<\/script>\n","description":"Taner Ak\u00e7am \u201cErmeniler, Osmanl\u0131\u2019n\u0131n yasal zemininde b\u00fct\u00fcn isteklerine kavu\u015facaklar ve emin olsunlar ki fazla olarak Osmanl\u0131 tarihinde de daima okunacak bir \u015f\u00fckran sayfas\u0131nda yer alacaklard\u0131r.\u201d Minber gazetesindeki yaz\u0131 bu c\u00fcmle ile bitiyordu. Ermenilere kar\u015f\u0131 i\u015flenen cinayetler \u00fczerine s\u00f6ylenen bu s\u00f6zler, e\u011fer istenirse bug\u00fcn sorunun \u00e7\u00f6z\u00fcm\u00fc i\u00e7in bir ba\u015flang\u0131\u00e7 noktas\u0131 olarak bile kabul edebilir. \u201cYasal zeminde [&hellip;]","thumbnail_url":"http:\/\/www.taraf.com.tr\/fotoraflar\/yazarlar\/taner-akcam_1465_b.jpg"}