{"version":"1.0","provider_name":"Bati Ermenistan Ve Bati Ermenileri Sorunlari Ara\u015ftirmalar Merkezi","provider_url":"https:\/\/akunq.net\/turkish","author_name":"kalem","author_url":"https:\/\/akunq.net\/turkish\/author\/kalem\/","title":"T\u00dcRK\u0130YE'N\u0130N HALLER\u0130: K\u0131y\u0131mdan k\u0131y\u0131ma - Bati Ermenistan Ve Bati Ermenileri Sorunlari Ara\u015ftirmalar Merkezi","type":"rich","width":600,"height":338,"html":"<blockquote class=\"wp-embedded-content\" data-secret=\"DopKBsoYMx\"><a href=\"https:\/\/akunq.net\/turkish\/2013\/12\/05\/turkiyenin-halleri-kiyimdan-kiyima\/\">T\u00dcRK\u0130YE&#8217;N\u0130N HALLER\u0130: K\u0131y\u0131mdan k\u0131y\u0131ma<\/a><\/blockquote><iframe sandbox=\"allow-scripts\" security=\"restricted\" src=\"https:\/\/akunq.net\/turkish\/2013\/12\/05\/turkiyenin-halleri-kiyimdan-kiyima\/embed\/#?secret=DopKBsoYMx\" width=\"600\" height=\"338\" title=\"&#8220;T\u00dcRK\u0130YE&#8217;N\u0130N HALLER\u0130: K\u0131y\u0131mdan k\u0131y\u0131ma&#8221; &#8212; Bati Ermenistan Ve Bati Ermenileri Sorunlari Ara\u015ftirmalar Merkezi\" data-secret=\"DopKBsoYMx\" frameborder=\"0\" marginwidth=\"0\" marginheight=\"0\" scrolling=\"no\" class=\"wp-embedded-content\"><\/iframe><script>\n\/*! This file is auto-generated *\/\n!function(d,l){\"use strict\";l.querySelector&&d.addEventListener&&\"undefined\"!=typeof URL&&(d.wp=d.wp||{},d.wp.receiveEmbedMessage||(d.wp.receiveEmbedMessage=function(e){var t=e.data;if((t||t.secret||t.message||t.value)&&!\/[^a-zA-Z0-9]\/.test(t.secret)){for(var s,r,n,a=l.querySelectorAll('iframe[data-secret=\"'+t.secret+'\"]'),o=l.querySelectorAll('blockquote[data-secret=\"'+t.secret+'\"]'),c=new RegExp(\"^https?:$\",\"i\"),i=0;i<o.length;i++)o[i].style.display=\"none\";for(i=0;i<a.length;i++)s=a[i],e.source===s.contentWindow&&(s.removeAttribute(\"style\"),\"height\"===t.message?(1e3<(r=parseInt(t.value,10))?r=1e3:~~r<200&&(r=200),s.height=r):\"link\"===t.message&&(r=new URL(s.getAttribute(\"src\")),n=new URL(t.value),c.test(n.protocol))&&n.host===r.host&&l.activeElement===s&&(d.top.location.href=t.value))}},d.addEventListener(\"message\",d.wp.receiveEmbedMessage,!1),l.addEventListener(\"DOMContentLoaded\",function(){for(var e,t,s=l.querySelectorAll(\"iframe.wp-embedded-content\"),r=0;r<s.length;r++)(t=(e=s[r]).getAttribute(\"data-secret\"))||(t=Math.random().toString(36).substring(2,12),e.src+=\"#?secret=\"+t,e.setAttribute(\"data-secret\",t)),e.contentWindow.postMessage({message:\"ready\",secret:t},\"*\")},!1)))}(window,document);\n\/\/# sourceURL=https:\/\/akunq.net\/turkish\/wp-includes\/js\/wp-embed.min.js\n<\/script>\n","description":"Murat Belge \u00a0 \u00a0Pazartesi sabah\u0131n\u0131n Taraf\u2019\u0131nda bir sayfada Dersim K\u0131y\u0131m\u0131 \u00fcst\u00fcne yap\u0131lan belgeselin haberi, bir sayfada Taner Ak\u00e7am\u2019\u0131n Ermeni K\u0131y\u0131m\u0131 \u00fcst\u00fcne Minber\u2019de \u00e7\u0131km\u0131\u015f makaleyi aktaran yaz\u0131s\u0131. Yani sa\u011fa baksan k\u0131y\u0131m, sola baksan k\u0131y\u0131m.Gazetenin b\u00fcy\u00fck, man\u015fetlik haberi de, \u201cfi\u015fleme\u201d! Bu soylu etkinli\u011fin \u015fimdiki h\u00fck\u00fcmet zaman\u0131nda da devam etti\u011fi bildiriliyor. \u201cFi\u015fleme\u201d denilen \u015feyin \u201ck\u0131y\u0131m\u201d denilen \u015feyin bir [&hellip;]","thumbnail_url":"http:\/\/www.taraf.com.tr\/fotoraflar\/yazarlar\/murat-belge_682_b.jpg"}