{"version":"1.0","provider_name":"Bati Ermenistan Ve Bati Ermenileri Sorunlari Ara\u015ftirmalar Merkezi","provider_url":"https:\/\/akunq.net\/turkish","author_name":"kalem","author_url":"https:\/\/akunq.net\/turkish\/author\/kalem\/","title":"'K\u0131l\u0131\u00e7 Art\u0131klar\u0131' Yay\u0131mland\u0131 - Bati Ermenistan Ve Bati Ermenileri Sorunlari Ara\u015ftirmalar Merkezi","type":"rich","width":600,"height":338,"html":"<blockquote class=\"wp-embedded-content\" data-secret=\"flmHYHjvnH\"><a href=\"https:\/\/akunq.net\/turkish\/2013\/12\/02\/kilic-artiklari-yayimlandi\/\">&#8216;K\u0131l\u0131\u00e7 Art\u0131klar\u0131&#8217; Yay\u0131mland\u0131<\/a><\/blockquote><iframe sandbox=\"allow-scripts\" security=\"restricted\" src=\"https:\/\/akunq.net\/turkish\/2013\/12\/02\/kilic-artiklari-yayimlandi\/embed\/#?secret=flmHYHjvnH\" width=\"600\" height=\"338\" title=\"&#8220;&#8216;K\u0131l\u0131\u00e7 Art\u0131klar\u0131&#8217; Yay\u0131mland\u0131&#8221; &#8212; Bati Ermenistan Ve Bati Ermenileri Sorunlari Ara\u015ftirmalar Merkezi\" data-secret=\"flmHYHjvnH\" frameborder=\"0\" marginwidth=\"0\" marginheight=\"0\" scrolling=\"no\" class=\"wp-embedded-content\"><\/iframe><script>\n\/*! This file is auto-generated *\/\n!function(d,l){\"use strict\";l.querySelector&&d.addEventListener&&\"undefined\"!=typeof URL&&(d.wp=d.wp||{},d.wp.receiveEmbedMessage||(d.wp.receiveEmbedMessage=function(e){var t=e.data;if((t||t.secret||t.message||t.value)&&!\/[^a-zA-Z0-9]\/.test(t.secret)){for(var s,r,n,a=l.querySelectorAll('iframe[data-secret=\"'+t.secret+'\"]'),o=l.querySelectorAll('blockquote[data-secret=\"'+t.secret+'\"]'),c=new RegExp(\"^https?:$\",\"i\"),i=0;i<o.length;i++)o[i].style.display=\"none\";for(i=0;i<a.length;i++)s=a[i],e.source===s.contentWindow&&(s.removeAttribute(\"style\"),\"height\"===t.message?(1e3<(r=parseInt(t.value,10))?r=1e3:~~r<200&&(r=200),s.height=r):\"link\"===t.message&&(r=new URL(s.getAttribute(\"src\")),n=new URL(t.value),c.test(n.protocol))&&n.host===r.host&&l.activeElement===s&&(d.top.location.href=t.value))}},d.addEventListener(\"message\",d.wp.receiveEmbedMessage,!1),l.addEventListener(\"DOMContentLoaded\",function(){for(var e,t,s=l.querySelectorAll(\"iframe.wp-embedded-content\"),r=0;r<s.length;r++)(t=(e=s[r]).getAttribute(\"data-secret\"))||(t=Math.random().toString(36).substring(2,12),e.src+=\"#?secret=\"+t,e.setAttribute(\"data-secret\",t)),e.contentWindow.postMessage({message:\"ready\",secret:t},\"*\")},!1)))}(window,document);\n\/\/# sourceURL=https:\/\/akunq.net\/turkish\/wp-includes\/js\/wp-embed.min.js\n<\/script>\n","description":"Osmanl\u0131 \u0130mparatorlu\u011fu\u2019nda Ermeni n\u00fcfusunun b\u00fcy\u00fck bir k\u0131sm\u0131n\u0131n yok edildi\u011fi 1915 tarihinden yakla\u015f\u0131k y\u00fcz y\u0131l sonra, gazeteci-sosyolog Laurence Ritter ile foto\u011fraf\u00e7\u0131 Max Sivaslian, yok edilenlerin hayatta kalan torunlar\u0131n\u0131 ara\u015ft\u0131rmak \u00fczere, Anadolu\u2019nun do\u011fu ve g\u00fcneydo\u011fusunda, \u0130stanbul\u2019da ve Avrupa\u2019da onlarca ki\u015fiyle g\u00f6r\u00fc\u015ft\u00fc. Hrant Dink\u2019in dedi\u011fi gibi, \u201cBu memlekette ya\u015fayanlarla ilgili konu\u015fmak, \u00f6l\u00fcler hakk\u0131nda konu\u015fmaktan daha zor.\u201d M\u00fcsl\u00fcmanla\u015ft\u0131r\u0131lm\u0131\u015f veya [&hellip;]"}