{"version":"1.0","provider_name":"Bati Ermenistan Ve Bati Ermenileri Sorunlari Ara\u015ftirmalar Merkezi","provider_url":"https:\/\/akunq.net\/turkish","author_name":"kalem","author_url":"https:\/\/akunq.net\/turkish\/author\/kalem\/","title":"\u00c7ocuklar M\u00fcsl\u00fcman ailelerin yan\u0131na verilerek asimile edildi - Bati Ermenistan Ve Bati Ermenileri Sorunlari Ara\u015ftirmalar Merkezi","type":"rich","width":600,"height":338,"html":"<blockquote class=\"wp-embedded-content\" data-secret=\"YxWWzO4Npg\"><a href=\"https:\/\/akunq.net\/turkish\/2013\/11\/30\/cocuklar-musluman-ailelerin-yanina-verilerek-asimile-edildi\/\">\u00c7ocuklar M\u00fcsl\u00fcman ailelerin yan\u0131na verilerek asimile edildi<\/a><\/blockquote><iframe sandbox=\"allow-scripts\" security=\"restricted\" src=\"https:\/\/akunq.net\/turkish\/2013\/11\/30\/cocuklar-musluman-ailelerin-yanina-verilerek-asimile-edildi\/embed\/#?secret=YxWWzO4Npg\" width=\"600\" height=\"338\" title=\"&#8220;\u00c7ocuklar M\u00fcsl\u00fcman ailelerin yan\u0131na verilerek asimile edildi&#8221; &#8212; Bati Ermenistan Ve Bati Ermenileri Sorunlari Ara\u015ftirmalar Merkezi\" data-secret=\"YxWWzO4Npg\" frameborder=\"0\" marginwidth=\"0\" marginheight=\"0\" scrolling=\"no\" class=\"wp-embedded-content\"><\/iframe><script>\n\/*! This file is auto-generated *\/\n!function(d,l){\"use strict\";l.querySelector&&d.addEventListener&&\"undefined\"!=typeof URL&&(d.wp=d.wp||{},d.wp.receiveEmbedMessage||(d.wp.receiveEmbedMessage=function(e){var t=e.data;if((t||t.secret||t.message||t.value)&&!\/[^a-zA-Z0-9]\/.test(t.secret)){for(var s,r,n,a=l.querySelectorAll('iframe[data-secret=\"'+t.secret+'\"]'),o=l.querySelectorAll('blockquote[data-secret=\"'+t.secret+'\"]'),c=new RegExp(\"^https?:$\",\"i\"),i=0;i<o.length;i++)o[i].style.display=\"none\";for(i=0;i<a.length;i++)s=a[i],e.source===s.contentWindow&&(s.removeAttribute(\"style\"),\"height\"===t.message?(1e3<(r=parseInt(t.value,10))?r=1e3:~~r<200&&(r=200),s.height=r):\"link\"===t.message&&(r=new URL(s.getAttribute(\"src\")),n=new URL(t.value),c.test(n.protocol))&&n.host===r.host&&l.activeElement===s&&(d.top.location.href=t.value))}},d.addEventListener(\"message\",d.wp.receiveEmbedMessage,!1),l.addEventListener(\"DOMContentLoaded\",function(){for(var e,t,s=l.querySelectorAll(\"iframe.wp-embedded-content\"),r=0;r<s.length;r++)(t=(e=s[r]).getAttribute(\"data-secret\"))||(t=Math.random().toString(36).substring(2,12),e.src+=\"#?secret=\"+t,e.setAttribute(\"data-secret\",t)),e.contentWindow.postMessage({message:\"ready\",secret:t},\"*\")},!1)))}(window,document);\n\/\/# sourceURL=https:\/\/akunq.net\/turkish\/wp-includes\/js\/wp-embed.min.js\n<\/script>\n","description":"FAT\u0130H G\u00d6KHAN D\u0130LER \u00a0\u201c20 Haziran 1915\u2019te \u0130\u00e7i\u015fleri Bakanl\u0131\u011f\u0131 tehciri b\u00fct\u00fcn \u00dc\u00e7\u00fcnc\u00fc Ordu b\u00f6lgesine geni\u015fletti. \u0130ki g\u00fcn sonra ise tehcirden muaf tutulacak ilk Ermeni grubunu belirledi ve b\u00f6lgedeki valilere M\u00fcsl\u00fcmanl\u0131\u011fa ge\u00e7en Ermenilerin yerlerinde kalabilece\u011fini bildirdi. Din de\u011fi\u015ftirme ba\u015fvurular\u0131n\u0131n \u2018samimi\u2019 olmas\u0131 ve yetkililerin inanc\u0131 esast\u0131. Yetkililer \u2018sak\u0131ncal\u0131 ki\u015filerin\u2019, \u00f6rne\u011fin politik ya da di\u011fer \u00f6rg\u00fctlerle ba\u011flant\u0131s\u0131 oldu\u011fundan \u015f\u00fcphelenilen [&hellip;]","thumbnail_url":"https:\/\/akunq.net\/turkish\/wp-content\/uploads\/sites\/5\/2013\/11\/Hilmar-Kaiser.jpg","thumbnail_width":552,"thumbnail_height":400}