{"version":"1.0","provider_name":"Bati Ermenistan Ve Bati Ermenileri Sorunlari Ara\u015ftirmalar Merkezi","provider_url":"https:\/\/akunq.net\/turkish","author_name":"kalem","author_url":"https:\/\/akunq.net\/turkish\/author\/kalem\/","title":"Osmanl\u0131\u2019dan G\u00fcn\u00fcm\u00fcze Tapu ve Emval-i Metruke - Bati Ermenistan Ve Bati Ermenileri Sorunlari Ara\u015ftirmalar Merkezi","type":"rich","width":600,"height":338,"html":"<blockquote class=\"wp-embedded-content\" data-secret=\"qE1yiksL8a\"><a href=\"https:\/\/akunq.net\/turkish\/2013\/11\/23\/osmanlidan-gunumuze-tapu-ve-emval-i-metruke\/\">Osmanl\u0131\u2019dan G\u00fcn\u00fcm\u00fcze Tapu ve Emval-i Metruke<\/a><\/blockquote><iframe sandbox=\"allow-scripts\" security=\"restricted\" src=\"https:\/\/akunq.net\/turkish\/2013\/11\/23\/osmanlidan-gunumuze-tapu-ve-emval-i-metruke\/embed\/#?secret=qE1yiksL8a\" width=\"600\" height=\"338\" title=\"&#8220;Osmanl\u0131\u2019dan G\u00fcn\u00fcm\u00fcze Tapu ve Emval-i Metruke&#8221; &#8212; Bati Ermenistan Ve Bati Ermenileri Sorunlari Ara\u015ftirmalar Merkezi\" data-secret=\"qE1yiksL8a\" frameborder=\"0\" marginwidth=\"0\" marginheight=\"0\" scrolling=\"no\" class=\"wp-embedded-content\"><\/iframe><script>\n\/*! This file is auto-generated *\/\n!function(d,l){\"use strict\";l.querySelector&&d.addEventListener&&\"undefined\"!=typeof URL&&(d.wp=d.wp||{},d.wp.receiveEmbedMessage||(d.wp.receiveEmbedMessage=function(e){var t=e.data;if((t||t.secret||t.message||t.value)&&!\/[^a-zA-Z0-9]\/.test(t.secret)){for(var s,r,n,a=l.querySelectorAll('iframe[data-secret=\"'+t.secret+'\"]'),o=l.querySelectorAll('blockquote[data-secret=\"'+t.secret+'\"]'),c=new RegExp(\"^https?:$\",\"i\"),i=0;i<o.length;i++)o[i].style.display=\"none\";for(i=0;i<a.length;i++)s=a[i],e.source===s.contentWindow&&(s.removeAttribute(\"style\"),\"height\"===t.message?(1e3<(r=parseInt(t.value,10))?r=1e3:~~r<200&&(r=200),s.height=r):\"link\"===t.message&&(r=new URL(s.getAttribute(\"src\")),n=new URL(t.value),c.test(n.protocol))&&n.host===r.host&&l.activeElement===s&&(d.top.location.href=t.value))}},d.addEventListener(\"message\",d.wp.receiveEmbedMessage,!1),l.addEventListener(\"DOMContentLoaded\",function(){for(var e,t,s=l.querySelectorAll(\"iframe.wp-embedded-content\"),r=0;r<s.length;r++)(t=(e=s[r]).getAttribute(\"data-secret\"))||(t=Math.random().toString(36).substring(2,12),e.src+=\"#?secret=\"+t,e.setAttribute(\"data-secret\",t)),e.contentWindow.postMessage({message:\"ready\",secret:t},\"*\")},!1)))}(window,document);\n\/\/# sourceURL=https:\/\/akunq.net\/turkish\/wp-includes\/js\/wp-embed.min.js\n<\/script>\n","description":"Ali ELBEYO\u011eLU E\u011fer Avrupa birli\u011fi projesinden vazge\u00e7ecek ve Rusya\u2019n\u0131n dahi kabul etti\u011fi A\u0130HM\u2019ye bireysel ba\u015fvuru hakk\u0131n\u0131 kald\u0131racaksak ve bunun yan\u0131nda uluslararas\u0131 itibar\u0131m\u0131z\u0131 hi\u00e7e sayacaksak diyecek bir\u015fey yok. Bu \u00e7al\u0131\u015fmam\u0131z\u0131n amac\u0131 meri mevzuat\u0131m\u0131z\u0131 tekrarlamak ve olan\u0131 s\u00f6ylemek de\u011fildir. Olmas\u0131 gerekeni, hukuka ve hakkaniyete uygun olan\u0131 ortaya koymakt\u0131r. Umar\u0131m dikkate al\u0131n\u0131r. M\u00fclkiyet hakk\u0131 ihlalleri \u00fclkemizde s\u0131k\u00e7a rastlanan [&hellip;]"}