{"version":"1.0","provider_name":"Bati Ermenistan Ve Bati Ermenileri Sorunlari Ara\u015ftirmalar Merkezi","provider_url":"https:\/\/akunq.net\/turkish","author_name":"kalem","author_url":"https:\/\/akunq.net\/turkish\/author\/kalem\/","title":"1921 Berlin Talat Pa\u015fa davas\u0131n\u0131n tan\u0131\u011f\u0131 Balakyan - Bati Ermenistan Ve Bati Ermenileri Sorunlari Ara\u015ftirmalar Merkezi","type":"rich","width":600,"height":338,"html":"<blockquote class=\"wp-embedded-content\" data-secret=\"UhD7fdmIA4\"><a href=\"https:\/\/akunq.net\/turkish\/2013\/11\/21\/1921-berlin-talat-pasa-davasinin-tanigi-balakyan\/\">1921 Berlin Talat Pa\u015fa davas\u0131n\u0131n tan\u0131\u011f\u0131 Balakyan<\/a><\/blockquote><iframe sandbox=\"allow-scripts\" security=\"restricted\" src=\"https:\/\/akunq.net\/turkish\/2013\/11\/21\/1921-berlin-talat-pasa-davasinin-tanigi-balakyan\/embed\/#?secret=UhD7fdmIA4\" width=\"600\" height=\"338\" title=\"&#8220;1921 Berlin Talat Pa\u015fa davas\u0131n\u0131n tan\u0131\u011f\u0131 Balakyan&#8221; &#8212; Bati Ermenistan Ve Bati Ermenileri Sorunlari Ara\u015ftirmalar Merkezi\" data-secret=\"UhD7fdmIA4\" frameborder=\"0\" marginwidth=\"0\" marginheight=\"0\" scrolling=\"no\" class=\"wp-embedded-content\"><\/iframe><script>\n\/*! This file is auto-generated *\/\n!function(d,l){\"use strict\";l.querySelector&&d.addEventListener&&\"undefined\"!=typeof URL&&(d.wp=d.wp||{},d.wp.receiveEmbedMessage||(d.wp.receiveEmbedMessage=function(e){var t=e.data;if((t||t.secret||t.message||t.value)&&!\/[^a-zA-Z0-9]\/.test(t.secret)){for(var s,r,n,a=l.querySelectorAll('iframe[data-secret=\"'+t.secret+'\"]'),o=l.querySelectorAll('blockquote[data-secret=\"'+t.secret+'\"]'),c=new RegExp(\"^https?:$\",\"i\"),i=0;i<o.length;i++)o[i].style.display=\"none\";for(i=0;i<a.length;i++)s=a[i],e.source===s.contentWindow&&(s.removeAttribute(\"style\"),\"height\"===t.message?(1e3<(r=parseInt(t.value,10))?r=1e3:~~r<200&&(r=200),s.height=r):\"link\"===t.message&&(r=new URL(s.getAttribute(\"src\")),n=new URL(t.value),c.test(n.protocol))&&n.host===r.host&&l.activeElement===s&&(d.top.location.href=t.value))}},d.addEventListener(\"message\",d.wp.receiveEmbedMessage,!1),l.addEventListener(\"DOMContentLoaded\",function(){for(var e,t,s=l.querySelectorAll(\"iframe.wp-embedded-content\"),r=0;r<s.length;r++)(t=(e=s[r]).getAttribute(\"data-secret\"))||(t=Math.random().toString(36).substring(2,12),e.src+=\"#?secret=\"+t,e.setAttribute(\"data-secret\",t)),e.contentWindow.postMessage({message:\"ready\",secret:t},\"*\")},!1)))}(window,document);\n\/\/# sourceURL=https:\/\/akunq.net\/turkish\/wp-includes\/js\/wp-embed.min.js\n<\/script>\n","description":"Rag\u0131p ZARAKOLU \u015eu s\u0131ralarda, Amerikal\u0131 \u015eair ve Akademisyen Peter Balakian\u2019\u0131n edit\u00f6rl\u00fc\u011f\u00fcn\u00fc ve Ermeniceden \u0130ngilizceye \u00e7evirmenli\u011fini yapt\u0131\u011f\u0131 (*), b\u00fcy\u00fck amcas\u0131 Krikor Balakyan\u2019\u0131n \u201cErmeni Golgathas\u0131\u201d adl\u0131 kitab\u0131n\u0131n bask\u0131ya haz\u0131rlanmas\u0131 ile u\u011fra\u015f\u0131yorum. Kitab\u0131n do\u011frudan Ermeniceden yap\u0131lan \u00e7evirisi zaten elimizdeydi. Fakat yay\u0131na haz\u0131rlarken kar\u015f\u0131la\u015ft\u0131\u011f\u0131m\u0131z sorunlar ve zorluklar Peter Balakin\u2019\u0131n bu harika edisyonu ile m\u00fcmk\u00fcn olabildi. Balakian\u2019\u0131n tan\u0131kl\u0131\u011f\u0131 \u00e7ok \u00f6nemli, [&hellip;]","thumbnail_url":"https:\/\/akunq.net\/turkish\/wp-content\/uploads\/sites\/5\/2013\/11\/Armenian-Golgotha.jpg","thumbnail_width":213,"thumbnail_height":314}