{"version":"1.0","provider_name":"Bati Ermenistan Ve Bati Ermenileri Sorunlari Ara\u015ftirmalar Merkezi","provider_url":"https:\/\/akunq.net\/turkish","author_name":"kalem","author_url":"https:\/\/akunq.net\/turkish\/author\/kalem\/","title":"\u2018Alevi dedeleri devletin maa\u015fl\u0131 memurlar\u0131 haline gelmemeli\u2019 - Bati Ermenistan Ve Bati Ermenileri Sorunlari Ara\u015ftirmalar Merkezi","type":"rich","width":600,"height":338,"html":"<blockquote class=\"wp-embedded-content\" data-secret=\"KayQGgK3ay\"><a href=\"https:\/\/akunq.net\/turkish\/2013\/11\/19\/alevi-dedeleri-devletin-maasli-memurlari-haline-gelmemeli\/\">\u2018Alevi dedeleri devletin maa\u015fl\u0131 memurlar\u0131 haline gelmemeli\u2019<\/a><\/blockquote><iframe sandbox=\"allow-scripts\" security=\"restricted\" src=\"https:\/\/akunq.net\/turkish\/2013\/11\/19\/alevi-dedeleri-devletin-maasli-memurlari-haline-gelmemeli\/embed\/#?secret=KayQGgK3ay\" width=\"600\" height=\"338\" title=\"&#8220;\u2018Alevi dedeleri devletin maa\u015fl\u0131 memurlar\u0131 haline gelmemeli\u2019&#8221; &#8212; Bati Ermenistan Ve Bati Ermenileri Sorunlari Ara\u015ftirmalar Merkezi\" data-secret=\"KayQGgK3ay\" frameborder=\"0\" marginwidth=\"0\" marginheight=\"0\" scrolling=\"no\" class=\"wp-embedded-content\"><\/iframe><script>\n\/*! This file is auto-generated *\/\n!function(d,l){\"use strict\";l.querySelector&&d.addEventListener&&\"undefined\"!=typeof URL&&(d.wp=d.wp||{},d.wp.receiveEmbedMessage||(d.wp.receiveEmbedMessage=function(e){var t=e.data;if((t||t.secret||t.message||t.value)&&!\/[^a-zA-Z0-9]\/.test(t.secret)){for(var s,r,n,a=l.querySelectorAll('iframe[data-secret=\"'+t.secret+'\"]'),o=l.querySelectorAll('blockquote[data-secret=\"'+t.secret+'\"]'),c=new RegExp(\"^https?:$\",\"i\"),i=0;i<o.length;i++)o[i].style.display=\"none\";for(i=0;i<a.length;i++)s=a[i],e.source===s.contentWindow&&(s.removeAttribute(\"style\"),\"height\"===t.message?(1e3<(r=parseInt(t.value,10))?r=1e3:~~r<200&&(r=200),s.height=r):\"link\"===t.message&&(r=new URL(s.getAttribute(\"src\")),n=new URL(t.value),c.test(n.protocol))&&n.host===r.host&&l.activeElement===s&&(d.top.location.href=t.value))}},d.addEventListener(\"message\",d.wp.receiveEmbedMessage,!1),l.addEventListener(\"DOMContentLoaded\",function(){for(var e,t,s=l.querySelectorAll(\"iframe.wp-embedded-content\"),r=0;r<s.length;r++)(t=(e=s[r]).getAttribute(\"data-secret\"))||(t=Math.random().toString(36).substring(2,12),e.src+=\"#?secret=\"+t,e.setAttribute(\"data-secret\",t)),e.contentWindow.postMessage({message:\"ready\",secret:t},\"*\")},!1)))}(window,document);\n\/\/# sourceURL=https:\/\/akunq.net\/turkish\/wp-includes\/js\/wp-embed.min.js\n<\/script>\n","description":"FERDA BALANCAR Mansur Yal\u00e7\u0131n, aslen Dersimli olup, \u0130stanbul\u2019da do\u011fup b\u00fcy\u00fcm\u00fc\u015f bir Alevi dedesi. 20 y\u0131ld\u0131r \u0130stanbul\u2019un en tan\u0131nm\u0131\u015f cemevlerinden biri olan Merdivenk\u00f6y\u2019deki \u015eahkulu Sultan Vakf\u0131\u2019na devam eden Yal\u00e7\u0131n, bundan sekiz y\u0131l \u00f6nce burada a\u00e7\u0131lan Alevilik temel e\u011fitimi okulunda g\u00f6rev yapt\u0131. Yal\u00e7\u0131n ile Alevilerin sorunlar\u0131 hakk\u0131nda ya\u015fanan g\u00fcncel geli\u015fmeleri konu\u015ftuk. Mansur Yal\u00e7\u0131n, aslen Dersimli olup, \u0130stanbul\u2019da [&hellip;]"}