{"version":"1.0","provider_name":"Bati Ermenistan Ve Bati Ermenileri Sorunlari Ara\u015ftirmalar Merkezi","provider_url":"https:\/\/akunq.net\/turkish","author_name":"kalem","author_url":"https:\/\/akunq.net\/turkish\/author\/kalem\/","title":"Mu\u015f\u2019ta bir tarih yok oluyor - Bati Ermenistan Ve Bati Ermenileri Sorunlari Ara\u015ftirmalar Merkezi","type":"rich","width":600,"height":338,"html":"<blockquote class=\"wp-embedded-content\" data-secret=\"SrZe9X3UwF\"><a href=\"https:\/\/akunq.net\/turkish\/2013\/11\/18\/musta-bir-tarih-yok-oluyor\/\">Mu\u015f\u2019ta bir tarih yok oluyor<\/a><\/blockquote><iframe sandbox=\"allow-scripts\" security=\"restricted\" src=\"https:\/\/akunq.net\/turkish\/2013\/11\/18\/musta-bir-tarih-yok-oluyor\/embed\/#?secret=SrZe9X3UwF\" width=\"600\" height=\"338\" title=\"&#8220;Mu\u015f\u2019ta bir tarih yok oluyor&#8221; &#8212; Bati Ermenistan Ve Bati Ermenileri Sorunlari Ara\u015ftirmalar Merkezi\" data-secret=\"SrZe9X3UwF\" frameborder=\"0\" marginwidth=\"0\" marginheight=\"0\" scrolling=\"no\" class=\"wp-embedded-content\"><\/iframe><script>\n\/*! This file is auto-generated *\/\n!function(d,l){\"use strict\";l.querySelector&&d.addEventListener&&\"undefined\"!=typeof URL&&(d.wp=d.wp||{},d.wp.receiveEmbedMessage||(d.wp.receiveEmbedMessage=function(e){var t=e.data;if((t||t.secret||t.message||t.value)&&!\/[^a-zA-Z0-9]\/.test(t.secret)){for(var s,r,n,a=l.querySelectorAll('iframe[data-secret=\"'+t.secret+'\"]'),o=l.querySelectorAll('blockquote[data-secret=\"'+t.secret+'\"]'),c=new RegExp(\"^https?:$\",\"i\"),i=0;i<o.length;i++)o[i].style.display=\"none\";for(i=0;i<a.length;i++)s=a[i],e.source===s.contentWindow&&(s.removeAttribute(\"style\"),\"height\"===t.message?(1e3<(r=parseInt(t.value,10))?r=1e3:~~r<200&&(r=200),s.height=r):\"link\"===t.message&&(r=new URL(s.getAttribute(\"src\")),n=new URL(t.value),c.test(n.protocol))&&n.host===r.host&&l.activeElement===s&&(d.top.location.href=t.value))}},d.addEventListener(\"message\",d.wp.receiveEmbedMessage,!1),l.addEventListener(\"DOMContentLoaded\",function(){for(var e,t,s=l.querySelectorAll(\"iframe.wp-embedded-content\"),r=0;r<s.length;r++)(t=(e=s[r]).getAttribute(\"data-secret\"))||(t=Math.random().toString(36).substring(2,12),e.src+=\"#?secret=\"+t,e.setAttribute(\"data-secret\",t)),e.contentWindow.postMessage({message:\"ready\",secret:t},\"*\")},!1)))}(window,document);\n\/\/# sourceURL=https:\/\/akunq.net\/turkish\/wp-includes\/js\/wp-embed.min.js\n<\/script>\n","description":"HRANT KASPARYAN Ermeni Mimar ve M\u00fchendisler Dayan\u0131\u015fma Derne\u011fi \u00fcyesi Zakarya Mildano\u011flu Mu\u015f\u2019taki tarih\u00ee Ermeni yap\u0131lar\u0131n\u0131 ve yap\u0131lar\u0131n bug\u00fcnk\u00fc durumunu anlatt\u0131. \u0130stanbul Ferik\u00f6y\u2019deki Surp Vartanants Kilisesi Salonu\u2019nda d\u00fcn yap\u0131lan etkinli\u011fe kat\u0131lan Ermeni Mimar ve M\u00fchendisler Dayan\u0131\u015fma Derne\u011fi \u00fcyesi mimar Zakarya Mildano\u011flu slayt g\u00f6sterimiyle Mu\u015f\u2019taki tarih\u00ee Ermeni yap\u0131lar\u0131n\u0131 ve yap\u0131lar\u0131n bug\u00fcnk\u00fc durumunu anlatt\u0131. Yapt\u0131\u011f\u0131 konu\u015fmada, aralar\u0131nda sanat [&hellip;]"}