{"version":"1.0","provider_name":"Bati Ermenistan Ve Bati Ermenileri Sorunlari Ara\u015ftirmalar Merkezi","provider_url":"https:\/\/akunq.net\/turkish","author_name":"kalem","author_url":"https:\/\/akunq.net\/turkish\/author\/kalem\/","title":"Ermeniler'de ge\u00e7mi\u015fi unutma, bizde ge\u00e7mi\u015fi hat\u0131rlama korkusu... - Bati Ermenistan Ve Bati Ermenileri Sorunlari Ara\u015ftirmalar Merkezi","type":"rich","width":600,"height":338,"html":"<blockquote class=\"wp-embedded-content\" data-secret=\"y67QCS1i23\"><a href=\"https:\/\/akunq.net\/turkish\/2013\/11\/14\/ermenilerde-gecmisi-unutma-bizde-gecmisi-hatirlama-korkusu\/\">Ermeniler&#8217;de ge\u00e7mi\u015fi unutma, bizde ge\u00e7mi\u015fi hat\u0131rlama korkusu&#8230;<\/a><\/blockquote><iframe sandbox=\"allow-scripts\" security=\"restricted\" src=\"https:\/\/akunq.net\/turkish\/2013\/11\/14\/ermenilerde-gecmisi-unutma-bizde-gecmisi-hatirlama-korkusu\/embed\/#?secret=y67QCS1i23\" width=\"600\" height=\"338\" title=\"&#8220;Ermeniler&#8217;de ge\u00e7mi\u015fi unutma, bizde ge\u00e7mi\u015fi hat\u0131rlama korkusu&#8230;&#8221; &#8212; Bati Ermenistan Ve Bati Ermenileri Sorunlari Ara\u015ftirmalar Merkezi\" data-secret=\"y67QCS1i23\" frameborder=\"0\" marginwidth=\"0\" marginheight=\"0\" scrolling=\"no\" class=\"wp-embedded-content\"><\/iframe><script>\n\/*! This file is auto-generated *\/\n!function(d,l){\"use strict\";l.querySelector&&d.addEventListener&&\"undefined\"!=typeof URL&&(d.wp=d.wp||{},d.wp.receiveEmbedMessage||(d.wp.receiveEmbedMessage=function(e){var t=e.data;if((t||t.secret||t.message||t.value)&&!\/[^a-zA-Z0-9]\/.test(t.secret)){for(var s,r,n,a=l.querySelectorAll('iframe[data-secret=\"'+t.secret+'\"]'),o=l.querySelectorAll('blockquote[data-secret=\"'+t.secret+'\"]'),c=new RegExp(\"^https?:$\",\"i\"),i=0;i<o.length;i++)o[i].style.display=\"none\";for(i=0;i<a.length;i++)s=a[i],e.source===s.contentWindow&&(s.removeAttribute(\"style\"),\"height\"===t.message?(1e3<(r=parseInt(t.value,10))?r=1e3:~~r<200&&(r=200),s.height=r):\"link\"===t.message&&(r=new URL(s.getAttribute(\"src\")),n=new URL(t.value),c.test(n.protocol))&&n.host===r.host&&l.activeElement===s&&(d.top.location.href=t.value))}},d.addEventListener(\"message\",d.wp.receiveEmbedMessage,!1),l.addEventListener(\"DOMContentLoaded\",function(){for(var e,t,s=l.querySelectorAll(\"iframe.wp-embedded-content\"),r=0;r<s.length;r++)(t=(e=s[r]).getAttribute(\"data-secret\"))||(t=Math.random().toString(36).substring(2,12),e.src+=\"#?secret=\"+t,e.setAttribute(\"data-secret\",t)),e.contentWindow.postMessage({message:\"ready\",secret:t},\"*\")},!1)))}(window,document);\n\/\/# sourceURL=https:\/\/akunq.net\/turkish\/wp-includes\/js\/wp-embed.min.js\n<\/script>\n","description":"Hasan Cemal Ac\u0131yla h\u00fcz\u00fcn ve Anadolu hasreti, New Jersey\u2019de k\u00f6kleri Anadolu\u2019ya, \u0130stanbul\u2019a uzanan Ermenilerle ge\u00e7irdi\u011fim iki g\u00fcn boyunca pe\u015fimizi hi\u00e7 b\u0131rakmad\u0131.\u00a0Ac\u0131larla y\u00fckl\u00fc hat\u0131ralar\u0131n olu\u015fturdu\u011fu bir duygu ve d\u00fc\u015f\u00fcnce aleminde dola\u015f\u0131p durduk iki g\u00fcn. Yahudiler\u2019in Holokost, Ermeniler\u2019in 1915 \u00f6rneklerindeki gibi insanl\u0131k, \u00e7ekti\u011fi ac\u0131lar\u0131 diri tutarak, zamanla var olu\u015funun temel dayana\u011f\u0131 haline getiriyor. Belki de o ac\u0131lar\u0131 [&hellip;]","thumbnail_url":"https:\/\/akunq.net\/turkish\/wp-content\/uploads\/sites\/5\/2013\/11\/Hasan-Cemal.jpg","thumbnail_width":620,"thumbnail_height":269}