{"version":"1.0","provider_name":"Bati Ermenistan Ve Bati Ermenileri Sorunlari Ara\u015ftirmalar Merkezi","provider_url":"https:\/\/akunq.net\/turkish","author_name":"kalem","author_url":"https:\/\/akunq.net\/turkish\/author\/kalem\/","title":"Ermeni Soyk\u0131r\u0131m\u0131\u2019n\u0131n Kara Kitap\u2019\u0131 - Bati Ermenistan Ve Bati Ermenileri Sorunlari Ara\u015ftirmalar Merkezi","type":"rich","width":600,"height":338,"html":"<blockquote class=\"wp-embedded-content\" data-secret=\"oF6RAVqEuM\"><a href=\"https:\/\/akunq.net\/turkish\/2013\/11\/07\/ermeni-soykiriminin-kara-kitapi\/\">Ermeni Soyk\u0131r\u0131m\u0131\u2019n\u0131n Kara Kitap\u2019\u0131<\/a><\/blockquote><iframe sandbox=\"allow-scripts\" security=\"restricted\" src=\"https:\/\/akunq.net\/turkish\/2013\/11\/07\/ermeni-soykiriminin-kara-kitapi\/embed\/#?secret=oF6RAVqEuM\" width=\"600\" height=\"338\" title=\"&#8220;Ermeni Soyk\u0131r\u0131m\u0131\u2019n\u0131n Kara Kitap\u2019\u0131&#8221; &#8212; Bati Ermenistan Ve Bati Ermenileri Sorunlari Ara\u015ftirmalar Merkezi\" data-secret=\"oF6RAVqEuM\" frameborder=\"0\" marginwidth=\"0\" marginheight=\"0\" scrolling=\"no\" class=\"wp-embedded-content\"><\/iframe><script>\n\/*! This file is auto-generated *\/\n!function(d,l){\"use strict\";l.querySelector&&d.addEventListener&&\"undefined\"!=typeof URL&&(d.wp=d.wp||{},d.wp.receiveEmbedMessage||(d.wp.receiveEmbedMessage=function(e){var t=e.data;if((t||t.secret||t.message||t.value)&&!\/[^a-zA-Z0-9]\/.test(t.secret)){for(var s,r,n,a=l.querySelectorAll('iframe[data-secret=\"'+t.secret+'\"]'),o=l.querySelectorAll('blockquote[data-secret=\"'+t.secret+'\"]'),c=new RegExp(\"^https?:$\",\"i\"),i=0;i<o.length;i++)o[i].style.display=\"none\";for(i=0;i<a.length;i++)s=a[i],e.source===s.contentWindow&&(s.removeAttribute(\"style\"),\"height\"===t.message?(1e3<(r=parseInt(t.value,10))?r=1e3:~~r<200&&(r=200),s.height=r):\"link\"===t.message&&(r=new URL(s.getAttribute(\"src\")),n=new URL(t.value),c.test(n.protocol))&&n.host===r.host&&l.activeElement===s&&(d.top.location.href=t.value))}},d.addEventListener(\"message\",d.wp.receiveEmbedMessage,!1),l.addEventListener(\"DOMContentLoaded\",function(){for(var e,t,s=l.querySelectorAll(\"iframe.wp-embedded-content\"),r=0;r<s.length;r++)(t=(e=s[r]).getAttribute(\"data-secret\"))||(t=Math.random().toString(36).substring(2,12),e.src+=\"#?secret=\"+t,e.setAttribute(\"data-secret\",t)),e.contentWindow.postMessage({message:\"ready\",secret:t},\"*\")},!1)))}(window,document);\n\/\/# sourceURL=https:\/\/akunq.net\/turkish\/wp-includes\/js\/wp-embed.min.js\n<\/script>\n","description":"KAR\u0130N KARAKA\u015eLI Albert \u0130soyan\u2019\u0131n yay\u0131na haz\u0131rlad\u0131\u011f\u0131 \u2018Kara Kitap- \u00dcnl\u00fc Yabanc\u0131lar\u0131n G\u00f6z\u00fcyle T\u00fcrk Mezalimi ve Ermeni Soyk\u0131r\u0131m\u0131\u2019 T\u00fcrk\u00e7e olarak bas\u0131ld\u0131. 2011\u2019de Ermenice, 2012\u2019de Rus\u00e7a olarak yay\u0131mlanan eseri, Dr. Hakob \u00c7akryan Ermeniceden \u00e7evirirken, Aram Karapetyan da yay\u0131m sorumlulu\u011funu \u00fcstlendi. Eser, farkl\u0131 milletlere mensup ve insanl\u0131k tarihinde iz b\u0131rakm\u0131\u015f 88 d\u00fc\u015f\u00fcn\u00fcr, b\u00fcy\u00fckel\u00e7i, devlet adam\u0131, gazeteci, seyyah ve yazar\u0131n [&hellip;]","thumbnail_url":"https:\/\/akunq.net\/turkish\/wp-content\/uploads\/sites\/5\/2013\/11\/Kara-Kitap.jpg","thumbnail_width":191,"thumbnail_height":264}