{"version":"1.0","provider_name":"Bati Ermenistan Ve Bati Ermenileri Sorunlari Ara\u015ftirmalar Merkezi","provider_url":"https:\/\/akunq.net\/turkish","author_name":"kalem","author_url":"https:\/\/akunq.net\/turkish\/author\/kalem\/","title":"Bilinmeyen bir darbe giri\u015fimi (2) - Bati Ermenistan Ve Bati Ermenileri Sorunlari Ara\u015ftirmalar Merkezi","type":"rich","width":600,"height":338,"html":"<blockquote class=\"wp-embedded-content\" data-secret=\"IJWOIAsRfG\"><a href=\"https:\/\/akunq.net\/turkish\/2013\/11\/07\/bilinmeyen-bir-darbe-girisimi-2\/\">Bilinmeyen bir darbe giri\u015fimi (2)<\/a><\/blockquote><iframe sandbox=\"allow-scripts\" security=\"restricted\" src=\"https:\/\/akunq.net\/turkish\/2013\/11\/07\/bilinmeyen-bir-darbe-girisimi-2\/embed\/#?secret=IJWOIAsRfG\" width=\"600\" height=\"338\" title=\"&#8220;Bilinmeyen bir darbe giri\u015fimi (2)&#8221; &#8212; Bati Ermenistan Ve Bati Ermenileri Sorunlari Ara\u015ftirmalar Merkezi\" data-secret=\"IJWOIAsRfG\" frameborder=\"0\" marginwidth=\"0\" marginheight=\"0\" scrolling=\"no\" class=\"wp-embedded-content\"><\/iframe><script>\n\/*! This file is auto-generated *\/\n!function(d,l){\"use strict\";l.querySelector&&d.addEventListener&&\"undefined\"!=typeof URL&&(d.wp=d.wp||{},d.wp.receiveEmbedMessage||(d.wp.receiveEmbedMessage=function(e){var t=e.data;if((t||t.secret||t.message||t.value)&&!\/[^a-zA-Z0-9]\/.test(t.secret)){for(var s,r,n,a=l.querySelectorAll('iframe[data-secret=\"'+t.secret+'\"]'),o=l.querySelectorAll('blockquote[data-secret=\"'+t.secret+'\"]'),c=new RegExp(\"^https?:$\",\"i\"),i=0;i<o.length;i++)o[i].style.display=\"none\";for(i=0;i<a.length;i++)s=a[i],e.source===s.contentWindow&&(s.removeAttribute(\"style\"),\"height\"===t.message?(1e3<(r=parseInt(t.value,10))?r=1e3:~~r<200&&(r=200),s.height=r):\"link\"===t.message&&(r=new URL(s.getAttribute(\"src\")),n=new URL(t.value),c.test(n.protocol))&&n.host===r.host&&l.activeElement===s&&(d.top.location.href=t.value))}},d.addEventListener(\"message\",d.wp.receiveEmbedMessage,!1),l.addEventListener(\"DOMContentLoaded\",function(){for(var e,t,s=l.querySelectorAll(\"iframe.wp-embedded-content\"),r=0;r<s.length;r++)(t=(e=s[r]).getAttribute(\"data-secret\"))||(t=Math.random().toString(36).substring(2,12),e.src+=\"#?secret=\"+t,e.setAttribute(\"data-secret\",t)),e.contentWindow.postMessage({message:\"ready\",secret:t},\"*\")},!1)))}(window,document);\n\/\/# sourceURL=https:\/\/akunq.net\/turkish\/wp-includes\/js\/wp-embed.min.js\n<\/script>\n","description":"Taner Ak\u00e7am 1914 Eyl\u00fcl ay\u0131nda planlanan ama sonra uygulanmas\u0131na gerek g\u00f6r\u00fclmeyen bir darbe te\u015febb\u00fcs\u00fcnden bahsediyordum. \u0130ttihat ve Terakki h\u00fck\u00fcmeti i\u00e7inde iki grup vard\u0131. Bir grup sava\u015f yanl\u0131s\u0131 idi ve bir an \u00f6nce sava\u015fa girmek istiyordu. Di\u011fer ekip ise ayak diriyordu. Sonu\u00e7ta,\u00a0Talat,\u00a0Enver,\u00a0Cemal,\u00a0Halil Mente\u015fe\u00a0gibi isimlerin ba\u015f\u0131n\u0131 \u00e7ekti\u011fi\u00a0\u0130ttihat\u00e7\u0131 ekip h\u00fck\u00fcmet i\u00e7indeki sava\u015f kar\u015f\u0131tlar\u0131n\u0131, sava\u015fa girmeyi geciktirdikleri i\u00e7in asker\u00ee [&hellip;]","thumbnail_url":"https:\/\/akunq.net\/turkish\/wp-content\/uploads\/sites\/5\/2013\/11\/Taner-Akcam1.jpg","thumbnail_width":150,"thumbnail_height":214}