{"version":"1.0","provider_name":"Bati Ermenistan Ve Bati Ermenileri Sorunlari Ara\u015ftirmalar Merkezi","provider_url":"https:\/\/akunq.net\/turkish","author_name":"kalem","author_url":"https:\/\/akunq.net\/turkish\/author\/kalem\/","title":"K\u0131l\u0131\u00e7daro\u011flu: CHP\u2019de ba\u015f\u00f6rt\u00fcl\u00fc aday niye olmas\u0131n - Bati Ermenistan Ve Bati Ermenileri Sorunlari Ara\u015ftirmalar Merkezi","type":"rich","width":600,"height":338,"html":"<blockquote class=\"wp-embedded-content\" data-secret=\"78rmOtECI6\"><a href=\"https:\/\/akunq.net\/turkish\/2013\/11\/05\/kilicdaroglu-chpde-basortulu-aday-niye-olmasin\/\">K\u0131l\u0131\u00e7daro\u011flu: CHP\u2019de ba\u015f\u00f6rt\u00fcl\u00fc aday niye olmas\u0131n<\/a><\/blockquote><iframe sandbox=\"allow-scripts\" security=\"restricted\" src=\"https:\/\/akunq.net\/turkish\/2013\/11\/05\/kilicdaroglu-chpde-basortulu-aday-niye-olmasin\/embed\/#?secret=78rmOtECI6\" width=\"600\" height=\"338\" title=\"&#8220;K\u0131l\u0131\u00e7daro\u011flu: CHP\u2019de ba\u015f\u00f6rt\u00fcl\u00fc aday niye olmas\u0131n&#8221; &#8212; Bati Ermenistan Ve Bati Ermenileri Sorunlari Ara\u015ftirmalar Merkezi\" data-secret=\"78rmOtECI6\" frameborder=\"0\" marginwidth=\"0\" marginheight=\"0\" scrolling=\"no\" class=\"wp-embedded-content\"><\/iframe><script>\n\/*! This file is auto-generated *\/\n!function(d,l){\"use strict\";l.querySelector&&d.addEventListener&&\"undefined\"!=typeof URL&&(d.wp=d.wp||{},d.wp.receiveEmbedMessage||(d.wp.receiveEmbedMessage=function(e){var t=e.data;if((t||t.secret||t.message||t.value)&&!\/[^a-zA-Z0-9]\/.test(t.secret)){for(var s,r,n,a=l.querySelectorAll('iframe[data-secret=\"'+t.secret+'\"]'),o=l.querySelectorAll('blockquote[data-secret=\"'+t.secret+'\"]'),c=new RegExp(\"^https?:$\",\"i\"),i=0;i<o.length;i++)o[i].style.display=\"none\";for(i=0;i<a.length;i++)s=a[i],e.source===s.contentWindow&&(s.removeAttribute(\"style\"),\"height\"===t.message?(1e3<(r=parseInt(t.value,10))?r=1e3:~~r<200&&(r=200),s.height=r):\"link\"===t.message&&(r=new URL(s.getAttribute(\"src\")),n=new URL(t.value),c.test(n.protocol))&&n.host===r.host&&l.activeElement===s&&(d.top.location.href=t.value))}},d.addEventListener(\"message\",d.wp.receiveEmbedMessage,!1),l.addEventListener(\"DOMContentLoaded\",function(){for(var e,t,s=l.querySelectorAll(\"iframe.wp-embedded-content\"),r=0;r<s.length;r++)(t=(e=s[r]).getAttribute(\"data-secret\"))||(t=Math.random().toString(36).substring(2,12),e.src+=\"#?secret=\"+t,e.setAttribute(\"data-secret\",t)),e.contentWindow.postMessage({message:\"ready\",secret:t},\"*\")},!1)))}(window,document);\n\/\/# sourceURL=https:\/\/akunq.net\/turkish\/wp-includes\/js\/wp-embed.min.js\n<\/script>\n","description":"K\u0131l\u0131\u00e7daro\u011flu: Say\u0131n Sar\u0131g\u00fcl, &#8216;Ben CHP\u2019nin Genel Ba\u015fkan\u0131 olaca\u011f\u0131m&#8217; diyorsa, bunun yollar\u0131 vard\u0131r, kurallar\u0131 vard\u0131r, kurultay\u0131 vard\u0131r. Gelir, kurultaya girer, se\u00e7ilirse se\u00e7ilir. Partisinde ba\u015f\u00f6rt\u00fcl\u00fc adaylara ye\u015fil \u0131\u015f\u0131k yakan CHP Genel Ba\u015fkan\u0131 Kemal K\u0131l\u0131\u00e7daro\u011flu, \u201cGelip adayl\u0131k ba\u015fvurusu yaps\u0131nlar, \u015fu anda fiilen parti y\u00f6netim kadrolar\u0131nda ba\u015f\u00f6rt\u00fcl\u00fc \u00e7ok say\u0131da kad\u0131n var. Hi\u00e7bir zaman onlara niye geliyorsunuz demedik&#8221; ifadelerini kulland\u0131. [&hellip;]","thumbnail_url":"http:\/\/media.t24.com.tr\/stories\/2013\/11\/page_kilicdaroglu-chpde-basortulu-aday-niye-olmasin_941174166.jpg"}