{"version":"1.0","provider_name":"Bati Ermenistan Ve Bati Ermenileri Sorunlari Ara\u015ftirmalar Merkezi","provider_url":"https:\/\/akunq.net\/turkish","author_name":"kalem","author_url":"https:\/\/akunq.net\/turkish\/author\/kalem\/","title":"KCK davas\u0131 siyasi \u015fike - Bati Ermenistan Ve Bati Ermenileri Sorunlari Ara\u015ftirmalar Merkezi","type":"rich","width":600,"height":338,"html":"<blockquote class=\"wp-embedded-content\" data-secret=\"wqmtlg3yeT\"><a href=\"https:\/\/akunq.net\/turkish\/2013\/11\/01\/kck-davasi-siyasi-sike\/\">KCK davas\u0131 siyasi \u015fike<\/a><\/blockquote><iframe sandbox=\"allow-scripts\" security=\"restricted\" src=\"https:\/\/akunq.net\/turkish\/2013\/11\/01\/kck-davasi-siyasi-sike\/embed\/#?secret=wqmtlg3yeT\" width=\"600\" height=\"338\" title=\"&#8220;KCK davas\u0131 siyasi \u015fike&#8221; &#8212; Bati Ermenistan Ve Bati Ermenileri Sorunlari Ara\u015ftirmalar Merkezi\" data-secret=\"wqmtlg3yeT\" frameborder=\"0\" marginwidth=\"0\" marginheight=\"0\" scrolling=\"no\" class=\"wp-embedded-content\"><\/iframe><script>\n\/*! This file is auto-generated *\/\n!function(d,l){\"use strict\";l.querySelector&&d.addEventListener&&\"undefined\"!=typeof URL&&(d.wp=d.wp||{},d.wp.receiveEmbedMessage||(d.wp.receiveEmbedMessage=function(e){var t=e.data;if((t||t.secret||t.message||t.value)&&!\/[^a-zA-Z0-9]\/.test(t.secret)){for(var s,r,n,a=l.querySelectorAll('iframe[data-secret=\"'+t.secret+'\"]'),o=l.querySelectorAll('blockquote[data-secret=\"'+t.secret+'\"]'),c=new RegExp(\"^https?:$\",\"i\"),i=0;i<o.length;i++)o[i].style.display=\"none\";for(i=0;i<a.length;i++)s=a[i],e.source===s.contentWindow&&(s.removeAttribute(\"style\"),\"height\"===t.message?(1e3<(r=parseInt(t.value,10))?r=1e3:~~r<200&&(r=200),s.height=r):\"link\"===t.message&&(r=new URL(s.getAttribute(\"src\")),n=new URL(t.value),c.test(n.protocol))&&n.host===r.host&&l.activeElement===s&&(d.top.location.href=t.value))}},d.addEventListener(\"message\",d.wp.receiveEmbedMessage,!1),l.addEventListener(\"DOMContentLoaded\",function(){for(var e,t,s=l.querySelectorAll(\"iframe.wp-embedded-content\"),r=0;r<s.length;r++)(t=(e=s[r]).getAttribute(\"data-secret\"))||(t=Math.random().toString(36).substring(2,12),e.src+=\"#?secret=\"+t,e.setAttribute(\"data-secret\",t)),e.contentWindow.postMessage({message:\"ready\",secret:t},\"*\")},!1)))}(window,document);\n\/\/# sourceURL=https:\/\/akunq.net\/turkish\/wp-includes\/js\/wp-embed.min.js\n<\/script>\n","description":"HRANT KASPARYAN KCK davas\u0131nda tutuksuz yarg\u0131lanan yay\u0131nc\u0131 Rag\u0131p Zarakolu\u2019ya g\u00f6re bu dava siyasi bir \u015fike. Zarakolu, \u201cKCK\u2019l\u0131 diye tutuklananlar\u0131n tek su\u00e7u yerel se\u00e7imde ba\u015far\u0131l\u0131 olmak\u201d dedi. KCK davas\u0131 kapsam\u0131nda 31 Ekim 2011\u2019de tutuklanan Belge Yay\u0131nevi\u2019nin sahibi, yay\u0131nc\u0131 ve yazar Rag\u0131p Zarakolu, 10 Nisan 2012\u2019de tahliye edildi. O\u011flu Deniz Zarakolu da ayn\u0131 dava kapsam\u0131nda 7 Ekim [&hellip;]"}