{"version":"1.0","provider_name":"Bati Ermenistan Ve Bati Ermenileri Sorunlari Ara\u015ftirmalar Merkezi","provider_url":"https:\/\/akunq.net\/turkish","author_name":"kalem","author_url":"https:\/\/akunq.net\/turkish\/author\/kalem\/","title":"Prof. Dr. Verjine Svazlian ve 1915\u2019in s\u00f6zl\u00fc tarihi - Bati Ermenistan Ve Bati Ermenileri Sorunlari Ara\u015ftirmalar Merkezi","type":"rich","width":600,"height":338,"html":"<blockquote class=\"wp-embedded-content\" data-secret=\"F5OYOG59bc\"><a href=\"https:\/\/akunq.net\/turkish\/2013\/10\/21\/prof-dr-verjine-svazlian-ve-1915in-sozlu-tarihi\/\">Prof. Dr. Verjine Svazlian ve 1915\u2019in s\u00f6zl\u00fc tarihi<\/a><\/blockquote><iframe sandbox=\"allow-scripts\" security=\"restricted\" src=\"https:\/\/akunq.net\/turkish\/2013\/10\/21\/prof-dr-verjine-svazlian-ve-1915in-sozlu-tarihi\/embed\/#?secret=F5OYOG59bc\" width=\"600\" height=\"338\" title=\"&#8220;Prof. Dr. Verjine Svazlian ve 1915\u2019in s\u00f6zl\u00fc tarihi&#8221; &#8212; Bati Ermenistan Ve Bati Ermenileri Sorunlari Ara\u015ftirmalar Merkezi\" data-secret=\"F5OYOG59bc\" frameborder=\"0\" marginwidth=\"0\" marginheight=\"0\" scrolling=\"no\" class=\"wp-embedded-content\"><\/iframe><script>\n\/*! This file is auto-generated *\/\n!function(d,l){\"use strict\";l.querySelector&&d.addEventListener&&\"undefined\"!=typeof URL&&(d.wp=d.wp||{},d.wp.receiveEmbedMessage||(d.wp.receiveEmbedMessage=function(e){var t=e.data;if((t||t.secret||t.message||t.value)&&!\/[^a-zA-Z0-9]\/.test(t.secret)){for(var s,r,n,a=l.querySelectorAll('iframe[data-secret=\"'+t.secret+'\"]'),o=l.querySelectorAll('blockquote[data-secret=\"'+t.secret+'\"]'),c=new RegExp(\"^https?:$\",\"i\"),i=0;i<o.length;i++)o[i].style.display=\"none\";for(i=0;i<a.length;i++)s=a[i],e.source===s.contentWindow&&(s.removeAttribute(\"style\"),\"height\"===t.message?(1e3<(r=parseInt(t.value,10))?r=1e3:~~r<200&&(r=200),s.height=r):\"link\"===t.message&&(r=new URL(s.getAttribute(\"src\")),n=new URL(t.value),c.test(n.protocol))&&n.host===r.host&&l.activeElement===s&&(d.top.location.href=t.value))}},d.addEventListener(\"message\",d.wp.receiveEmbedMessage,!1),l.addEventListener(\"DOMContentLoaded\",function(){for(var e,t,s=l.querySelectorAll(\"iframe.wp-embedded-content\"),r=0;r<s.length;r++)(t=(e=s[r]).getAttribute(\"data-secret\"))||(t=Math.random().toString(36).substring(2,12),e.src+=\"#?secret=\"+t,e.setAttribute(\"data-secret\",t)),e.contentWindow.postMessage({message:\"ready\",secret:t},\"*\")},!1)))}(window,document);\n\/\/# sourceURL=https:\/\/akunq.net\/turkish\/wp-includes\/js\/wp-embed.min.js\n<\/script>\n","description":"RAGIP ZARAKOLU * \/ Prof. Svazlian\u2019\u0131n \u201c1915\u2019in S\u00f6zl\u00fc Tarihi\u201d adl\u0131 kitab\u0131nda anlat\u0131lan ayn\u0131 zamanda bizim hik\u00e2yemizdi. \u0130yisiyle, k\u00f6t\u00fcs\u00fcyle, korkuncu ile Anadolu\u2019nun \u00f6yk\u00fcs\u00fc. Sevgili Verjine iyi ki vars\u0131n. Sana sonsuz te\u015fekk\u00fcr bor\u00e7luyuz Prof. Dr. Verjine Svazlian ile, 1998 y\u0131l\u0131nda Soyk\u0131r\u0131m M\u00fczesi\u2019nin davetlisi olarak, Ermenistan Bilimler Akademisi\u2019nin Avusturya K\u00fclt\u00fcr Ofisi ile birlikte d\u00fczenledi\u011fi \u201cFranz Werfel ve Musada\u011f\u201d [&hellip;]","thumbnail_url":"https:\/\/akunq.net\/turkish\/wp-content\/uploads\/sites\/5\/2013\/10\/Taraf1.jpg","thumbnail_width":300,"thumbnail_height":200}