{"version":"1.0","provider_name":"Bati Ermenistan Ve Bati Ermenileri Sorunlari Ara\u015ftirmalar Merkezi","provider_url":"https:\/\/akunq.net\/turkish","author_name":"kalem","author_url":"https:\/\/akunq.net\/turkish\/author\/kalem\/","title":"Azerbaycan\u2019dan \u201cH\u00fcrriyet\u201de Karaba\u011f \u00f6fkesi - Bati Ermenistan Ve Bati Ermenileri Sorunlari Ara\u015ftirmalar Merkezi","type":"rich","width":600,"height":338,"html":"<blockquote class=\"wp-embedded-content\" data-secret=\"PmKRCykQOH\"><a href=\"https:\/\/akunq.net\/turkish\/2013\/10\/19\/azerbaycandan-hurriyete-karabag-ofkesi\/\">Azerbaycan\u2019dan \u201cH\u00fcrriyet\u201de Karaba\u011f \u00f6fkesi<\/a><\/blockquote><iframe sandbox=\"allow-scripts\" security=\"restricted\" src=\"https:\/\/akunq.net\/turkish\/2013\/10\/19\/azerbaycandan-hurriyete-karabag-ofkesi\/embed\/#?secret=PmKRCykQOH\" width=\"600\" height=\"338\" title=\"&#8220;Azerbaycan\u2019dan \u201cH\u00fcrriyet\u201de Karaba\u011f \u00f6fkesi&#8221; &#8212; Bati Ermenistan Ve Bati Ermenileri Sorunlari Ara\u015ftirmalar Merkezi\" data-secret=\"PmKRCykQOH\" frameborder=\"0\" marginwidth=\"0\" marginheight=\"0\" scrolling=\"no\" class=\"wp-embedded-content\"><\/iframe><script>\n\/*! This file is auto-generated *\/\n!function(d,l){\"use strict\";l.querySelector&&d.addEventListener&&\"undefined\"!=typeof URL&&(d.wp=d.wp||{},d.wp.receiveEmbedMessage||(d.wp.receiveEmbedMessage=function(e){var t=e.data;if((t||t.secret||t.message||t.value)&&!\/[^a-zA-Z0-9]\/.test(t.secret)){for(var s,r,n,a=l.querySelectorAll('iframe[data-secret=\"'+t.secret+'\"]'),o=l.querySelectorAll('blockquote[data-secret=\"'+t.secret+'\"]'),c=new RegExp(\"^https?:$\",\"i\"),i=0;i<o.length;i++)o[i].style.display=\"none\";for(i=0;i<a.length;i++)s=a[i],e.source===s.contentWindow&&(s.removeAttribute(\"style\"),\"height\"===t.message?(1e3<(r=parseInt(t.value,10))?r=1e3:~~r<200&&(r=200),s.height=r):\"link\"===t.message&&(r=new URL(s.getAttribute(\"src\")),n=new URL(t.value),c.test(n.protocol))&&n.host===r.host&&l.activeElement===s&&(d.top.location.href=t.value))}},d.addEventListener(\"message\",d.wp.receiveEmbedMessage,!1),l.addEventListener(\"DOMContentLoaded\",function(){for(var e,t,s=l.querySelectorAll(\"iframe.wp-embedded-content\"),r=0;r<s.length;r++)(t=(e=s[r]).getAttribute(\"data-secret\"))||(t=Math.random().toString(36).substring(2,12),e.src+=\"#?secret=\"+t,e.setAttribute(\"data-secret\",t)),e.contentWindow.postMessage({message:\"ready\",secret:t},\"*\")},!1)))}(window,document);\n\/\/# sourceURL=https:\/\/akunq.net\/turkish\/wp-includes\/js\/wp-embed.min.js\n<\/script>\n","description":"Azerbaycan kaynakl\u0131 1news.az sitesinin \u201cH\u00fcrriyet\u2019ten Azerbaycan\u2019\u0131n toprak b\u00fct\u00fcnl\u00fc\u011f\u00fcne b\u00fcy\u00fck sayg\u0131s\u0131zl\u0131k \u201cba\u015fl\u0131\u011f\u0131n\u0131 ta\u015f\u0131yan haberin konusu T\u00fcrkiye\u2019de yay\u0131nlanan H\u00fcrriyet gazetesinin sitesinde kay\u0131tl\u0131 kullan\u0131c\u0131 olabilmek i\u00e7in olu\u015fturulan forumda Da\u011fl\u0131k Karaba\u011f Cumhuriyetinin isminin ayr\u0131 devlet olarak \u00e7\u0131kmas\u0131d\u0131r. Kullan\u0131c\u0131lar uyruklar\u0131n\u0131 se\u00e7mek \u00fczere \u00fclke listesine bakt\u0131klar\u0131nda kar\u015f\u0131lar\u0131na \u00e7\u0131kan se\u00e7enekler aras\u0131nda Da\u011fl\u0131k Karaba\u011f Cumhuriyetinin de yer ald\u0131\u011f\u0131n\u0131 Azerbaycanl\u0131lar\u0131 ciddice k\u0131zd\u0131rd\u0131. 1News.az\u2019a g\u00f6re [&hellip;]"}