{"version":"1.0","provider_name":"Bati Ermenistan Ve Bati Ermenileri Sorunlari Ara\u015ftirmalar Merkezi","provider_url":"https:\/\/akunq.net\/turkish","author_name":"kalem","author_url":"https:\/\/akunq.net\/turkish\/author\/kalem\/","title":"Ba\u015fbakan az\u0131nl\u0131klar konusunda iyi niyetli mi? - Bati Ermenistan Ve Bati Ermenileri Sorunlari Ara\u015ftirmalar Merkezi","type":"rich","width":600,"height":338,"html":"<blockquote class=\"wp-embedded-content\" data-secret=\"jOiIQAQnyG\"><a href=\"https:\/\/akunq.net\/turkish\/2013\/10\/12\/basbakan-azinliklar-konusunda-iyi-niyetli-mi\/\">Ba\u015fbakan az\u0131nl\u0131klar konusunda iyi niyetli mi?<\/a><\/blockquote><iframe sandbox=\"allow-scripts\" security=\"restricted\" src=\"https:\/\/akunq.net\/turkish\/2013\/10\/12\/basbakan-azinliklar-konusunda-iyi-niyetli-mi\/embed\/#?secret=jOiIQAQnyG\" width=\"600\" height=\"338\" title=\"&#8220;Ba\u015fbakan az\u0131nl\u0131klar konusunda iyi niyetli mi?&#8221; &#8212; Bati Ermenistan Ve Bati Ermenileri Sorunlari Ara\u015ftirmalar Merkezi\" data-secret=\"jOiIQAQnyG\" frameborder=\"0\" marginwidth=\"0\" marginheight=\"0\" scrolling=\"no\" class=\"wp-embedded-content\"><\/iframe><script>\n\/*! This file is auto-generated *\/\n!function(d,l){\"use strict\";l.querySelector&&d.addEventListener&&\"undefined\"!=typeof URL&&(d.wp=d.wp||{},d.wp.receiveEmbedMessage||(d.wp.receiveEmbedMessage=function(e){var t=e.data;if((t||t.secret||t.message||t.value)&&!\/[^a-zA-Z0-9]\/.test(t.secret)){for(var s,r,n,a=l.querySelectorAll('iframe[data-secret=\"'+t.secret+'\"]'),o=l.querySelectorAll('blockquote[data-secret=\"'+t.secret+'\"]'),c=new RegExp(\"^https?:$\",\"i\"),i=0;i<o.length;i++)o[i].style.display=\"none\";for(i=0;i<a.length;i++)s=a[i],e.source===s.contentWindow&&(s.removeAttribute(\"style\"),\"height\"===t.message?(1e3<(r=parseInt(t.value,10))?r=1e3:~~r<200&&(r=200),s.height=r):\"link\"===t.message&&(r=new URL(s.getAttribute(\"src\")),n=new URL(t.value),c.test(n.protocol))&&n.host===r.host&&l.activeElement===s&&(d.top.location.href=t.value))}},d.addEventListener(\"message\",d.wp.receiveEmbedMessage,!1),l.addEventListener(\"DOMContentLoaded\",function(){for(var e,t,s=l.querySelectorAll(\"iframe.wp-embedded-content\"),r=0;r<s.length;r++)(t=(e=s[r]).getAttribute(\"data-secret\"))||(t=Math.random().toString(36).substring(2,12),e.src+=\"#?secret=\"+t,e.setAttribute(\"data-secret\",t)),e.contentWindow.postMessage({message:\"ready\",secret:t},\"*\")},!1)))}(window,document);\n\/\/# sourceURL=https:\/\/akunq.net\/turkish\/wp-includes\/js\/wp-embed.min.js\n<\/script>\n","description":"Rober Kopta\u015f, Ruhban Okulu ve az\u0131nl\u0131k haklar\u0131 konusunda Ba\u015fbakan Erdo\u011fan\u2019\u0131n tavr\u0131n\u0131 ele\u015ftirdi. Erdo\u011fan\u2019\u0131n \u201cM\u00fcslimin de gayrim\u00fcslimin de hakk\u0131n\u0131 korumak devletin g\u00f6revidir\u201d s\u00f6z\u00fcn\u00fc an\u0131msatan Kopta\u015f, \u201cPeki, madem ortada \u2018\u0130yi niyetimiz\u2019 diye s\u00f6z\u00fc edilen bir iyi niyet var, Ba\u015fbakan ve iktidar\u0131, bu ad\u0131mlar\u0131n eksik ve y\u00fczeysel oldu\u011fu ele\u015ftirisine kulak vermede neden bu kadar \u2018niyetsiz\u2019?\u201d diye sordu. RoberKopta\u015f [&hellip;]"}