{"version":"1.0","provider_name":"Bati Ermenistan Ve Bati Ermenileri Sorunlari Ara\u015ftirmalar Merkezi","provider_url":"https:\/\/akunq.net\/turkish","author_name":"kalem","author_url":"https:\/\/akunq.net\/turkish\/author\/kalem\/","title":"Aristoteles; T\u00fcrkiye Adaletinin \u00d6c\u00fcs\u00fc - Bati Ermenistan Ve Bati Ermenileri Sorunlari Ara\u015ftirmalar Merkezi","type":"rich","width":600,"height":338,"html":"<blockquote class=\"wp-embedded-content\" data-secret=\"xSbCvcf2sL\"><a href=\"https:\/\/akunq.net\/turkish\/2013\/10\/11\/aristoteles-turkiye-adaletinin-ocusu\/\">Aristoteles; T\u00fcrkiye Adaletinin \u00d6c\u00fcs\u00fc<\/a><\/blockquote><iframe sandbox=\"allow-scripts\" security=\"restricted\" src=\"https:\/\/akunq.net\/turkish\/2013\/10\/11\/aristoteles-turkiye-adaletinin-ocusu\/embed\/#?secret=xSbCvcf2sL\" width=\"600\" height=\"338\" title=\"&#8220;Aristoteles; T\u00fcrkiye Adaletinin \u00d6c\u00fcs\u00fc&#8221; &#8212; Bati Ermenistan Ve Bati Ermenileri Sorunlari Ara\u015ftirmalar Merkezi\" data-secret=\"xSbCvcf2sL\" frameborder=\"0\" marginwidth=\"0\" marginheight=\"0\" scrolling=\"no\" class=\"wp-embedded-content\"><\/iframe><script>\n\/*! This file is auto-generated *\/\n!function(d,l){\"use strict\";l.querySelector&&d.addEventListener&&\"undefined\"!=typeof URL&&(d.wp=d.wp||{},d.wp.receiveEmbedMessage||(d.wp.receiveEmbedMessage=function(e){var t=e.data;if((t||t.secret||t.message||t.value)&&!\/[^a-zA-Z0-9]\/.test(t.secret)){for(var s,r,n,a=l.querySelectorAll('iframe[data-secret=\"'+t.secret+'\"]'),o=l.querySelectorAll('blockquote[data-secret=\"'+t.secret+'\"]'),c=new RegExp(\"^https?:$\",\"i\"),i=0;i<o.length;i++)o[i].style.display=\"none\";for(i=0;i<a.length;i++)s=a[i],e.source===s.contentWindow&&(s.removeAttribute(\"style\"),\"height\"===t.message?(1e3<(r=parseInt(t.value,10))?r=1e3:~~r<200&&(r=200),s.height=r):\"link\"===t.message&&(r=new URL(s.getAttribute(\"src\")),n=new URL(t.value),c.test(n.protocol))&&n.host===r.host&&l.activeElement===s&&(d.top.location.href=t.value))}},d.addEventListener(\"message\",d.wp.receiveEmbedMessage,!1),l.addEventListener(\"DOMContentLoaded\",function(){for(var e,t,s=l.querySelectorAll(\"iframe.wp-embedded-content\"),r=0;r<s.length;r++)(t=(e=s[r]).getAttribute(\"data-secret\"))||(t=Math.random().toString(36).substring(2,12),e.src+=\"#?secret=\"+t,e.setAttribute(\"data-secret\",t)),e.contentWindow.postMessage({message:\"ready\",secret:t},\"*\")},!1)))}(window,document);\n\/\/# sourceURL=https:\/\/akunq.net\/turkish\/wp-includes\/js\/wp-embed.min.js\n<\/script>\n","description":"Seta Papazian Huffington Post\u2019ta KCK davalar\u0131n\u0131 de\u011ferlendirdi\u2026 VAN Kolektifi Ba\u015fkan\u0131 (Vigilance Armenienne contre le Negationnisme \u2013 \u0130nk\u00e2rc\u0131l\u0131\u011fa kar\u015f\u0131 Ermeni Teyakkuzu) Seta Papazian Huffington Post\u2019un Frans\u0131zca olarak yay\u0131nlanan sitesinde T\u00fcrkiye\u2019de s\u00fcren KCK davalar\u0131n\u0131 de\u011ferlendiren bir makale kaleme ald\u0131. Ba\u015fbakan\u0131 Erdo\u011fan\u2019\u0131n a\u00e7\u0131klad\u0131\u011f\u0131 \u201cdemokratikle\u015fme paketi\u201dni \u201cneo-Osmanl\u0131\u201d diplomasisi propagandas\u0131 olarak de\u011ferlendiren Papazian, 7000 siyasi tutuklunun serbest b\u0131rak\u0131lmamas\u0131 i\u00e7in tam [&hellip;]"}