{"version":"1.0","provider_name":"Bati Ermenistan Ve Bati Ermenileri Sorunlari Ara\u015ftirmalar Merkezi","provider_url":"https:\/\/akunq.net\/turkish","author_name":"kalem","author_url":"https:\/\/akunq.net\/turkish\/author\/kalem\/","title":"Quo Vadimus - Bati Ermenistan Ve Bati Ermenileri Sorunlari Ara\u015ftirmalar Merkezi","type":"rich","width":600,"height":338,"html":"<blockquote class=\"wp-embedded-content\" data-secret=\"wFnC83H0Ej\"><a href=\"https:\/\/akunq.net\/turkish\/2013\/09\/27\/quo-vadimus\/\">Quo Vadimus<\/a><\/blockquote><iframe sandbox=\"allow-scripts\" security=\"restricted\" src=\"https:\/\/akunq.net\/turkish\/2013\/09\/27\/quo-vadimus\/embed\/#?secret=wFnC83H0Ej\" width=\"600\" height=\"338\" title=\"&#8220;Quo Vadimus&#8221; &#8212; Bati Ermenistan Ve Bati Ermenileri Sorunlari Ara\u015ftirmalar Merkezi\" data-secret=\"wFnC83H0Ej\" frameborder=\"0\" marginwidth=\"0\" marginheight=\"0\" scrolling=\"no\" class=\"wp-embedded-content\"><\/iframe><script>\n\/*! This file is auto-generated *\/\n!function(d,l){\"use strict\";l.querySelector&&d.addEventListener&&\"undefined\"!=typeof URL&&(d.wp=d.wp||{},d.wp.receiveEmbedMessage||(d.wp.receiveEmbedMessage=function(e){var t=e.data;if((t||t.secret||t.message||t.value)&&!\/[^a-zA-Z0-9]\/.test(t.secret)){for(var s,r,n,a=l.querySelectorAll('iframe[data-secret=\"'+t.secret+'\"]'),o=l.querySelectorAll('blockquote[data-secret=\"'+t.secret+'\"]'),c=new RegExp(\"^https?:$\",\"i\"),i=0;i<o.length;i++)o[i].style.display=\"none\";for(i=0;i<a.length;i++)s=a[i],e.source===s.contentWindow&&(s.removeAttribute(\"style\"),\"height\"===t.message?(1e3<(r=parseInt(t.value,10))?r=1e3:~~r<200&&(r=200),s.height=r):\"link\"===t.message&&(r=new URL(s.getAttribute(\"src\")),n=new URL(t.value),c.test(n.protocol))&&n.host===r.host&&l.activeElement===s&&(d.top.location.href=t.value))}},d.addEventListener(\"message\",d.wp.receiveEmbedMessage,!1),l.addEventListener(\"DOMContentLoaded\",function(){for(var e,t,s=l.querySelectorAll(\"iframe.wp-embedded-content\"),r=0;r<s.length;r++)(t=(e=s[r]).getAttribute(\"data-secret\"))||(t=Math.random().toString(36).substring(2,12),e.src+=\"#?secret=\"+t,e.setAttribute(\"data-secret\",t)),e.contentWindow.postMessage({message:\"ready\",secret:t},\"*\")},!1)))}(window,document);\n\/\/# sourceURL=https:\/\/akunq.net\/turkish\/wp-includes\/js\/wp-embed.min.js\n<\/script>\n","description":"Cengiz Aktar YERLE\u015e\u0130M YER\u0130 ADLARI M\u00fczakere edilece\u011fine paket \u00fczerine paket \u00e7\u0131kart\u0131l\u0131yor. Sonuncusu, pazartesi vezir-i azam taraf\u0131ndan a\u00e7\u0131klanacak. Bah\u015fedilecek yeni hak ve h\u00fcrriyetleri co\u015fkuyla bekliyoruz. Paket servisinin ba\u015flang\u0131c\u0131ndan beri K\u00fcrt\u00e7e yerle\u015fim yerlerinin adlar\u0131ndan s\u00f6z edilir. Sembolik ama \u00f6nemli bir giri\u015fimdir, her \u015feye ra\u011fmen. Cumhurba\u015fkan\u0131, zaman\u0131nda Bitlis G\u00fcroymak\u2019\u0131n Ermeniceden dev\u015firme Nor\u015fin esas ad\u0131n\u0131 kullanm\u0131\u015f idi. Dar\u0131s\u0131 b\u00fct\u00fcn [&hellip;]","thumbnail_url":"https:\/\/akunq.net\/turkish\/wp-content\/uploads\/sites\/5\/2013\/09\/Cengiz-Aktar.jpg","thumbnail_width":168,"thumbnail_height":244}