{"version":"1.0","provider_name":"Bati Ermenistan Ve Bati Ermenileri Sorunlari Ara\u015ftirmalar Merkezi","provider_url":"https:\/\/akunq.net\/turkish","author_name":"kalem","author_url":"https:\/\/akunq.net\/turkish\/author\/kalem\/","title":"\u0130ktisat\u00e7\u0131lar\u0131m\u0131z ve Ermeni mallar\u0131 - Bati Ermenistan Ve Bati Ermenileri Sorunlari Ara\u015ftirmalar Merkezi","type":"rich","width":600,"height":338,"html":"<blockquote class=\"wp-embedded-content\" data-secret=\"U7Dae34duE\"><a href=\"https:\/\/akunq.net\/turkish\/2013\/09\/11\/iktisatcilarimiz-ve-ermeni-mallari\/\">\u0130ktisat\u00e7\u0131lar\u0131m\u0131z ve Ermeni mallar\u0131<\/a><\/blockquote><iframe sandbox=\"allow-scripts\" security=\"restricted\" src=\"https:\/\/akunq.net\/turkish\/2013\/09\/11\/iktisatcilarimiz-ve-ermeni-mallari\/embed\/#?secret=U7Dae34duE\" width=\"600\" height=\"338\" title=\"&#8220;\u0130ktisat\u00e7\u0131lar\u0131m\u0131z ve Ermeni mallar\u0131&#8221; &#8212; Bati Ermenistan Ve Bati Ermenileri Sorunlari Ara\u015ftirmalar Merkezi\" data-secret=\"U7Dae34duE\" frameborder=\"0\" marginwidth=\"0\" marginheight=\"0\" scrolling=\"no\" class=\"wp-embedded-content\"><\/iframe><script>\n\/*! This file is auto-generated *\/\n!function(d,l){\"use strict\";l.querySelector&&d.addEventListener&&\"undefined\"!=typeof URL&&(d.wp=d.wp||{},d.wp.receiveEmbedMessage||(d.wp.receiveEmbedMessage=function(e){var t=e.data;if((t||t.secret||t.message||t.value)&&!\/[^a-zA-Z0-9]\/.test(t.secret)){for(var s,r,n,a=l.querySelectorAll('iframe[data-secret=\"'+t.secret+'\"]'),o=l.querySelectorAll('blockquote[data-secret=\"'+t.secret+'\"]'),c=new RegExp(\"^https?:$\",\"i\"),i=0;i<o.length;i++)o[i].style.display=\"none\";for(i=0;i<a.length;i++)s=a[i],e.source===s.contentWindow&&(s.removeAttribute(\"style\"),\"height\"===t.message?(1e3<(r=parseInt(t.value,10))?r=1e3:~~r<200&&(r=200),s.height=r):\"link\"===t.message&&(r=new URL(s.getAttribute(\"src\")),n=new URL(t.value),c.test(n.protocol))&&n.host===r.host&&l.activeElement===s&&(d.top.location.href=t.value))}},d.addEventListener(\"message\",d.wp.receiveEmbedMessage,!1),l.addEventListener(\"DOMContentLoaded\",function(){for(var e,t,s=l.querySelectorAll(\"iframe.wp-embedded-content\"),r=0;r<s.length;r++)(t=(e=s[r]).getAttribute(\"data-secret\"))||(t=Math.random().toString(36).substring(2,12),e.src+=\"#?secret=\"+t,e.setAttribute(\"data-secret\",t)),e.contentWindow.postMessage({message:\"ready\",secret:t},\"*\")},!1)))}(window,document);\n\/\/# sourceURL=https:\/\/akunq.net\/turkish\/wp-includes\/js\/wp-embed.min.js\n<\/script>\n","description":"Taner Ak\u00e7am Prof.\u00a0S\u00fcleyman Ya\u015far\u00a06 Eyl\u00fcl tarihli yaz\u0131s\u0131nda (Sabah), \u201c\u0130ktisat tarihi yazanlar Ermeni tehcirinden hi\u00e7 bahsetmez\u201d, diyor ve iktisat\u00e7\u0131lar\u0131n ni\u00e7in bu konu ile u\u011fra\u015fmad\u0131klar\u0131n\u0131 soruyor. Ya\u015far, sorusuna cevap vermemi\u015f. Sadece Ba\u015fbakan aleyhine \u201cdiktat\u00f6r oldu\u011fu\u201d bi\u00e7iminde y\u00fcr\u00fct\u00fclen kampanya ile bu Ermeni mallar\u0131 aras\u0131nda bir ba\u011f kurmu\u015f. Ya\u015far\u2019a g\u00f6re, Ba\u015fbakan\u2019a diktat\u00f6r diye sald\u0131r\u0131lmas\u0131n\u0131n \u00f6nemli nedeni, onun az\u0131nl\u0131k vak\u0131flar\u0131na [&hellip;]"}