{"version":"1.0","provider_name":"Bati Ermenistan Ve Bati Ermenileri Sorunlari Ara\u015ftirmalar Merkezi","provider_url":"https:\/\/akunq.net\/turkish","author_name":"kalem","author_url":"https:\/\/akunq.net\/turkish\/author\/kalem\/","title":"PKK '\u00e7ekilmeyi durdurdu' - Bati Ermenistan Ve Bati Ermenileri Sorunlari Ara\u015ftirmalar Merkezi","type":"rich","width":600,"height":338,"html":"<blockquote class=\"wp-embedded-content\" data-secret=\"rDYK8Esnb0\"><a href=\"https:\/\/akunq.net\/turkish\/2013\/09\/09\/pkk-cekilmeyi-durdurdu\/\">PKK &#8216;\u00e7ekilmeyi durdurdu&#8217;<\/a><\/blockquote><iframe sandbox=\"allow-scripts\" security=\"restricted\" src=\"https:\/\/akunq.net\/turkish\/2013\/09\/09\/pkk-cekilmeyi-durdurdu\/embed\/#?secret=rDYK8Esnb0\" width=\"600\" height=\"338\" title=\"&#8220;PKK &#8216;\u00e7ekilmeyi durdurdu&#8217;&#8221; &#8212; Bati Ermenistan Ve Bati Ermenileri Sorunlari Ara\u015ftirmalar Merkezi\" data-secret=\"rDYK8Esnb0\" frameborder=\"0\" marginwidth=\"0\" marginheight=\"0\" scrolling=\"no\" class=\"wp-embedded-content\"><\/iframe><script>\n\/*! This file is auto-generated *\/\n!function(d,l){\"use strict\";l.querySelector&&d.addEventListener&&\"undefined\"!=typeof URL&&(d.wp=d.wp||{},d.wp.receiveEmbedMessage||(d.wp.receiveEmbedMessage=function(e){var t=e.data;if((t||t.secret||t.message||t.value)&&!\/[^a-zA-Z0-9]\/.test(t.secret)){for(var s,r,n,a=l.querySelectorAll('iframe[data-secret=\"'+t.secret+'\"]'),o=l.querySelectorAll('blockquote[data-secret=\"'+t.secret+'\"]'),c=new RegExp(\"^https?:$\",\"i\"),i=0;i<o.length;i++)o[i].style.display=\"none\";for(i=0;i<a.length;i++)s=a[i],e.source===s.contentWindow&&(s.removeAttribute(\"style\"),\"height\"===t.message?(1e3<(r=parseInt(t.value,10))?r=1e3:~~r<200&&(r=200),s.height=r):\"link\"===t.message&&(r=new URL(s.getAttribute(\"src\")),n=new URL(t.value),c.test(n.protocol))&&n.host===r.host&&l.activeElement===s&&(d.top.location.href=t.value))}},d.addEventListener(\"message\",d.wp.receiveEmbedMessage,!1),l.addEventListener(\"DOMContentLoaded\",function(){for(var e,t,s=l.querySelectorAll(\"iframe.wp-embedded-content\"),r=0;r<s.length;r++)(t=(e=s[r]).getAttribute(\"data-secret\"))||(t=Math.random().toString(36).substring(2,12),e.src+=\"#?secret=\"+t,e.setAttribute(\"data-secret\",t)),e.contentWindow.postMessage({message:\"ready\",secret:t},\"*\")},!1)))}(window,document);\n\/\/# sourceURL=https:\/\/akunq.net\/turkish\/wp-includes\/js\/wp-embed.min.js\n<\/script>\n","description":"T\u00fcrk h\u00fck\u00fcmetini demokratikle\u015fme ve K\u00fcrt sorununun \u00e7\u00f6z\u00fcm\u00fcnde ad\u0131m atmamakla su\u00e7layan KCK (K\u00fcrdistan Topluluklar Birli\u011fi), PKK&#8217;n\u0131n T\u00fcrkiye topraklar\u0131ndan \u00e7ekilmeyi durdurdu\u011funu a\u00e7\u0131klad\u0131. KCK Y\u00fcr\u00fctme Konseyi Ba\u015fkanl\u0131\u011f\u0131&#8217;dan yap\u0131lan a\u00e7\u0131klamada \u00e7ekilmenin durdurulmas\u0131na kar\u015f\u0131n, ate\u015fkesin s\u00fcrd\u00fcr\u00fclece\u011fi kaydedildi. A\u00e7\u0131klamada, \u201cAt\u0131lan ad\u0131mlar kar\u015f\u0131s\u0131nda T\u00fcrk h\u00fck\u00fcmetinin sorumsuz davranmas\u0131, demokratikle\u015fme ve K\u00fcrt sorununun \u00e7\u00f6z\u00fcm\u00fc konusunda ad\u0131m atmamas\u0131 nedeniyle gerillalar\u0131n geri \u00e7ekili\u015fi durduruldu\u201d dendi. A\u00e7\u0131klamada [&hellip;]","thumbnail_url":"https:\/\/akunq.net\/turkish\/wp-content\/uploads\/sites\/5\/2013\/09\/PKK.jpg","thumbnail_width":304,"thumbnail_height":171}