{"version":"1.0","provider_name":"Bati Ermenistan Ve Bati Ermenileri Sorunlari Ara\u015ftirmalar Merkezi","provider_url":"https:\/\/akunq.net\/turkish","author_name":"kalem","author_url":"https:\/\/akunq.net\/turkish\/author\/kalem\/","title":"T\u00fcrkiye\u2019de Ermeni an\u0131tlar\u0131n\u0131n y\u0131k\u0131m\u0131n\u0131 durdurmak! - Bati Ermenistan Ve Bati Ermenileri Sorunlari Ara\u015ftirmalar Merkezi","type":"rich","width":600,"height":338,"html":"<blockquote class=\"wp-embedded-content\" data-secret=\"DrruYxk20G\"><a href=\"https:\/\/akunq.net\/turkish\/2013\/06\/22\/turkiyede-ermeni-anitlarinin-yikimini-durdurmak\/\">T\u00fcrkiye\u2019de Ermeni an\u0131tlar\u0131n\u0131n y\u0131k\u0131m\u0131n\u0131 durdurmak!<\/a><\/blockquote><iframe sandbox=\"allow-scripts\" security=\"restricted\" src=\"https:\/\/akunq.net\/turkish\/2013\/06\/22\/turkiyede-ermeni-anitlarinin-yikimini-durdurmak\/embed\/#?secret=DrruYxk20G\" width=\"600\" height=\"338\" title=\"&#8220;T\u00fcrkiye\u2019de Ermeni an\u0131tlar\u0131n\u0131n y\u0131k\u0131m\u0131n\u0131 durdurmak!&#8221; &#8212; Bati Ermenistan Ve Bati Ermenileri Sorunlari Ara\u015ftirmalar Merkezi\" data-secret=\"DrruYxk20G\" frameborder=\"0\" marginwidth=\"0\" marginheight=\"0\" scrolling=\"no\" class=\"wp-embedded-content\"><\/iframe><script>\n\/*! This file is auto-generated *\/\n!function(d,l){\"use strict\";l.querySelector&&d.addEventListener&&\"undefined\"!=typeof URL&&(d.wp=d.wp||{},d.wp.receiveEmbedMessage||(d.wp.receiveEmbedMessage=function(e){var t=e.data;if((t||t.secret||t.message||t.value)&&!\/[^a-zA-Z0-9]\/.test(t.secret)){for(var s,r,n,a=l.querySelectorAll('iframe[data-secret=\"'+t.secret+'\"]'),o=l.querySelectorAll('blockquote[data-secret=\"'+t.secret+'\"]'),c=new RegExp(\"^https?:$\",\"i\"),i=0;i<o.length;i++)o[i].style.display=\"none\";for(i=0;i<a.length;i++)s=a[i],e.source===s.contentWindow&&(s.removeAttribute(\"style\"),\"height\"===t.message?(1e3<(r=parseInt(t.value,10))?r=1e3:~~r<200&&(r=200),s.height=r):\"link\"===t.message&&(r=new URL(s.getAttribute(\"src\")),n=new URL(t.value),c.test(n.protocol))&&n.host===r.host&&l.activeElement===s&&(d.top.location.href=t.value))}},d.addEventListener(\"message\",d.wp.receiveEmbedMessage,!1),l.addEventListener(\"DOMContentLoaded\",function(){for(var e,t,s=l.querySelectorAll(\"iframe.wp-embedded-content\"),r=0;r<s.length;r++)(t=(e=s[r]).getAttribute(\"data-secret\"))||(t=Math.random().toString(36).substring(2,12),e.src+=\"#?secret=\"+t,e.setAttribute(\"data-secret\",t)),e.contentWindow.postMessage({message:\"ready\",secret:t},\"*\")},!1)))}(window,document);\n\/\/# sourceURL=https:\/\/akunq.net\/turkish\/wp-includes\/js\/wp-embed.min.js\n<\/script>\n","description":"Ermenistan Cumhuriyeti Ulusal Bilimler Akademisi \u015earkiyat Enstit\u00fcs\u00fc M\u00fcd\u00fcr\u00fc Ruben Safrastyan \u201cHayots A\u015fkharh\u201d gazetesi muhabiri Armine Simonyan\u2019a konu\u015ftu. Soru-Rafayel Lemkin\u2019e g\u00f6re, Soyk\u0131r\u0131m sadece bir milli yada din grubunun fiziksel imhas\u0131 de\u011fil, ulusal, manevi k\u00fclt\u00fcr\u00fcn\u00fcn de yokedilmesidir. T\u00fcrkler, Ermenilerin fiziksel imhas\u0131yla beraber maddi ve manevi k\u00fclt\u00fcr de\u011ferlerimizi de kasten yokettiler. Oysa bundan pek az bahsedilmektedir. Size g\u00f6re, [&hellip;]","thumbnail_url":"https:\/\/akunq.net\/turkish\/wp-content\/uploads\/sites\/5\/2013\/06\/Ruben-Safrastyan1.jpg","thumbnail_width":620,"thumbnail_height":300}