{"version":"1.0","provider_name":"Bati Ermenistan Ve Bati Ermenileri Sorunlari Ara\u015ftirmalar Merkezi","provider_url":"https:\/\/akunq.net\/turkish","author_name":"kalem","author_url":"https:\/\/akunq.net\/turkish\/author\/kalem\/","title":"Beni Y\u0131kamadan G\u00f6m\u00fcn: K\u00fcrtler Ermeni Soyk\u0131r\u0131m\u0131n\u0131 Anlat\u0131yor - Bati Ermenistan Ve Bati Ermenileri Sorunlari Ara\u015ftirmalar Merkezi","type":"rich","width":600,"height":338,"html":"<blockquote class=\"wp-embedded-content\" data-secret=\"Ab00rCtcJO\"><a href=\"https:\/\/akunq.net\/turkish\/2013\/05\/06\/beni-yikamadan-gomun-kurtler-ermeni-soykirimini-anlatiyor\/\">Beni Y\u0131kamadan G\u00f6m\u00fcn: K\u00fcrtler Ermeni Soyk\u0131r\u0131m\u0131n\u0131 Anlat\u0131yor<\/a><\/blockquote><iframe sandbox=\"allow-scripts\" security=\"restricted\" src=\"https:\/\/akunq.net\/turkish\/2013\/05\/06\/beni-yikamadan-gomun-kurtler-ermeni-soykirimini-anlatiyor\/embed\/#?secret=Ab00rCtcJO\" width=\"600\" height=\"338\" title=\"&#8220;Beni Y\u0131kamadan G\u00f6m\u00fcn: K\u00fcrtler Ermeni Soyk\u0131r\u0131m\u0131n\u0131 Anlat\u0131yor&#8221; &#8212; Bati Ermenistan Ve Bati Ermenileri Sorunlari Ara\u015ftirmalar Merkezi\" data-secret=\"Ab00rCtcJO\" frameborder=\"0\" marginwidth=\"0\" marginheight=\"0\" scrolling=\"no\" class=\"wp-embedded-content\"><\/iframe><script>\n\/*! This file is auto-generated *\/\n!function(d,l){\"use strict\";l.querySelector&&d.addEventListener&&\"undefined\"!=typeof URL&&(d.wp=d.wp||{},d.wp.receiveEmbedMessage||(d.wp.receiveEmbedMessage=function(e){var t=e.data;if((t||t.secret||t.message||t.value)&&!\/[^a-zA-Z0-9]\/.test(t.secret)){for(var s,r,n,a=l.querySelectorAll('iframe[data-secret=\"'+t.secret+'\"]'),o=l.querySelectorAll('blockquote[data-secret=\"'+t.secret+'\"]'),c=new RegExp(\"^https?:$\",\"i\"),i=0;i<o.length;i++)o[i].style.display=\"none\";for(i=0;i<a.length;i++)s=a[i],e.source===s.contentWindow&&(s.removeAttribute(\"style\"),\"height\"===t.message?(1e3<(r=parseInt(t.value,10))?r=1e3:~~r<200&&(r=200),s.height=r):\"link\"===t.message&&(r=new URL(s.getAttribute(\"src\")),n=new URL(t.value),c.test(n.protocol))&&n.host===r.host&&l.activeElement===s&&(d.top.location.href=t.value))}},d.addEventListener(\"message\",d.wp.receiveEmbedMessage,!1),l.addEventListener(\"DOMContentLoaded\",function(){for(var e,t,s=l.querySelectorAll(\"iframe.wp-embedded-content\"),r=0;r<s.length;r++)(t=(e=s[r]).getAttribute(\"data-secret\"))||(t=Math.random().toString(36).substring(2,12),e.src+=\"#?secret=\"+t,e.setAttribute(\"data-secret\",t)),e.contentWindow.postMessage({message:\"ready\",secret:t},\"*\")},!1)))}(window,document);\n\/\/# sourceURL=https:\/\/akunq.net\/turkish\/wp-includes\/js\/wp-embed.min.js\n<\/script>\n","description":"A\u00e7\u0131klama \/ \u00d6zet \u201c\u00d6lece\u011fini hissetti\u011fi zaman bize \u015fu vasiyeti yapm\u0131\u015ft\u0131: \u2018Beni y\u0131kamadan g\u00f6m\u00fcn!\u2019 Sebebini sormad\u0131m; ama anne, baba ve b\u00fct\u00fcn akrabalar\u0131n\u0131n Ermeni soyk\u0131r\u0131m\u0131nda y\u0131kanmadan g\u00f6m\u00fcld\u00fc\u011f\u00fcn\u00fc s\u00f6yl\u00fcyordu. Hep bize \u015funu derdi: \u2018Annem, babam, karde\u015flerim, dedem, ninem, halalar\u0131m, teyzelerim, amcalar\u0131m, day\u0131lar\u0131m, kom\u015fular\u0131m y\u0131kanmadan \u00f6ld\u00fc gitti. Ne olduklar\u0131, nerde olduklar\u0131 belli de\u011fil. \u00d6ld\u00fc\u011f\u00fcmde, beni de onlar gibi y\u0131kamadan [&hellip;]"}