{"version":"1.0","provider_name":"Bati Ermenistan Ve Bati Ermenileri Sorunlari Ara\u015ftirmalar Merkezi","provider_url":"https:\/\/akunq.net\/turkish","author_name":"kalem","author_url":"https:\/\/akunq.net\/turkish\/author\/kalem\/","title":"Diyarbak\u0131r Ermenileri Dicle Nehri'nde \u00c7i\u00e7eklerle An\u0131ld\u0131 - Bati Ermenistan Ve Bati Ermenileri Sorunlari Ara\u015ftirmalar Merkezi","type":"rich","width":600,"height":338,"html":"<blockquote class=\"wp-embedded-content\" data-secret=\"m0RkmqTCKK\"><a href=\"https:\/\/akunq.net\/turkish\/2013\/04\/25\/diyarbakir-ermenileri-dicle-nehrinde-ciceklerle-anildi\/\">Diyarbak\u0131r Ermenileri Dicle Nehri&#8217;nde \u00c7i\u00e7eklerle An\u0131ld\u0131<\/a><\/blockquote><iframe sandbox=\"allow-scripts\" security=\"restricted\" src=\"https:\/\/akunq.net\/turkish\/2013\/04\/25\/diyarbakir-ermenileri-dicle-nehrinde-ciceklerle-anildi\/embed\/#?secret=m0RkmqTCKK\" width=\"600\" height=\"338\" title=\"&#8220;Diyarbak\u0131r Ermenileri Dicle Nehri&#8217;nde \u00c7i\u00e7eklerle An\u0131ld\u0131&#8221; &#8212; Bati Ermenistan Ve Bati Ermenileri Sorunlari Ara\u015ftirmalar Merkezi\" data-secret=\"m0RkmqTCKK\" frameborder=\"0\" marginwidth=\"0\" marginheight=\"0\" scrolling=\"no\" class=\"wp-embedded-content\"><\/iframe><script>\n\/*! This file is auto-generated *\/\n!function(d,l){\"use strict\";l.querySelector&&d.addEventListener&&\"undefined\"!=typeof URL&&(d.wp=d.wp||{},d.wp.receiveEmbedMessage||(d.wp.receiveEmbedMessage=function(e){var t=e.data;if((t||t.secret||t.message||t.value)&&!\/[^a-zA-Z0-9]\/.test(t.secret)){for(var s,r,n,a=l.querySelectorAll('iframe[data-secret=\"'+t.secret+'\"]'),o=l.querySelectorAll('blockquote[data-secret=\"'+t.secret+'\"]'),c=new RegExp(\"^https?:$\",\"i\"),i=0;i<o.length;i++)o[i].style.display=\"none\";for(i=0;i<a.length;i++)s=a[i],e.source===s.contentWindow&&(s.removeAttribute(\"style\"),\"height\"===t.message?(1e3<(r=parseInt(t.value,10))?r=1e3:~~r<200&&(r=200),s.height=r):\"link\"===t.message&&(r=new URL(s.getAttribute(\"src\")),n=new URL(t.value),c.test(n.protocol))&&n.host===r.host&&l.activeElement===s&&(d.top.location.href=t.value))}},d.addEventListener(\"message\",d.wp.receiveEmbedMessage,!1),l.addEventListener(\"DOMContentLoaded\",function(){for(var e,t,s=l.querySelectorAll(\"iframe.wp-embedded-content\"),r=0;r<s.length;r++)(t=(e=s[r]).getAttribute(\"data-secret\"))||(t=Math.random().toString(36).substring(2,12),e.src+=\"#?secret=\"+t,e.setAttribute(\"data-secret\",t)),e.contentWindow.postMessage({message:\"ready\",secret:t},\"*\")},!1)))}(window,document);\n\/\/# sourceURL=https:\/\/akunq.net\/turkish\/wp-includes\/js\/wp-embed.min.js\n<\/script>\n","description":"&#8220;Tehcirin Y\u0131ld\u00f6n\u00fcm\u00fcnde Diyarbak\u0131r Ermenileri\u201d konferans\u0131ndan sonra Ara Sarafian ve kat\u0131l\u0131mc\u0131lar On G\u00f6zl\u00fc K\u00f6pr\u00fc \u00fczerinden 635 Diyarbak\u0131rl\u0131 Ermeninin keleklere bindirildi\u011fi noktada Dicle Nehri\u2019ne \u00e7i\u00e7ek b\u0131rakt\u0131. Diyarbak\u0131r Barosu\u2019nun ev sahipli\u011finde, B\u00fcy\u00fck\u015fehir Belediyesi\u2019nin de katk\u0131lar\u0131yla Gomidas Enst\u00fct\u00fcs\u00fc Direkt\u00f6r\u00fc ve Mavi Kitap\u2019\u0131n edit\u00f6r\u00fc tarih\u00e7i yazar Ara Sarafian, \u201cTehcirin Y\u0131ld\u00f6n\u00fcm\u00fcnde Diyarbak\u0131r Ermenileri\u201d ad\u0131yla katliam\u0131n\u0131n 98\u2019inci y\u0131ld\u00f6n\u00fcm\u00fcnde bir konferans verdi. Konferans\u0131n [&hellip;]"}