{"version":"1.0","provider_name":"Bati Ermenistan Ve Bati Ermenileri Sorunlari Ara\u015ftirmalar Merkezi","provider_url":"https:\/\/akunq.net\/turkish","author_name":"kalem","author_url":"https:\/\/akunq.net\/turkish\/author\/kalem\/","title":"T\u00fcrkiye \u2018eyalet\u2019e haz\u0131r de\u011fil - Bati Ermenistan Ve Bati Ermenileri Sorunlari Ara\u015ftirmalar Merkezi","type":"rich","width":600,"height":338,"html":"<blockquote class=\"wp-embedded-content\" data-secret=\"b8GzvbCERc\"><a href=\"https:\/\/akunq.net\/turkish\/2013\/03\/29\/turkiye-eyalete-hazir-degil\/\">T\u00fcrkiye \u2018eyalet\u2019e haz\u0131r de\u011fil<\/a><\/blockquote><iframe sandbox=\"allow-scripts\" security=\"restricted\" src=\"https:\/\/akunq.net\/turkish\/2013\/03\/29\/turkiye-eyalete-hazir-degil\/embed\/#?secret=b8GzvbCERc\" width=\"600\" height=\"338\" title=\"&#8220;T\u00fcrkiye \u2018eyalet\u2019e haz\u0131r de\u011fil&#8221; &#8212; Bati Ermenistan Ve Bati Ermenileri Sorunlari Ara\u015ftirmalar Merkezi\" data-secret=\"b8GzvbCERc\" frameborder=\"0\" marginwidth=\"0\" marginheight=\"0\" scrolling=\"no\" class=\"wp-embedded-content\"><\/iframe><script>\n\/*! This file is auto-generated *\/\n!function(d,l){\"use strict\";l.querySelector&&d.addEventListener&&\"undefined\"!=typeof URL&&(d.wp=d.wp||{},d.wp.receiveEmbedMessage||(d.wp.receiveEmbedMessage=function(e){var t=e.data;if((t||t.secret||t.message||t.value)&&!\/[^a-zA-Z0-9]\/.test(t.secret)){for(var s,r,n,a=l.querySelectorAll('iframe[data-secret=\"'+t.secret+'\"]'),o=l.querySelectorAll('blockquote[data-secret=\"'+t.secret+'\"]'),c=new RegExp(\"^https?:$\",\"i\"),i=0;i<o.length;i++)o[i].style.display=\"none\";for(i=0;i<a.length;i++)s=a[i],e.source===s.contentWindow&&(s.removeAttribute(\"style\"),\"height\"===t.message?(1e3<(r=parseInt(t.value,10))?r=1e3:~~r<200&&(r=200),s.height=r):\"link\"===t.message&&(r=new URL(s.getAttribute(\"src\")),n=new URL(t.value),c.test(n.protocol))&&n.host===r.host&&l.activeElement===s&&(d.top.location.href=t.value))}},d.addEventListener(\"message\",d.wp.receiveEmbedMessage,!1),l.addEventListener(\"DOMContentLoaded\",function(){for(var e,t,s=l.querySelectorAll(\"iframe.wp-embedded-content\"),r=0;r<s.length;r++)(t=(e=s[r]).getAttribute(\"data-secret\"))||(t=Math.random().toString(36).substring(2,12),e.src+=\"#?secret=\"+t,e.setAttribute(\"data-secret\",t)),e.contentWindow.postMessage({message:\"ready\",secret:t},\"*\")},!1)))}(window,document);\n\/\/# sourceURL=https:\/\/akunq.net\/turkish\/wp-includes\/js\/wp-embed.min.js\n<\/script>\n","description":"Ba\u015fbakan Tayyip Erdo\u011fan, Osmanl\u0131\u2019da ba\u015far\u0131l\u0131 \u015fekilde y\u00fcr\u00fct\u00fclen eyalet sistemine T\u00fcrkiye\u2019nin haz\u0131r olmad\u0131\u011f\u0131n\u0131 s\u00f6yledi. Akdeniz B\u00f6lgesi milletvekilleri toplant\u0131s\u0131na kat\u0131lan Erdo\u011fan, eyalet sisteminin g\u00fc\u00e7l\u00fc \u00fclkelerde b\u00f6l\u00fcnmeye neden olmayaca\u011f\u0131n\u0131 vurgulayarak, \u201c2023\u2019te ben ba\u015fbakan olursam bunu \u00f6neririm\u201d dedi. BA\u015eBAKAN Tayyip Erdo\u011fan, partisinin milletvekilleriyle b\u00f6lgeler halinde yapt\u0131\u011f\u0131 kahvalt\u0131l\u0131 toplant\u0131lara, d\u00fcn Akdeniz B\u00f6lgesi\u2019ndeki 8 ille devam etti. Milletvekillerinin yan\u0131 s\u0131ra il [&hellip;]"}