{"version":"1.0","provider_name":"Bati Ermenistan Ve Bati Ermenileri Sorunlari Ara\u015ftirmalar Merkezi","provider_url":"https:\/\/akunq.net\/turkish","author_name":"kalem","author_url":"https:\/\/akunq.net\/turkish\/author\/kalem\/","title":"Episkopos Sahak Ma\u015falyan: \u201cKayseri \u0130nanc\u0131m\u0131z\u0131n Be\u015fi\u011fi\u201d - Bati Ermenistan Ve Bati Ermenileri Sorunlari Ara\u015ftirmalar Merkezi","type":"rich","width":600,"height":338,"html":"<blockquote class=\"wp-embedded-content\" data-secret=\"w82WyjPOT5\"><a href=\"https:\/\/akunq.net\/turkish\/2013\/03\/11\/episkopos-sahak-masalyan-kayseri-inancimizin-besigi\/\">Episkopos Sahak Ma\u015falyan: \u201cKayseri \u0130nanc\u0131m\u0131z\u0131n Be\u015fi\u011fi\u201d<\/a><\/blockquote><iframe sandbox=\"allow-scripts\" security=\"restricted\" src=\"https:\/\/akunq.net\/turkish\/2013\/03\/11\/episkopos-sahak-masalyan-kayseri-inancimizin-besigi\/embed\/#?secret=w82WyjPOT5\" width=\"600\" height=\"338\" title=\"&#8220;Episkopos Sahak Ma\u015falyan: \u201cKayseri \u0130nanc\u0131m\u0131z\u0131n Be\u015fi\u011fi\u201d&#8221; &#8212; Bati Ermenistan Ve Bati Ermenileri Sorunlari Ara\u015ftirmalar Merkezi\" data-secret=\"w82WyjPOT5\" frameborder=\"0\" marginwidth=\"0\" marginheight=\"0\" scrolling=\"no\" class=\"wp-embedded-content\"><\/iframe><script>\n\/*! This file is auto-generated *\/\n!function(d,l){\"use strict\";l.querySelector&&d.addEventListener&&\"undefined\"!=typeof URL&&(d.wp=d.wp||{},d.wp.receiveEmbedMessage||(d.wp.receiveEmbedMessage=function(e){var t=e.data;if((t||t.secret||t.message||t.value)&&!\/[^a-zA-Z0-9]\/.test(t.secret)){for(var s,r,n,a=l.querySelectorAll('iframe[data-secret=\"'+t.secret+'\"]'),o=l.querySelectorAll('blockquote[data-secret=\"'+t.secret+'\"]'),c=new RegExp(\"^https?:$\",\"i\"),i=0;i<o.length;i++)o[i].style.display=\"none\";for(i=0;i<a.length;i++)s=a[i],e.source===s.contentWindow&&(s.removeAttribute(\"style\"),\"height\"===t.message?(1e3<(r=parseInt(t.value,10))?r=1e3:~~r<200&&(r=200),s.height=r):\"link\"===t.message&&(r=new URL(s.getAttribute(\"src\")),n=new URL(t.value),c.test(n.protocol))&&n.host===r.host&&l.activeElement===s&&(d.top.location.href=t.value))}},d.addEventListener(\"message\",d.wp.receiveEmbedMessage,!1),l.addEventListener(\"DOMContentLoaded\",function(){for(var e,t,s=l.querySelectorAll(\"iframe.wp-embedded-content\"),r=0;r<s.length;r++)(t=(e=s[r]).getAttribute(\"data-secret\"))||(t=Math.random().toString(36).substring(2,12),e.src+=\"#?secret=\"+t,e.setAttribute(\"data-secret\",t)),e.contentWindow.postMessage({message:\"ready\",secret:t},\"*\")},!1)))}(window,document);\n\/\/# sourceURL=https:\/\/akunq.net\/turkish\/wp-includes\/js\/wp-embed.min.js\n<\/script>\n","description":"Kayseri Surp Kirkor Lusarovi\u00e7 Kilisesi\u2019nde, \u2018Kutsal Badarak\u2019 ayinine \u00e7o\u011funlu\u011fu \u0130stanbul\u2019dan ve yurtd\u0131\u015f\u0131ndan gelen yakla\u015f\u0131k 400 Ermeni kat\u0131ld\u0131. Ayinin ard\u0131ndan Episkopos Sahak Ma\u015falyan \u00f6nce Ermenice sonra da T\u00fcrk\u00e7e vaaz verdi. \u0130stanbul Ermeni Patrikhanesi Dinler Aras\u0131 \u0130li\u015fkiler Sorumlusu Episkopos Sahak Ma\u015falyan Kayseri Surp Kirkor Lusarovi\u00e7 Kilisesi\u2019nde, \u2018Kutsal Badarak\u2019 ayini sonras\u0131nda verdi\u011fi vaaz\u0131nda \u201cKayseri inanc\u0131m\u0131z\u0131n be\u015fi\u011fi\u201d dedi. Kayseri [&hellip;]"}