{"version":"1.0","provider_name":"Bati Ermenistan Ve Bati Ermenileri Sorunlari Ara\u015ftirmalar Merkezi","provider_url":"https:\/\/akunq.net\/turkish","author_name":"kalem","author_url":"https:\/\/akunq.net\/turkish\/author\/kalem\/","title":"Askerler ilk kez Atat\u00fcrk i\u00e7in y\u00fcr\u00fcmediler! - Bati Ermenistan Ve Bati Ermenileri Sorunlari Ara\u015ftirmalar Merkezi","type":"rich","width":600,"height":338,"html":"<blockquote class=\"wp-embedded-content\" data-secret=\"z4stAUzsBV\"><a href=\"https:\/\/akunq.net\/turkish\/2012\/11\/16\/askerler-ilk-kez-ataturk-icin-yurumediler\/\">Askerler ilk kez Atat\u00fcrk i\u00e7in y\u00fcr\u00fcmediler!<\/a><\/blockquote><iframe sandbox=\"allow-scripts\" security=\"restricted\" src=\"https:\/\/akunq.net\/turkish\/2012\/11\/16\/askerler-ilk-kez-ataturk-icin-yurumediler\/embed\/#?secret=z4stAUzsBV\" width=\"600\" height=\"338\" title=\"&#8220;Askerler ilk kez Atat\u00fcrk i\u00e7in y\u00fcr\u00fcmediler!&#8221; &#8212; Bati Ermenistan Ve Bati Ermenileri Sorunlari Ara\u015ftirmalar Merkezi\" data-secret=\"z4stAUzsBV\" frameborder=\"0\" marginwidth=\"0\" marginheight=\"0\" scrolling=\"no\" class=\"wp-embedded-content\"><\/iframe><script>\n\/*! This file is auto-generated *\/\n!function(d,l){\"use strict\";l.querySelector&&d.addEventListener&&\"undefined\"!=typeof URL&&(d.wp=d.wp||{},d.wp.receiveEmbedMessage||(d.wp.receiveEmbedMessage=function(e){var t=e.data;if((t||t.secret||t.message||t.value)&&!\/[^a-zA-Z0-9]\/.test(t.secret)){for(var s,r,n,a=l.querySelectorAll('iframe[data-secret=\"'+t.secret+'\"]'),o=l.querySelectorAll('blockquote[data-secret=\"'+t.secret+'\"]'),c=new RegExp(\"^https?:$\",\"i\"),i=0;i<o.length;i++)o[i].style.display=\"none\";for(i=0;i<a.length;i++)s=a[i],e.source===s.contentWindow&&(s.removeAttribute(\"style\"),\"height\"===t.message?(1e3<(r=parseInt(t.value,10))?r=1e3:~~r<200&&(r=200),s.height=r):\"link\"===t.message&&(r=new URL(s.getAttribute(\"src\")),n=new URL(t.value),c.test(n.protocol))&&n.host===r.host&&l.activeElement===s&&(d.top.location.href=t.value))}},d.addEventListener(\"message\",d.wp.receiveEmbedMessage,!1),l.addEventListener(\"DOMContentLoaded\",function(){for(var e,t,s=l.querySelectorAll(\"iframe.wp-embedded-content\"),r=0;r<s.length;r++)(t=(e=s[r]).getAttribute(\"data-secret\"))||(t=Math.random().toString(36).substring(2,12),e.src+=\"#?secret=\"+t,e.setAttribute(\"data-secret\",t)),e.contentWindow.postMessage({message:\"ready\",secret:t},\"*\")},!1)))}(window,document);\n\/\/# sourceURL=https:\/\/akunq.net\/turkish\/wp-includes\/js\/wp-embed.min.js\n<\/script>\n","description":"Atat\u00fcrk\u2019\u00fcn Diyarbak\u0131r\u2019a geli\u015finin 75. y\u0131ld\u00f6n\u00fcm\u00fc kutlama etkinli\u011fi, Diyarbak\u0131r Gar\u0131\u2019nda temsili trenin gelmesiyle ba\u015flad\u0131. Trennden inen gaziler, Vali Toprak\u2019a T\u00fcrk bayra\u011f\u0131n\u0131 teslim etti. Vali Toprak da \u00f6perek ald\u0131\u011f\u0131 bayra\u011f\u0131 \u00f6\u011frencilere teslim etti. \u0130lk\u00f6\u011fretim \u00f6\u011frencilerinin okudu\u011fu \u015fiirlerin ard\u0131ndan Vali Toprak g\u00fcn\u00fcn \u00f6nemine ili\u015fkin konu\u015fmas\u0131nda, Atat\u00fcrk\u2019\u00fcn Diyarbak\u0131r\u2019a geli\u015finde Halkevi\u2019nde yapt\u0131\u011f\u0131 konu\u015fmas\u0131n\u0131 okudu. Vali Toprak, \u201cDiyarbak\u0131r halk\u0131 kendisine minnettard\u0131r, [&hellip;]"}