{"version":"1.0","provider_name":"Bati Ermenistan Ve Bati Ermenileri Sorunlari Ara\u015ftirmalar Merkezi","provider_url":"https:\/\/akunq.net\/turkish","author_name":"kalem","author_url":"https:\/\/akunq.net\/turkish\/author\/kalem\/","title":"TBMM kilise ihmalinin pe\u015fine d\u00fc\u015ft\u00fc - Bati Ermenistan Ve Bati Ermenileri Sorunlari Ara\u015ftirmalar Merkezi","type":"rich","width":600,"height":338,"html":"<blockquote class=\"wp-embedded-content\" data-secret=\"p0gWTsCxgA\"><a href=\"https:\/\/akunq.net\/turkish\/2012\/10\/29\/tbmm-kilise-ihmalinin-pesine-dustu\/\">TBMM kilise ihmalinin pe\u015fine d\u00fc\u015ft\u00fc<\/a><\/blockquote><iframe sandbox=\"allow-scripts\" security=\"restricted\" src=\"https:\/\/akunq.net\/turkish\/2012\/10\/29\/tbmm-kilise-ihmalinin-pesine-dustu\/embed\/#?secret=p0gWTsCxgA\" width=\"600\" height=\"338\" title=\"&#8220;TBMM kilise ihmalinin pe\u015fine d\u00fc\u015ft\u00fc&#8221; &#8212; Bati Ermenistan Ve Bati Ermenileri Sorunlari Ara\u015ftirmalar Merkezi\" data-secret=\"p0gWTsCxgA\" frameborder=\"0\" marginwidth=\"0\" marginheight=\"0\" scrolling=\"no\" class=\"wp-embedded-content\"><\/iframe><script>\n\/*! This file is auto-generated *\/\n!function(d,l){\"use strict\";l.querySelector&&d.addEventListener&&\"undefined\"!=typeof URL&&(d.wp=d.wp||{},d.wp.receiveEmbedMessage||(d.wp.receiveEmbedMessage=function(e){var t=e.data;if((t||t.secret||t.message||t.value)&&!\/[^a-zA-Z0-9]\/.test(t.secret)){for(var s,r,n,a=l.querySelectorAll('iframe[data-secret=\"'+t.secret+'\"]'),o=l.querySelectorAll('blockquote[data-secret=\"'+t.secret+'\"]'),c=new RegExp(\"^https?:$\",\"i\"),i=0;i<o.length;i++)o[i].style.display=\"none\";for(i=0;i<a.length;i++)s=a[i],e.source===s.contentWindow&&(s.removeAttribute(\"style\"),\"height\"===t.message?(1e3<(r=parseInt(t.value,10))?r=1e3:~~r<200&&(r=200),s.height=r):\"link\"===t.message&&(r=new URL(s.getAttribute(\"src\")),n=new URL(t.value),c.test(n.protocol))&&n.host===r.host&&l.activeElement===s&&(d.top.location.href=t.value))}},d.addEventListener(\"message\",d.wp.receiveEmbedMessage,!1),l.addEventListener(\"DOMContentLoaded\",function(){for(var e,t,s=l.querySelectorAll(\"iframe.wp-embedded-content\"),r=0;r<s.length;r++)(t=(e=s[r]).getAttribute(\"data-secret\"))||(t=Math.random().toString(36).substring(2,12),e.src+=\"#?secret=\"+t,e.setAttribute(\"data-secret\",t)),e.contentWindow.postMessage({message:\"ready\",secret:t},\"*\")},!1)))}(window,document);\n\/\/# sourceURL=https:\/\/akunq.net\/turkish\/wp-includes\/js\/wp-embed.min.js\n<\/script>\n","thumbnail_url":"https:\/\/akunq.net\/turkish\/wp-content\/uploads\/sites\/5\/2012\/10\/\u0545\u0565\u0576\u056b\u0583\u0568\u0576\u0561\u0580-\u0563\u0575\u0578\u0582\u0572\u0578\u0582\u0574-\u0570\u0561\u0575\u0561\u056f\u0561\u056f\u0576-\u0565\u056f\u0565\u0572\u0565\u0581\u056b.jpeg","thumbnail_width":600,"thumbnail_height":337,"description":"\u00d6NDER YILMAZ\/Ankara Bitlis, Batman, Mu\u015f, Van, \u0130stanbul ve di\u011fer t\u00fcm il, il\u00e7e ve k\u00f6yleri Ermenileri ve Sason \u0130l\u00e7esi K\u00f6yleri Ermenilerinin Sosyal Yard\u0131mla\u015fma Derne\u011fi Ba\u015fkan\u0131 Aziz Da\u011fc\u0131, TBMM Dilek\u00e7e Komisyonu\u2019na ba\u015fvurarak Batman\u2019\u0131n Be\u015firi il\u00e7esinin Yenip\u0131nar k\u00f6y\u00fcnde bulunan Ermenilere ait tarihi kilisenin \u00e7\u00f6pl\u00fck olarak kullan\u0131ld\u0131\u011f\u0131n\u0131, kilisenin tarihi kap\u0131s\u0131 ve de\u011ferli ta\u015flar\u0131n\u0131n \u00e7al\u0131nd\u0131\u011f\u0131n\u0131 iddia etti. Dilek\u00e7esinde, Lozan Antla\u015fmas\u0131\u2019n\u0131n [&hellip;]"}