{"version":"1.0","provider_name":"Bati Ermenistan Ve Bati Ermenileri Sorunlari Ara\u015ftirmalar Merkezi","provider_url":"https:\/\/akunq.net\/turkish","author_name":"kalem","author_url":"https:\/\/akunq.net\/turkish\/author\/kalem\/","title":"\u00c7an\u00e7i - Bati Ermenistan Ve Bati Ermenileri Sorunlari Ara\u015ftirmalar Merkezi","type":"rich","width":600,"height":338,"html":"<blockquote class=\"wp-embedded-content\" data-secret=\"XHdG3foiOE\"><a href=\"https:\/\/akunq.net\/turkish\/2011\/07\/28\/canci\/\">\u00c7an\u00e7i<\/a><\/blockquote><iframe sandbox=\"allow-scripts\" security=\"restricted\" src=\"https:\/\/akunq.net\/turkish\/2011\/07\/28\/canci\/embed\/#?secret=XHdG3foiOE\" width=\"600\" height=\"338\" title=\"&#8220;\u00c7an\u00e7i&#8221; &#8212; Bati Ermenistan Ve Bati Ermenileri Sorunlari Ara\u015ftirmalar Merkezi\" data-secret=\"XHdG3foiOE\" frameborder=\"0\" marginwidth=\"0\" marginheight=\"0\" scrolling=\"no\" class=\"wp-embedded-content\"><\/iframe><script>\n\/*! This file is auto-generated *\/\n!function(d,l){\"use strict\";l.querySelector&&d.addEventListener&&\"undefined\"!=typeof URL&&(d.wp=d.wp||{},d.wp.receiveEmbedMessage||(d.wp.receiveEmbedMessage=function(e){var t=e.data;if((t||t.secret||t.message||t.value)&&!\/[^a-zA-Z0-9]\/.test(t.secret)){for(var s,r,n,a=l.querySelectorAll('iframe[data-secret=\"'+t.secret+'\"]'),o=l.querySelectorAll('blockquote[data-secret=\"'+t.secret+'\"]'),c=new RegExp(\"^https?:$\",\"i\"),i=0;i<o.length;i++)o[i].style.display=\"none\";for(i=0;i<a.length;i++)s=a[i],e.source===s.contentWindow&&(s.removeAttribute(\"style\"),\"height\"===t.message?(1e3<(r=parseInt(t.value,10))?r=1e3:~~r<200&&(r=200),s.height=r):\"link\"===t.message&&(r=new URL(s.getAttribute(\"src\")),n=new URL(t.value),c.test(n.protocol))&&n.host===r.host&&l.activeElement===s&&(d.top.location.href=t.value))}},d.addEventListener(\"message\",d.wp.receiveEmbedMessage,!1),l.addEventListener(\"DOMContentLoaded\",function(){for(var e,t,s=l.querySelectorAll(\"iframe.wp-embedded-content\"),r=0;r<s.length;r++)(t=(e=s[r]).getAttribute(\"data-secret\"))||(t=Math.random().toString(36).substring(2,12),e.src+=\"#?secret=\"+t,e.setAttribute(\"data-secret\",t)),e.contentWindow.postMessage({message:\"ready\",secret:t},\"*\")},!1)))}(window,document);\n\/\/# sourceURL=https:\/\/akunq.net\/turkish\/wp-includes\/js\/wp-embed.min.js\n<\/script>\n","description":"\u00c7an\u00e7i, \u00c7an\u00e7ik, Cancik: Da\u011fl\u0131k Kilikya\u2019da bulunan bir kale. \u00c7an\u00e7i kalesi, S\u0131mbat Gundstab\u0131l taraf\u0131ndan Kiliya Ermeni kral\u0131 II. Levon\u2019un ta\u00e7 giymesiyle (1198) ilgili an\u0131lmaktad\u0131r. O d\u00f6nemlerde \u00c7an\u00e7i\u2019nin sahibi prens Kostandin olmu\u015ftur. 1268 y\u0131l\u0131nda \u00c7an\u00e7i\u2019nin sahibi olarak, \u00a0kral I. Hetum\u2019un o\u011flu Levon\u2019u esaretten kurtarmak i\u00e7in rehin olarak M\u0131s\u0131r\u2019a g\u00f6nderilmi\u015f olan prens Vasak\u2019\u0131n ad\u0131 ge\u00e7mektedir. \u011e. Ali\u015fan, \u00c7an\u00e7i\u2019nin [&hellip;]"}