{"version":"1.0","provider_name":"Bati Ermenistan Ve Bati Ermenileri Sorunlari Ara\u015ftirmalar Merkezi","provider_url":"https:\/\/akunq.net\/turkish","author_name":"kalem","author_url":"https:\/\/akunq.net\/turkish\/author\/kalem\/","title":"Berdak (Pertek, Dersim) - Bati Ermenistan Ve Bati Ermenileri Sorunlari Ara\u015ftirmalar Merkezi","type":"rich","width":600,"height":338,"html":"<blockquote class=\"wp-embedded-content\" data-secret=\"5U3EN06i1E\"><a href=\"https:\/\/akunq.net\/turkish\/2011\/07\/14\/berdak-pertek-dersim\/\">Berdak (Pertek, Dersim)<\/a><\/blockquote><iframe sandbox=\"allow-scripts\" security=\"restricted\" src=\"https:\/\/akunq.net\/turkish\/2011\/07\/14\/berdak-pertek-dersim\/embed\/#?secret=5U3EN06i1E\" width=\"600\" height=\"338\" title=\"&#8220;Berdak (Pertek, Dersim)&#8221; &#8212; Bati Ermenistan Ve Bati Ermenileri Sorunlari Ara\u015ftirmalar Merkezi\" data-secret=\"5U3EN06i1E\" frameborder=\"0\" marginwidth=\"0\" marginheight=\"0\" scrolling=\"no\" class=\"wp-embedded-content\"><\/iframe><script>\n\/*! This file is auto-generated *\/\n!function(d,l){\"use strict\";l.querySelector&&d.addEventListener&&\"undefined\"!=typeof URL&&(d.wp=d.wp||{},d.wp.receiveEmbedMessage||(d.wp.receiveEmbedMessage=function(e){var t=e.data;if((t||t.secret||t.message||t.value)&&!\/[^a-zA-Z0-9]\/.test(t.secret)){for(var s,r,n,a=l.querySelectorAll('iframe[data-secret=\"'+t.secret+'\"]'),o=l.querySelectorAll('blockquote[data-secret=\"'+t.secret+'\"]'),c=new RegExp(\"^https?:$\",\"i\"),i=0;i<o.length;i++)o[i].style.display=\"none\";for(i=0;i<a.length;i++)s=a[i],e.source===s.contentWindow&&(s.removeAttribute(\"style\"),\"height\"===t.message?(1e3<(r=parseInt(t.value,10))?r=1e3:~~r<200&&(r=200),s.height=r):\"link\"===t.message&&(r=new URL(s.getAttribute(\"src\")),n=new URL(t.value),c.test(n.protocol))&&n.host===r.host&&l.activeElement===s&&(d.top.location.href=t.value))}},d.addEventListener(\"message\",d.wp.receiveEmbedMessage,!1),l.addEventListener(\"DOMContentLoaded\",function(){for(var e,t,s=l.querySelectorAll(\"iframe.wp-embedded-content\"),r=0;r<s.length;r++)(t=(e=s[r]).getAttribute(\"data-secret\"))||(t=Math.random().toString(36).substring(2,12),e.src+=\"#?secret=\"+t,e.setAttribute(\"data-secret\",t)),e.contentWindow.postMessage({message:\"ready\",secret:t},\"*\")},!1)))}(window,document);\n\/\/# sourceURL=https:\/\/akunq.net\/turkish\/wp-includes\/js\/wp-embed.min.js\n<\/script>\n","description":"Berdak\u2019\u0131n antik tarihiyle ilgili veriler yoktur. Eski yerle\u015fimin, Berdak kalesi eteklerinde kurulu oldu\u011fu bilinmektedir. Eskiden bu b\u00f6lgede Urartular\u0131n ya\u015fad\u0131\u011f\u0131 bilinmektedir. B\u00f6lge, Urartulardan sonra Mu\u015fklara, Medyal\u0131lara, Farslara, Kapadokya Krall\u0131\u011f\u0131\u2019na, Ermeni Krall\u0131\u011f\u0131\u2019na, Romal\u0131lara ve Bizans egemenli\u011fine ge\u00e7mi\u015ftir. VII. y\u00fczy\u0131lda Arap sald\u0131r\u0131lar\u0131na maruz kalm\u0131\u015ft\u0131r. G\u00fcn\u00fcm\u00fczde Keban Baraj\u0131\u2019n\u0131n sular\u0131 alt\u0131nda kalm\u0131\u015f olan eski Berdak, farkl\u0131 d\u00f6nemlerde zoraki g\u00f6\u00e7lere tabi [&hellip;]"}