{"version":"1.0","provider_name":"Bati Ermenistan Ve Bati Ermenileri Sorunlari Ara\u015ftirmalar Merkezi","provider_url":"https:\/\/akunq.net\/turkish","author_name":"kalem","author_url":"https:\/\/akunq.net\/turkish\/author\/kalem\/","title":"Karkar - Bati Ermenistan Ve Bati Ermenileri Sorunlari Ara\u015ftirmalar Merkezi","type":"rich","width":600,"height":338,"html":"<blockquote class=\"wp-embedded-content\" data-secret=\"GVyDrJS1zk\"><a href=\"https:\/\/akunq.net\/turkish\/2011\/07\/06\/karkar\/\">Karkar<\/a><\/blockquote><iframe sandbox=\"allow-scripts\" security=\"restricted\" src=\"https:\/\/akunq.net\/turkish\/2011\/07\/06\/karkar\/embed\/#?secret=GVyDrJS1zk\" width=\"600\" height=\"338\" title=\"&#8220;Karkar&#8221; &#8212; Bati Ermenistan Ve Bati Ermenileri Sorunlari Ara\u015ftirmalar Merkezi\" data-secret=\"GVyDrJS1zk\" frameborder=\"0\" marginwidth=\"0\" marginheight=\"0\" scrolling=\"no\" class=\"wp-embedded-content\"><\/iframe><script>\n\/*! This file is auto-generated *\/\n!function(d,l){\"use strict\";l.querySelector&&d.addEventListener&&\"undefined\"!=typeof URL&&(d.wp=d.wp||{},d.wp.receiveEmbedMessage||(d.wp.receiveEmbedMessage=function(e){var t=e.data;if((t||t.secret||t.message||t.value)&&!\/[^a-zA-Z0-9]\/.test(t.secret)){for(var s,r,n,a=l.querySelectorAll('iframe[data-secret=\"'+t.secret+'\"]'),o=l.querySelectorAll('blockquote[data-secret=\"'+t.secret+'\"]'),c=new RegExp(\"^https?:$\",\"i\"),i=0;i<o.length;i++)o[i].style.display=\"none\";for(i=0;i<a.length;i++)s=a[i],e.source===s.contentWindow&&(s.removeAttribute(\"style\"),\"height\"===t.message?(1e3<(r=parseInt(t.value,10))?r=1e3:~~r<200&&(r=200),s.height=r):\"link\"===t.message&&(r=new URL(s.getAttribute(\"src\")),n=new URL(t.value),c.test(n.protocol))&&n.host===r.host&&l.activeElement===s&&(d.top.location.href=t.value))}},d.addEventListener(\"message\",d.wp.receiveEmbedMessage,!1),l.addEventListener(\"DOMContentLoaded\",function(){for(var e,t,s=l.querySelectorAll(\"iframe.wp-embedded-content\"),r=0;r<s.length;r++)(t=(e=s[r]).getAttribute(\"data-secret\"))||(t=Math.random().toString(36).substring(2,12),e.src+=\"#?secret=\"+t,e.setAttribute(\"data-secret\",t)),e.contentWindow.postMessage({message:\"ready\",secret:t},\"*\")},!1)))}(window,document);\n\/\/# sourceURL=https:\/\/akunq.net\/turkish\/wp-includes\/js\/wp-embed.min.js\n<\/script>\n","description":"Karkar: Bat\u0131 Ermenistan\u2019\u0131n Van Vilayeti\u2019nde, Van G\u00f6l\u00fc\u2019n\u00fcn g\u00fcneyinde, Karkar ve Kh\u0131ndzorut nehirleri vadisi aras\u0131nda bulunan da\u011fl\u0131k b\u00f6lge. Kas\u0131r dzor, Karala\u015f (Vorzasar), Ha\u011ft ve Sineg\u0131r zirveleri Karkar b\u00f6lgesi i\u00e7inde bulunmaktayd\u0131. B\u00fcy\u00fck Hayk\u2019\u0131n Vaspurakan Eyaleti\u2019nin R\u0131\u015ftunik b\u00f6lgesinin g\u00fcney k\u0131sm\u0131na denk d\u00fc\u015fmektedir. XVII. y\u00fczy\u0131l\u0131n 30\u2019lu y\u0131llar\u0131nda Karkar, Osmanl\u0131 \u0130mparatorlu\u011fu taraf\u0131ndan i\u015fgal edilmi\u015ftir. 1840\u2019l\u0131 y\u0131llara kadar Karkar\u2019\u0131n iki b\u00f6l\u00fcm\u00fc [&hellip;]"}