{"version":"1.0","provider_name":"Bati Ermenistan Ve Bati Ermenileri Sorunlari Ara\u015ftirmalar Merkezi","provider_url":"https:\/\/akunq.net\/turkish","author_name":"kalem","author_url":"https:\/\/akunq.net\/turkish\/author\/kalem\/","title":"S\u0131parket - Bati Ermenistan Ve Bati Ermenileri Sorunlari Ara\u015ftirmalar Merkezi","type":"rich","width":600,"height":338,"html":"<blockquote class=\"wp-embedded-content\" data-secret=\"MTwGTiX5Hi\"><a href=\"https:\/\/akunq.net\/turkish\/2011\/06\/29\/siparket\/\">S\u0131parket<\/a><\/blockquote><iframe sandbox=\"allow-scripts\" security=\"restricted\" src=\"https:\/\/akunq.net\/turkish\/2011\/06\/29\/siparket\/embed\/#?secret=MTwGTiX5Hi\" width=\"600\" height=\"338\" title=\"&#8220;S\u0131parket&#8221; &#8212; Bati Ermenistan Ve Bati Ermenileri Sorunlari Ara\u015ftirmalar Merkezi\" data-secret=\"MTwGTiX5Hi\" frameborder=\"0\" marginwidth=\"0\" marginheight=\"0\" scrolling=\"no\" class=\"wp-embedded-content\"><\/iframe><script>\n\/*! This file is auto-generated *\/\n!function(d,l){\"use strict\";l.querySelector&&d.addEventListener&&\"undefined\"!=typeof URL&&(d.wp=d.wp||{},d.wp.receiveEmbedMessage||(d.wp.receiveEmbedMessage=function(e){var t=e.data;if((t||t.secret||t.message||t.value)&&!\/[^a-zA-Z0-9]\/.test(t.secret)){for(var s,r,n,a=l.querySelectorAll('iframe[data-secret=\"'+t.secret+'\"]'),o=l.querySelectorAll('blockquote[data-secret=\"'+t.secret+'\"]'),c=new RegExp(\"^https?:$\",\"i\"),i=0;i<o.length;i++)o[i].style.display=\"none\";for(i=0;i<a.length;i++)s=a[i],e.source===s.contentWindow&&(s.removeAttribute(\"style\"),\"height\"===t.message?(1e3<(r=parseInt(t.value,10))?r=1e3:~~r<200&&(r=200),s.height=r):\"link\"===t.message&&(r=new URL(s.getAttribute(\"src\")),n=new URL(t.value),c.test(n.protocol))&&n.host===r.host&&l.activeElement===s&&(d.top.location.href=t.value))}},d.addEventListener(\"message\",d.wp.receiveEmbedMessage,!1),l.addEventListener(\"DOMContentLoaded\",function(){for(var e,t,s=l.querySelectorAll(\"iframe.wp-embedded-content\"),r=0;r<s.length;r++)(t=(e=s[r]).getAttribute(\"data-secret\"))||(t=Math.random().toString(36).substring(2,12),e.src+=\"#?secret=\"+t,e.setAttribute(\"data-secret\",t)),e.contentWindow.postMessage({message:\"ready\",secret:t},\"*\")},!1)))}(window,document);\n\/\/# sourceURL=https:\/\/akunq.net\/turkish\/wp-includes\/js\/wp-embed.min.js\n<\/script>\n","description":"S\u0131parket, S\u0131parkert, S\u0131paykert, S\u0131parket, \u0130spayit: Bitlis Vilayeti\u2019nde, Van G\u00f6l\u00fc\u2019n\u00fcn g\u00fcneyinde bulunan sancak. Sancak, Yukar\u0131, A\u015fa\u011f\u0131 ve N\u0131zar Kazalar\u0131na b\u00f6l\u00fcnm\u00fc\u015ft\u00fc. S\u0131parket\u2019in, B\u00fcy\u00fck Hayk\u2019\u0131n Mok Eyaleti\u2019nin \u0130\u015fkhots b\u00f6lgesine denk d\u00fc\u015ft\u00fc\u011f\u00fc varsay\u0131lmaktad\u0131r. Bu b\u00f6lgeyle ilgili ilk kay\u0131tlar (S\u0131parkert \u015fekliyle) XIV. y\u00fczy\u0131ldan kalmad\u0131r. 1555 Amasya Antla\u015fmas\u0131\u2019yla b\u00f6lge Osmanl\u0131 Devleti\u2019ne ge\u00e7mi\u015f ve XIX. y\u00fczy\u0131l ortalar\u0131na kadar Van Vilayeti\u2019nin sancaklar\u0131ndan biri [&hellip;]"}