{"version":"1.0","provider_name":"Bati Ermenistan Ve Bati Ermenileri Sorunlari Ara\u015ftirmalar Merkezi","provider_url":"https:\/\/akunq.net\/turkish","author_name":"kalem","author_url":"https:\/\/akunq.net\/turkish\/author\/kalem\/","title":"Taner Ak\u00e7am Erivan\u2019a geliyor - Bati Ermenistan Ve Bati Ermenileri Sorunlari Ara\u015ftirmalar Merkezi","type":"rich","width":600,"height":338,"html":"<blockquote class=\"wp-embedded-content\" data-secret=\"x54tAcC5F5\"><a href=\"https:\/\/akunq.net\/turkish\/2010\/12\/14\/taner-akcam-erivana-geliyor\/\">Taner Ak\u00e7am Erivan\u2019a geliyor<\/a><\/blockquote><iframe sandbox=\"allow-scripts\" security=\"restricted\" src=\"https:\/\/akunq.net\/turkish\/2010\/12\/14\/taner-akcam-erivana-geliyor\/embed\/#?secret=x54tAcC5F5\" width=\"600\" height=\"338\" title=\"&#8220;Taner Ak\u00e7am Erivan\u2019a geliyor&#8221; &#8212; Bati Ermenistan Ve Bati Ermenileri Sorunlari Ara\u015ftirmalar Merkezi\" data-secret=\"x54tAcC5F5\" frameborder=\"0\" marginwidth=\"0\" marginheight=\"0\" scrolling=\"no\" class=\"wp-embedded-content\"><\/iframe><script>\n\/*! This file is auto-generated *\/\n!function(d,l){\"use strict\";l.querySelector&&d.addEventListener&&\"undefined\"!=typeof URL&&(d.wp=d.wp||{},d.wp.receiveEmbedMessage||(d.wp.receiveEmbedMessage=function(e){var t=e.data;if((t||t.secret||t.message||t.value)&&!\/[^a-zA-Z0-9]\/.test(t.secret)){for(var s,r,n,a=l.querySelectorAll('iframe[data-secret=\"'+t.secret+'\"]'),o=l.querySelectorAll('blockquote[data-secret=\"'+t.secret+'\"]'),c=new RegExp(\"^https?:$\",\"i\"),i=0;i<o.length;i++)o[i].style.display=\"none\";for(i=0;i<a.length;i++)s=a[i],e.source===s.contentWindow&&(s.removeAttribute(\"style\"),\"height\"===t.message?(1e3<(r=parseInt(t.value,10))?r=1e3:~~r<200&&(r=200),s.height=r):\"link\"===t.message&&(r=new URL(s.getAttribute(\"src\")),n=new URL(t.value),c.test(n.protocol))&&n.host===r.host&&l.activeElement===s&&(d.top.location.href=t.value))}},d.addEventListener(\"message\",d.wp.receiveEmbedMessage,!1),l.addEventListener(\"DOMContentLoaded\",function(){for(var e,t,s=l.querySelectorAll(\"iframe.wp-embedded-content\"),r=0;r<s.length;r++)(t=(e=s[r]).getAttribute(\"data-secret\"))||(t=Math.random().toString(36).substring(2,12),e.src+=\"#?secret=\"+t,e.setAttribute(\"data-secret\",t)),e.contentWindow.postMessage({message:\"ready\",secret:t},\"*\")},!1)))}(window,document);\n\/\/# sourceURL=https:\/\/akunq.net\/turkish\/wp-includes\/js\/wp-embed.min.js\n<\/script>\n","description":"14-15 Aral\u0131k 2010 tarihleri aras\u0131nda Erivan\u2019da Ermeni Soyk\u0131r\u0131m\u0131 ve Birle\u015fmi\u015f Milletler\u2019in (BM) 1948 tarihli Soyk\u0131r\u0131m\u0131n \u00d6nlenmesi ve Cezaland\u0131r\u0131lmas\u0131 S\u00f6zle\u015fmesi ile ilgili bir konferans d\u00fczenlenecek. Ermenistan D\u0131\u015fi\u015fleri Bakanl\u0131\u011f\u0131 taraf\u0131ndan d\u00fczenlenecek \u201cSoyk\u0131r\u0131m su\u00e7unun \u00f6nlenmesi, cezaland\u0131r\u0131lmas\u0131 ve sonu\u00e7lar\u0131n\u0131n ortadan kald\u0131r\u0131lmas\u0131\u201d konulu konferansa 20 \u00fclkeden akademisyenler ve soyk\u0131r\u0131m uzmanlar\u0131 kat\u0131lacak. Konferansa \u00fcnl\u00fc T\u00fcrk tarih\u00e7i Taner Ak\u00e7am da kat\u0131lacak. Konferansta [&hellip;]","thumbnail_url":"https:\/\/akunq.net\/turkish\/wp-content\/uploads\/sites\/5\/2010\/12\/Taner-Akcam.jpg","thumbnail_width":307,"thumbnail_height":210}